{"id":1004,"date":"2024-01-09T14:17:47","date_gmt":"2024-01-09T13:17:47","guid":{"rendered":"https:\/\/www.mobilofficefurniture.it\/scrivanie-operative\/quadro\/"},"modified":"2024-01-16T09:58:14","modified_gmt":"2024-01-16T08:58:14","slug":"quadro","status":"publish","type":"page","link":"https:\/\/www.mobilofficefurniture.it\/fr\/bureaux-operationnels\/quadro\/","title":{"rendered":"quadro"},"content":{"rendered":"\n<div style=\"height:50px\" aria-hidden=\"true\" class=\"wp-block-spacer\"><\/div>\n\n\n\n<div class=\"wp-block-group is-style-container\">\n<h1 class=\"wp-block-heading is-style-BigTitle\">quadro<\/h1>\n\n\n\n<div style=\"height:10px\" aria-hidden=\"true\" class=\"wp-block-spacer\"><\/div>\n\n\n\n<p>Sobri\u00e9t\u00e9 \u00e9l\u00e9gante, multifonctionnalit\u00e9 vivante.<\/p>\n<\/div>\n\n\n\n<div style=\"height:40px\" aria-hidden=\"true\" class=\"wp-block-spacer\"><\/div>\n\n\n\n<div class=\"wp-block-group is-style-containerfluid\">\n<figure class=\"wp-block-image alignfull size-full\"><img loading=\"lazy\" decoding=\"async\" width=\"1920\" height=\"1357\" src=\"https:\/\/www.mobilofficefurniture.it\/wp-content\/uploads\/2024\/01\/Ambiente-Spagnol-Quadro-02.jpg\" alt=\"\" class=\"wp-image-127\" srcset=\"https:\/\/www.mobilofficefurniture.it\/wp-content\/uploads\/2024\/01\/Ambiente-Spagnol-Quadro-02.jpg 1920w, https:\/\/www.mobilofficefurniture.it\/wp-content\/uploads\/2024\/01\/Ambiente-Spagnol-Quadro-02-1600x1131.jpg 1600w, https:\/\/www.mobilofficefurniture.it\/wp-content\/uploads\/2024\/01\/Ambiente-Spagnol-Quadro-02-768x543.jpg 768w, https:\/\/www.mobilofficefurniture.it\/wp-content\/uploads\/2024\/01\/Ambiente-Spagnol-Quadro-02-1536x1086.jpg 1536w, https:\/\/www.mobilofficefurniture.it\/wp-content\/uploads\/2024\/01\/Ambiente-Spagnol-Quadro-02-600x424.jpg 600w\" sizes=\"auto, (max-width: 1920px) 100vw, 1920px\" \/><\/figure>\n<\/div>\n\n\n\n<div class=\"wp-block-group is-style-container NegativeMarginTop-5\">\n<div class=\"wp-block-columns are-vertically-aligned-center\">\n<div class=\"wp-block-column is-vertically-aligned-center\" style=\"flex-basis:33.33%\">\n<img decoding=\"async\" class=\"ArrowDownOnMobile\" src=\"\/wp-content\/uploads\/2024\/01\/arrow-down-black.svg\">\n\n\n\n<figure class=\"wp-block-image size-quad_small\"><img loading=\"lazy\" decoding=\"async\" width=\"600\" height=\"600\" src=\"https:\/\/www.mobilofficefurniture.it\/wp-content\/uploads\/2024\/01\/Dettaglio-Quadro-01-600x600.jpg\" alt=\"\" class=\"wp-image-137\" srcset=\"https:\/\/www.mobilofficefurniture.it\/wp-content\/uploads\/2024\/01\/Dettaglio-Quadro-01-600x600.jpg 600w, https:\/\/www.mobilofficefurniture.it\/wp-content\/uploads\/2024\/01\/Dettaglio-Quadro-01-150x150.jpg 150w, https:\/\/www.mobilofficefurniture.it\/wp-content\/uploads\/2024\/01\/Dettaglio-Quadro-01-1600x1600.jpg 1600w, https:\/\/www.mobilofficefurniture.it\/wp-content\/uploads\/2024\/01\/Dettaglio-Quadro-01-768x768.jpg 768w, https:\/\/www.mobilofficefurniture.it\/wp-content\/uploads\/2024\/01\/Dettaglio-Quadro-01-1536x1536.jpg 1536w, https:\/\/www.mobilofficefurniture.it\/wp-content\/uploads\/2024\/01\/Dettaglio-Quadro-01.jpg 1920w\" sizes=\"auto, (max-width: 600px) 100vw, 600px\" \/><\/figure>\n<\/div>\n\n\n\n<div class=\"wp-block-column is-vertically-aligned-center\" style=\"flex-basis:66.66%\">\n<p class=\"has-normal-font-size\">Gr\u00e2ce \u00e0 sa structure minimale, le bureau Quadro s\u2019adapte aux fonctions et au style de chaque environnement.<\/p>\n\n\n\n<p class=\"has-normal-font-size\">Les plans de travail permettent de recr\u00e9er des postes de travail simples \u00e0 des solutions multipi\u00e8ces\/stations de travail partag\u00e9es pour les op\u00e9rations de groupe et de r\u00e9union.<\/p>\n<\/div>\n<\/div>\n<\/div>\n\n\n\n<div style=\"height:50px\" aria-hidden=\"true\" class=\"wp-block-spacer\"><\/div>\n\n\n\n<div class=\"wp-block-group is-style-container\">\n<p class=\"has-text-align-center\"><strong>Metal<\/strong><\/p>\n\n\n\n<div style=\"height:20px\" aria-hidden=\"true\" class=\"wp-block-spacer\"><\/div>\n\n\n\n<div class=\"wp-block-group max-width-50 MarginAuto\">\n<div class=\"wp-block-columns\">\n<div class=\"wp-block-column\">\n<figure class=\"wp-block-image aligncenter size-full\"><img loading=\"lazy\" decoding=\"async\" width=\"115\" height=\"115\" src=\"https:\/\/www.mobilofficefurniture.it\/wp-content\/uploads\/2024\/01\/bianco.jpg\" alt=\"\" class=\"wp-image-294\"\/><\/figure>\n\n\n\n<p class=\"has-text-align-center\">blanc<\/p>\n<\/div>\n\n\n\n<div class=\"wp-block-column\">\n<figure class=\"wp-block-image aligncenter size-full\"><img loading=\"lazy\" decoding=\"async\" width=\"115\" height=\"115\" src=\"https:\/\/www.mobilofficefurniture.it\/wp-content\/uploads\/2024\/01\/antracite.jpg\" alt=\"\" class=\"wp-image-295\"\/><\/figure>\n\n\n\n<p class=\"has-text-align-center\">anthracite<\/p>\n<\/div>\n\n\n\n<div class=\"wp-block-column\">\n<figure class=\"wp-block-image aligncenter size-full\"><img loading=\"lazy\" decoding=\"async\" width=\"115\" height=\"115\" src=\"https:\/\/www.mobilofficefurniture.it\/wp-content\/uploads\/2024\/01\/colori-ral.jpg\" alt=\"\" class=\"wp-image-293\"\/><\/figure>\n\n\n\n<p class=\"has-text-align-center\">Couleurs RAL<\/p>\n<\/div>\n<\/div>\n<\/div>\n<\/div>\n\n\n\n<div style=\"height:50px\" aria-hidden=\"true\" class=\"wp-block-spacer\"><\/div>\n\n\n\n<div class=\"wp-block-group is-style-containerfluid\">\n<figure class=\"wp-block-image alignfull size-full\"><img loading=\"lazy\" decoding=\"async\" width=\"1920\" height=\"1357\" src=\"https:\/\/www.mobilofficefurniture.it\/wp-content\/uploads\/2024\/01\/Ambiente-Spagnol-Quadro-03.jpg\" alt=\"\" class=\"wp-image-128\" srcset=\"https:\/\/www.mobilofficefurniture.it\/wp-content\/uploads\/2024\/01\/Ambiente-Spagnol-Quadro-03.jpg 1920w, https:\/\/www.mobilofficefurniture.it\/wp-content\/uploads\/2024\/01\/Ambiente-Spagnol-Quadro-03-1600x1131.jpg 1600w, https:\/\/www.mobilofficefurniture.it\/wp-content\/uploads\/2024\/01\/Ambiente-Spagnol-Quadro-03-768x543.jpg 768w, https:\/\/www.mobilofficefurniture.it\/wp-content\/uploads\/2024\/01\/Ambiente-Spagnol-Quadro-03-1536x1086.jpg 1536w, https:\/\/www.mobilofficefurniture.it\/wp-content\/uploads\/2024\/01\/Ambiente-Spagnol-Quadro-03-600x424.jpg 600w\" sizes=\"auto, (max-width: 1920px) 100vw, 1920px\" \/><\/figure>\n<\/div>\n\n\n\n<div style=\"height:50px\" aria-hidden=\"true\" class=\"wp-block-spacer\"><\/div>\n\n\n\n<div class=\"wp-block-group is-style-container\">\n<div class=\"wp-block-columns\">\n<div class=\"wp-block-column\">\n<div class=\"wp-block-group max-width-80\">\n<p class=\"has-normal-font-size\">L\u2019espace de travail se dilate sans renoncer \u00e0 l\u2019esth\u00e9tique.<\/p>\n\n\n\n<p class=\"has-normal-font-size\">Des documents, mat\u00e9riaux et cartes toujours en ordre gr\u00e2ce aux \u00e9l\u00e9ments int\u00e9gr\u00e9s au syst\u00e8me. <\/p>\n<\/div>\n\n\n\n<div style=\"height:30px\" aria-hidden=\"true\" class=\"wp-block-spacer\"><\/div>\n\n\n\n<figure class=\"wp-block-image size-full\"><img loading=\"lazy\" decoding=\"async\" width=\"1920\" height=\"1440\" src=\"https:\/\/www.mobilofficefurniture.it\/wp-content\/uploads\/2024\/01\/Ambiente-Spagnol-Quadro-06_i3.jpg\" alt=\"\" class=\"wp-image-132\" srcset=\"https:\/\/www.mobilofficefurniture.it\/wp-content\/uploads\/2024\/01\/Ambiente-Spagnol-Quadro-06_i3.jpg 1920w, https:\/\/www.mobilofficefurniture.it\/wp-content\/uploads\/2024\/01\/Ambiente-Spagnol-Quadro-06_i3-200x150.jpg 200w, https:\/\/www.mobilofficefurniture.it\/wp-content\/uploads\/2024\/01\/Ambiente-Spagnol-Quadro-06_i3-1600x1200.jpg 1600w, https:\/\/www.mobilofficefurniture.it\/wp-content\/uploads\/2024\/01\/Ambiente-Spagnol-Quadro-06_i3-768x576.jpg 768w, https:\/\/www.mobilofficefurniture.it\/wp-content\/uploads\/2024\/01\/Ambiente-Spagnol-Quadro-06_i3-1536x1152.jpg 1536w, https:\/\/www.mobilofficefurniture.it\/wp-content\/uploads\/2024\/01\/Ambiente-Spagnol-Quadro-06_i3-800x600.jpg 800w, https:\/\/www.mobilofficefurniture.it\/wp-content\/uploads\/2024\/01\/Ambiente-Spagnol-Quadro-06_i3-600x450.jpg 600w\" sizes=\"auto, (max-width: 1920px) 100vw, 1920px\" \/><\/figure>\n<\/div>\n\n\n\n<div class=\"wp-block-column\">\n<figure class=\"wp-block-image size-full\"><img loading=\"lazy\" decoding=\"async\" width=\"1357\" height=\"1920\" src=\"https:\/\/www.mobilofficefurniture.it\/wp-content\/uploads\/2024\/01\/Ambiente-Spagnol-Quadro-04_i1.jpg\" alt=\"\" class=\"wp-image-129\" srcset=\"https:\/\/www.mobilofficefurniture.it\/wp-content\/uploads\/2024\/01\/Ambiente-Spagnol-Quadro-04_i1.jpg 1357w, https:\/\/www.mobilofficefurniture.it\/wp-content\/uploads\/2024\/01\/Ambiente-Spagnol-Quadro-04_i1-1131x1600.jpg 1131w, https:\/\/www.mobilofficefurniture.it\/wp-content\/uploads\/2024\/01\/Ambiente-Spagnol-Quadro-04_i1-768x1087.jpg 768w, https:\/\/www.mobilofficefurniture.it\/wp-content\/uploads\/2024\/01\/Ambiente-Spagnol-Quadro-04_i1-1086x1536.jpg 1086w, https:\/\/www.mobilofficefurniture.it\/wp-content\/uploads\/2024\/01\/Ambiente-Spagnol-Quadro-04_i1-424x600.jpg 424w\" sizes=\"auto, (max-width: 1357px) 100vw, 1357px\" \/><\/figure>\n<\/div>\n<\/div>\n\n\n\n<div class=\"wp-block-columns\">\n<div class=\"wp-block-column\" style=\"flex-basis:20%\"><\/div>\n\n\n\n<div class=\"wp-block-column\" style=\"flex-basis:80%\">\n<div class=\"wp-block-group max-width-80\">\n<figure class=\"wp-block-image size-full\"><img loading=\"lazy\" decoding=\"async\" width=\"1920\" height=\"1357\" src=\"https:\/\/www.mobilofficefurniture.it\/wp-content\/uploads\/2024\/01\/Ambiente-Spagnol-Quadro-07_i4-1.jpg\" alt=\"\" class=\"wp-image-133\" srcset=\"https:\/\/www.mobilofficefurniture.it\/wp-content\/uploads\/2024\/01\/Ambiente-Spagnol-Quadro-07_i4-1.jpg 1920w, https:\/\/www.mobilofficefurniture.it\/wp-content\/uploads\/2024\/01\/Ambiente-Spagnol-Quadro-07_i4-1-1600x1131.jpg 1600w, https:\/\/www.mobilofficefurniture.it\/wp-content\/uploads\/2024\/01\/Ambiente-Spagnol-Quadro-07_i4-1-768x543.jpg 768w, https:\/\/www.mobilofficefurniture.it\/wp-content\/uploads\/2024\/01\/Ambiente-Spagnol-Quadro-07_i4-1-1536x1086.jpg 1536w, https:\/\/www.mobilofficefurniture.it\/wp-content\/uploads\/2024\/01\/Ambiente-Spagnol-Quadro-07_i4-1-600x424.jpg 600w\" sizes=\"auto, (max-width: 1920px) 100vw, 1920px\" \/><\/figure>\n\n\n\n<div style=\"height:30px\" aria-hidden=\"true\" class=\"wp-block-spacer\"><\/div>\n\n\n\n<p class=\"has-normal-font-size\">De l\u2019op\u00e9rationnel au semi-directionnel, avec un style \u00e9l\u00e9gant et des finitions appropri\u00e9es.<\/p>\n\n\n\n<p class=\"has-normal-font-size\">Quadro permet de cr\u00e9er des postes de travail plus haut de gamme avec une grande coh\u00e9rence esth\u00e9tique et fonctionnelle.<\/p>\n<\/div>\n<\/div>\n<\/div>\n<\/div>\n\n\n\n<div style=\"height:40px\" aria-hidden=\"true\" class=\"wp-block-spacer\"><\/div>\n\n\n\n<div class=\"wp-block-group is-style-containerfluid\">\n<img decoding=\"async\" class=\"PositionAbsolute d-none d-lg-block\" src=\"\/wp-content\/uploads\/2024\/01\/arrow-right-black.svg\">\n\n\n\n<div class=\"wp-block-group max-width-80 ms-auto\">\n<div class=\"wp-block-columns\">\n<div class=\"wp-block-column\">\n<figure class=\"wp-block-image size-full\"><img loading=\"lazy\" decoding=\"async\" width=\"1357\" height=\"1920\" src=\"https:\/\/www.mobilofficefurniture.it\/wp-content\/uploads\/2024\/01\/Ambiente-Spagnol-Quadro-08_i30_0001.jpg\" alt=\"\" class=\"wp-image-134\" srcset=\"https:\/\/www.mobilofficefurniture.it\/wp-content\/uploads\/2024\/01\/Ambiente-Spagnol-Quadro-08_i30_0001.jpg 1357w, https:\/\/www.mobilofficefurniture.it\/wp-content\/uploads\/2024\/01\/Ambiente-Spagnol-Quadro-08_i30_0001-1131x1600.jpg 1131w, https:\/\/www.mobilofficefurniture.it\/wp-content\/uploads\/2024\/01\/Ambiente-Spagnol-Quadro-08_i30_0001-768x1087.jpg 768w, https:\/\/www.mobilofficefurniture.it\/wp-content\/uploads\/2024\/01\/Ambiente-Spagnol-Quadro-08_i30_0001-1086x1536.jpg 1086w, https:\/\/www.mobilofficefurniture.it\/wp-content\/uploads\/2024\/01\/Ambiente-Spagnol-Quadro-08_i30_0001-424x600.jpg 424w\" sizes=\"auto, (max-width: 1357px) 100vw, 1357px\" \/><\/figure>\n<\/div>\n\n\n\n<div class=\"wp-block-column\">\n<figure class=\"wp-block-image size-full\"><img loading=\"lazy\" decoding=\"async\" width=\"1920\" height=\"1920\" src=\"https:\/\/www.mobilofficefurniture.it\/wp-content\/uploads\/2024\/01\/Ambiente-Spagnol-Quadro-09_i31_0001.jpg\" alt=\"\" class=\"wp-image-135\" srcset=\"https:\/\/www.mobilofficefurniture.it\/wp-content\/uploads\/2024\/01\/Ambiente-Spagnol-Quadro-09_i31_0001.jpg 1920w, https:\/\/www.mobilofficefurniture.it\/wp-content\/uploads\/2024\/01\/Ambiente-Spagnol-Quadro-09_i31_0001-150x150.jpg 150w, https:\/\/www.mobilofficefurniture.it\/wp-content\/uploads\/2024\/01\/Ambiente-Spagnol-Quadro-09_i31_0001-1600x1600.jpg 1600w, https:\/\/www.mobilofficefurniture.it\/wp-content\/uploads\/2024\/01\/Ambiente-Spagnol-Quadro-09_i31_0001-768x768.jpg 768w, https:\/\/www.mobilofficefurniture.it\/wp-content\/uploads\/2024\/01\/Ambiente-Spagnol-Quadro-09_i31_0001-1536x1536.jpg 1536w, https:\/\/www.mobilofficefurniture.it\/wp-content\/uploads\/2024\/01\/Ambiente-Spagnol-Quadro-09_i31_0001-600x600.jpg 600w\" sizes=\"auto, (max-width: 1920px) 100vw, 1920px\" \/><\/figure>\n<\/div>\n<\/div>\n<\/div>\n<\/div>\n\n\n\n<div style=\"height:40px\" aria-hidden=\"true\" class=\"wp-block-spacer\"><\/div>\n\n\n\n<div class=\"wp-block-group is-style-containerfluid\">\n<figure class=\"wp-block-image alignfull size-full\"><img loading=\"lazy\" decoding=\"async\" width=\"1920\" height=\"1357\" src=\"https:\/\/www.mobilofficefurniture.it\/wp-content\/uploads\/2024\/01\/Ambiente-Spagnol-Quadro-10_i7.jpg\" alt=\"\" class=\"wp-image-136\" srcset=\"https:\/\/www.mobilofficefurniture.it\/wp-content\/uploads\/2024\/01\/Ambiente-Spagnol-Quadro-10_i7.jpg 1920w, https:\/\/www.mobilofficefurniture.it\/wp-content\/uploads\/2024\/01\/Ambiente-Spagnol-Quadro-10_i7-1600x1131.jpg 1600w, https:\/\/www.mobilofficefurniture.it\/wp-content\/uploads\/2024\/01\/Ambiente-Spagnol-Quadro-10_i7-768x543.jpg 768w, https:\/\/www.mobilofficefurniture.it\/wp-content\/uploads\/2024\/01\/Ambiente-Spagnol-Quadro-10_i7-1536x1086.jpg 1536w, https:\/\/www.mobilofficefurniture.it\/wp-content\/uploads\/2024\/01\/Ambiente-Spagnol-Quadro-10_i7-600x424.jpg 600w\" sizes=\"auto, (max-width: 1920px) 100vw, 1920px\" \/><\/figure>\n\n\n\n<div style=\"height:40px\" aria-hidden=\"true\" class=\"wp-block-spacer\"><\/div>\n\n\n\n<div class=\"wp-block-columns\">\n<div class=\"wp-block-column\">\n<p class=\"has-normal-font-size\">Des postes de travail simples ou multiples ; l\u2019utilisation du plan de travail est optimis\u00e9e par l\u2019utilisation d\u2019accessoires et de conteneurs qui aident \u00e0 travailler dans le confort, \u00e0 personnaliser l\u2019espace et \u00e0 r\u00e9soudre tous les besoins op\u00e9rationnels.<\/p>\n<\/div>\n\n\n\n<div class=\"wp-block-column\">\n<img decoding=\"async\" class=\"d-none d-lg-block\" src=\"\/wp-content\/uploads\/2024\/01\/arrow-left-black.svg\">\n<\/div>\n<\/div>\n<\/div>\n\n\n\n<div style=\"height:40px\" aria-hidden=\"true\" class=\"wp-block-spacer\"><\/div>\n\n\n\n<div class=\"wp-block-group is-style-containerfluid\">        <div class=\"CustomGalleryWrapper wrapper_custom_gallery-block_4d24e178d808766062026bf0e99733c8\">\r\n            <div id=\"custom_gallery-block_4d24e178d808766062026bf0e99733c8\" class=\"swiper custom_gallery\">\r\n                <div class=\"swiper-wrapper\">\r\n                                            <div class=\"swiper-slide\">\r\n                            <a href=\"https:\/\/www.mobilofficefurniture.it\/wp-content\/uploads\/2024\/01\/Dettaglio-Quadro-04.jpg\" data-fancybox=\"gallery_custom_gallery-block_4d24e178d808766062026bf0e99733c8\">\r\n                                <img srcset=\"https:\/\/www.mobilofficefurniture.it\/wp-content\/uploads\/2024\/01\/Dettaglio-Quadro-04-800x600.jpg\" loading=\"lazy\">\r\n                                <div class=\"swiper-lazy-preloader swiper-lazy-preloader-white\"><\/div>\r\n                            <\/a>\r\n                        <\/div>\r\n                                                <div class=\"swiper-slide\">\r\n                            <a href=\"https:\/\/www.mobilofficefurniture.it\/wp-content\/uploads\/2024\/01\/Dettaglio-Quadro-02.jpg\" data-fancybox=\"gallery_custom_gallery-block_4d24e178d808766062026bf0e99733c8\">\r\n                                <img srcset=\"https:\/\/www.mobilofficefurniture.it\/wp-content\/uploads\/2024\/01\/Dettaglio-Quadro-02-800x600.jpg\" loading=\"lazy\">\r\n                                <div class=\"swiper-lazy-preloader swiper-lazy-preloader-white\"><\/div>\r\n                            <\/a>\r\n                        <\/div>\r\n                                                <div class=\"swiper-slide\">\r\n                            <a href=\"https:\/\/www.mobilofficefurniture.it\/wp-content\/uploads\/2024\/01\/Dettaglio-Quadro-01.jpg\" data-fancybox=\"gallery_custom_gallery-block_4d24e178d808766062026bf0e99733c8\">\r\n                                <img srcset=\"https:\/\/www.mobilofficefurniture.it\/wp-content\/uploads\/2024\/01\/Dettaglio-Quadro-01-800x600.jpg\" loading=\"lazy\">\r\n                                <div class=\"swiper-lazy-preloader swiper-lazy-preloader-white\"><\/div>\r\n                            <\/a>\r\n                        <\/div>\r\n                                                <div class=\"swiper-slide\">\r\n                            <a href=\"https:\/\/www.mobilofficefurniture.it\/wp-content\/uploads\/2024\/01\/ADettaglio-Quadro-03.jpg\" data-fancybox=\"gallery_custom_gallery-block_4d24e178d808766062026bf0e99733c8\">\r\n                                <img srcset=\"https:\/\/www.mobilofficefurniture.it\/wp-content\/uploads\/2024\/01\/ADettaglio-Quadro-03-800x600.jpg\" loading=\"lazy\">\r\n                                <div class=\"swiper-lazy-preloader swiper-lazy-preloader-white\"><\/div>\r\n                            <\/a>\r\n                        <\/div>\r\n                                                <div class=\"swiper-slide\">\r\n                            <a href=\"https:\/\/www.mobilofficefurniture.it\/wp-content\/uploads\/2024\/01\/Ambiente-Spagnol-Quadro-05.jpg\" data-fancybox=\"gallery_custom_gallery-block_4d24e178d808766062026bf0e99733c8\">\r\n                                <img srcset=\"https:\/\/www.mobilofficefurniture.it\/wp-content\/uploads\/2024\/01\/Ambiente-Spagnol-Quadro-05-800x600.jpg\" loading=\"lazy\">\r\n                                <div class=\"swiper-lazy-preloader swiper-lazy-preloader-white\"><\/div>\r\n                            <\/a>\r\n                        <\/div>\r\n                                                <div class=\"swiper-slide\">\r\n                            <a href=\"https:\/\/www.mobilofficefurniture.it\/wp-content\/uploads\/2024\/01\/Ambiente-Spagnol-Quadro-05_i2.jpg\" data-fancybox=\"gallery_custom_gallery-block_4d24e178d808766062026bf0e99733c8\">\r\n                                <img srcset=\"https:\/\/www.mobilofficefurniture.it\/wp-content\/uploads\/2024\/01\/Ambiente-Spagnol-Quadro-05_i2-800x600.jpg\" loading=\"lazy\">\r\n                                <div class=\"swiper-lazy-preloader swiper-lazy-preloader-white\"><\/div>\r\n                            <\/a>\r\n                        <\/div>\r\n                                        <\/div>\r\n                <div class=\"previous-arrow\"><img decoding=\"async\" src=\"\/wp-content\/uploads\/2024\/01\/previous-arrow-swiper-brown.svg\"><\/div>\r\n                <div class=\"next-arrow\"><img decoding=\"async\" src=\"\/wp-content\/uploads\/2024\/01\/next-arrow-swiper-brown.svg\"><\/div>\r\n            <\/div>\r\n        <\/div>\r\n        <\/div>\n\n\n\n<div style=\"height:80px\" aria-hidden=\"true\" class=\"wp-block-spacer\"><\/div>\n\n\n\n<div class=\"wp-block-group is-style-container\">\t\t<div class=\"OtherChildrenPost\">\n\t\t\t<div class=\"OtherChildrenPost_Wrapper\">\n\t\t\t\t<div class=\"row align-items-center\">\n\t\t\t\t\t<div class=\"col-12 col-lg-auto d-none d-lg-block\">\n\t\t\t\t\t\t<img decoding=\"async\" src=\"\/wp-content\/uploads\/2024\/01\/arrow-right-black.svg\">\n\t\t\t\t\t<\/div>\n\t\t\t\t\t<div class=\"col-12 col-lg-auto d-block d-lg-none ArrowDownOnMobile\">\n\t\t\t\t\t\t<img decoding=\"async\" src=\"\/wp-content\/uploads\/2024\/01\/arrow-down-black.svg\">\n\t\t\t\t\t<\/div>\n\t\t\t\t\t<div class=\"col-12 col-lg-auto\">\n\t\t\t\t\t\t<div class=\"is-style-BigTitle\">\n\t\t\t\t\t\t\tAutres<br>produits\t\t\t\t\t\t<\/div>\n\t\t\t\t\t<\/div>\n\t\t\t\t\t<div class=\"col\">\n\t\t\t\t\t\t<div class=\"OtherChildrenPost_Content\">\n\t\t\t\t\t\t\t\t\t\t\t\t\t\t<div class=\"is_SingleChildrenPost\">\n\t\t\t\t\t\t\t\t\t<div class=\"is_SingleChildrenPost\">\n\t\t\t\t\t\t\t\t\t\t<a href=\"https:\/\/www.mobilofficefurniture.it\/fr\/bureaux-operationnels\/quadro\/\">\n\t\t\t\t\t\t\t\t\t\t\t<div class=\"childrenpost-detail-wrapper\">\n\t\t\t\t\t\t\t\t\t\t\t\t<div class=\"childrenpost-header\"><h3>quadro<\/h3><\/div>\n\t\t\t\t\t\t\t\t\t\t\t<\/div>\n\t\t\t\t\t\t\t\t\t\t<\/a>\n\t\t\t\t\t\t\t\t\t<\/div>\n\t\t\t\t\t\t\t\t<\/div>\n\t\t\t\t\t\t\t\t\t\t\t\t\t\t\t\t<div class=\"is_SingleChildrenPost\">\n\t\t\t\t\t\t\t\t\t<div class=\"is_SingleChildrenPost\">\n\t\t\t\t\t\t\t\t\t\t<a href=\"https:\/\/www.mobilofficefurniture.it\/fr\/bureaux-operationnels\/line\/\">\n\t\t\t\t\t\t\t\t\t\t\t<div class=\"childrenpost-detail-wrapper\">\n\t\t\t\t\t\t\t\t\t\t\t\t<div class=\"childrenpost-header\"><h3>line<\/h3><\/div>\n\t\t\t\t\t\t\t\t\t\t\t<\/div>\n\t\t\t\t\t\t\t\t\t\t<\/a>\n\t\t\t\t\t\t\t\t\t<\/div>\n\t\t\t\t\t\t\t\t<\/div>\n\t\t\t\t\t\t\t\t\t\t\t\t\t\t\t\t<div class=\"is_SingleChildrenPost\">\n\t\t\t\t\t\t\t\t\t<div class=\"is_SingleChildrenPost\">\n\t\t\t\t\t\t\t\t\t\t<a href=\"https:\/\/www.mobilofficefurniture.it\/fr\/bureaux-operationnels\/point2\/\">\n\t\t\t\t\t\t\t\t\t\t\t<div class=\"childrenpost-detail-wrapper\">\n\t\t\t\t\t\t\t\t\t\t\t\t<div class=\"childrenpost-header\"><h3>point2<\/h3><\/div>\n\t\t\t\t\t\t\t\t\t\t\t<\/div>\n\t\t\t\t\t\t\t\t\t\t<\/a>\n\t\t\t\t\t\t\t\t\t<\/div>\n\t\t\t\t\t\t\t\t<\/div>\n\t\t\t\t\t\t\t\t\t\t\t\t\t\t\t\t<div class=\"is_SingleChildrenPost\">\n\t\t\t\t\t\t\t\t\t<div class=\"is_SingleChildrenPost\">\n\t\t\t\t\t\t\t\t\t\t<a href=\"https:\/\/www.mobilofficefurniture.it\/fr\/bureaux-operationnels\/t_cube\/\">\n\t\t\t\t\t\t\t\t\t\t\t<div class=\"childrenpost-detail-wrapper\">\n\t\t\t\t\t\t\t\t\t\t\t\t<div class=\"childrenpost-header\"><h3>t_cube<\/h3><\/div>\n\t\t\t\t\t\t\t\t\t\t\t<\/div>\n\t\t\t\t\t\t\t\t\t\t<\/a>\n\t\t\t\t\t\t\t\t\t<\/div>\n\t\t\t\t\t\t\t\t<\/div>\n\t\t\t\t\t\t\t\t\t\t\t\t\t\t\t\t<div class=\"is_SingleChildrenPost\">\n\t\t\t\t\t\t\t\t\t<div class=\"is_SingleChildrenPost\">\n\t\t\t\t\t\t\t\t\t\t<a href=\"https:\/\/www.mobilofficefurniture.it\/fr\/bureaux-operationnels\/sketch2\/\">\n\t\t\t\t\t\t\t\t\t\t\t<div class=\"childrenpost-detail-wrapper\">\n\t\t\t\t\t\t\t\t\t\t\t\t<div class=\"childrenpost-header\"><h3>sketch2<\/h3><\/div>\n\t\t\t\t\t\t\t\t\t\t\t<\/div>\n\t\t\t\t\t\t\t\t\t\t<\/a>\n\t\t\t\t\t\t\t\t\t<\/div>\n\t\t\t\t\t\t\t\t<\/div>\n\t\t\t\t\t\t\t\t\t\t\t\t\t\t\t\t<div class=\"is_SingleChildrenPost\">\n\t\t\t\t\t\t\t\t\t<div class=\"is_SingleChildrenPost\">\n\t\t\t\t\t\t\t\t\t\t<a href=\"https:\/\/www.mobilofficefurniture.it\/fr\/bureaux-operationnels\/krin\/\">\n\t\t\t\t\t\t\t\t\t\t\t<div class=\"childrenpost-detail-wrapper\">\n\t\t\t\t\t\t\t\t\t\t\t\t<div class=\"childrenpost-header\"><h3>krin<\/h3><\/div>\n\t\t\t\t\t\t\t\t\t\t\t<\/div>\n\t\t\t\t\t\t\t\t\t\t<\/a>\n\t\t\t\t\t\t\t\t\t<\/div>\n\t\t\t\t\t\t\t\t<\/div>\n\t\t\t\t\t\t\t\t\t\t\t\t\t\t<\/div>\n\t\t\t\t\t<\/div>\n\t\t\t\t<\/div>\n\t\t\t<\/div>\n\t\t<\/div>\n\t\t\n<\/div>\n\n\n\n<div style=\"height:80px\" aria-hidden=\"true\" class=\"wp-block-spacer\"><\/div>\n\n\n\n<div class=\"wp-block-cover alignfull\"><span aria-hidden=\"true\" class=\"wp-block-cover__background has-background-dim-80 has-background-dim\"><\/span><img loading=\"lazy\" decoding=\"async\" width=\"1920\" height=\"900\" class=\"wp-block-cover__image-background wp-image-103\" alt=\"\" src=\"https:\/\/www.mobilofficefurniture.it\/wp-content\/uploads\/2024\/01\/Scrivanie-operative-header.jpg\" data-object-fit=\"cover\" srcset=\"https:\/\/www.mobilofficefurniture.it\/wp-content\/uploads\/2024\/01\/Scrivanie-operative-header.jpg 1920w, https:\/\/www.mobilofficefurniture.it\/wp-content\/uploads\/2024\/01\/Scrivanie-operative-header-1600x750.jpg 1600w, https:\/\/www.mobilofficefurniture.it\/wp-content\/uploads\/2024\/01\/Scrivanie-operative-header-768x360.jpg 768w, https:\/\/www.mobilofficefurniture.it\/wp-content\/uploads\/2024\/01\/Scrivanie-operative-header-1536x720.jpg 1536w, https:\/\/www.mobilofficefurniture.it\/wp-content\/uploads\/2024\/01\/Scrivanie-operative-header-600x281.jpg 600w\" sizes=\"auto, (max-width: 1920px) 100vw, 1920px\" \/><div class=\"wp-block-cover__inner-container\">\n<div class=\"wp-block-group is-style-container\">\n<div style=\"height:40px\" aria-hidden=\"true\" class=\"wp-block-spacer\"><\/div>\n\n\n\n<p class=\"is-style-BigTitle\">Ces produits vous int\u00e9ressent ?<\/p>\n\n\n\n<div style=\"height:5px\" aria-hidden=\"true\" class=\"wp-block-spacer\"><\/div>\n\n\n\n<p>\u00c9crivez-nous ici et nous vous donnerons toutes les informations que vous recherchez<\/p>\n\n\n\n<div class=\"wp-block-group max-width-70\">\n<div class=\"wp-block-contact-form-7-contact-form-selector\">\n<div class=\"wpcf7 no-js\" id=\"wpcf7-f990-o1\" lang=\"fr-FR\" dir=\"ltr\" data-wpcf7-id=\"990\">\n<div class=\"screen-reader-response\"><p role=\"status\" aria-live=\"polite\" aria-atomic=\"true\"><\/p> <ul><\/ul><\/div>\n<form action=\"\/fr\/wp-json\/wp\/v2\/pages\/1004#wpcf7-f990-o1\" method=\"post\" class=\"wpcf7-form init\" aria-label=\"Formulaire de contact\" novalidate=\"novalidate\" data-status=\"init\">\n<fieldset class=\"hidden-fields-container\"><input type=\"hidden\" name=\"_wpcf7\" value=\"990\" \/><input type=\"hidden\" name=\"_wpcf7_version\" value=\"6.1.5\" \/><input type=\"hidden\" name=\"_wpcf7_locale\" value=\"fr_FR\" \/><input type=\"hidden\" name=\"_wpcf7_unit_tag\" value=\"wpcf7-f990-o1\" \/><input type=\"hidden\" name=\"_wpcf7_container_post\" value=\"0\" \/><input type=\"hidden\" name=\"_wpcf7_posted_data_hash\" value=\"\" \/>\n<\/fieldset>\n<p><a href=\"mailto:info@mobilofficefurniture.it\" style=\"color:#FFF;\">info@mobilofficefurniture.it<\/a>\n<\/p><div class=\"wpcf7-response-output\" aria-hidden=\"true\"><\/div>\n<\/form>\n<\/div>\n<\/div>\n<\/div>\n\n\n\n<div style=\"height:40px\" aria-hidden=\"true\" class=\"wp-block-spacer\"><\/div>\n<\/div>\n<\/div><\/div>\n","protected":false},"excerpt":{"rendered":"<p>Sobri\u00e9t\u00e9 \u00e9l\u00e9gante, multifonctionnalit\u00e9 vivante.<\/p>\n","protected":false},"author":1,"featured_media":707,"parent":1002,"menu_order":2,"comment_status":"closed","ping_status":"closed","template":"","meta":{"_acf_changed":false,"inline_featured_image":false,"footnotes":""},"class_list":["post-1004","page","type-page","status-publish","has-post-thumbnail","hentry"],"acf":[],"yoast_head":"<title>Mobil Office Furniture - quadro<\/title>\n<meta name=\"description\" content=\"Gr\u00e2ce \u00e0 sa structure minimale, le bureau Quadro s\u2019adapte aux fonctions et au style de chaque environnement. Les plans de travail permettent de recr\u00e9er des postes de travail simples \u00e0 des solutions multipi\u00e8ces\/stations de travail partag\u00e9es pour les op\u00e9rations de groupe et de r\u00e9union. L\u2019espace de travail se dilate sans renoncer \u00e0 l\u2019esth\u00e9tique. Des documents, mat\u00e9riaux et cartes toujours en ordre gr\u00e2ce aux \u00e9l\u00e9ments int\u00e9gr\u00e9s au syst\u00e8me.\" \/>\n<meta name=\"robots\" content=\"index, follow, max-snippet:-1, max-image-preview:large, max-video-preview:-1\" \/>\n<link rel=\"canonical\" href=\"https:\/\/www.mobilofficefurniture.it\/fr\/bureaux-operationnels\/quadro\/\" \/>\n<meta property=\"og:locale\" content=\"fr_FR\" \/>\n<meta property=\"og:type\" content=\"article\" \/>\n<meta property=\"og:title\" content=\"Mobil Office Furniture - quadro\" \/>\n<meta property=\"og:description\" content=\"Gr\u00e2ce \u00e0 sa structure minimale, le bureau Quadro s\u2019adapte aux fonctions et au style de chaque environnement. Les plans de travail permettent de recr\u00e9er des postes de travail simples \u00e0 des solutions multipi\u00e8ces\/stations de travail partag\u00e9es pour les op\u00e9rations de groupe et de r\u00e9union. L\u2019espace de travail se dilate sans renoncer \u00e0 l\u2019esth\u00e9tique. Des documents, mat\u00e9riaux et cartes toujours en ordre gr\u00e2ce aux \u00e9l\u00e9ments int\u00e9gr\u00e9s au syst\u00e8me.\" \/>\n<meta property=\"og:url\" content=\"https:\/\/www.mobilofficefurniture.it\/fr\/bureaux-operationnels\/quadro\/\" \/>\n<meta property=\"og:site_name\" content=\"Mobil Office Furniture\" \/>\n<meta property=\"article:modified_time\" content=\"2024-01-16T08:58:14+00:00\" \/>\n<meta property=\"og:image\" content=\"https:\/\/www.mobilofficefurniture.it\/wp-content\/uploads\/2024\/01\/Ambiente-Spagnol-Quadro-01.jpg\" \/>\n\t<meta property=\"og:image:width\" content=\"1358\" \/>\n\t<meta property=\"og:image:height\" content=\"1920\" \/>\n\t<meta property=\"og:image:type\" content=\"image\/jpeg\" \/>\n<meta name=\"twitter:card\" content=\"summary_large_image\" \/>\n<meta name=\"twitter:label1\" content=\"Dur\u00e9e de lecture estim\u00e9e\" \/>\n\t<meta name=\"twitter:data1\" content=\"5 minutes\" \/>\n<script type=\"application\/ld+json\" class=\"yoast-schema-graph\">{\"@context\":\"https:\/\/schema.org\",\"@graph\":[{\"@type\":\"WebPage\",\"@id\":\"https:\/\/www.mobilofficefurniture.it\/fr\/bureaux-operationnels\/quadro\/\",\"url\":\"https:\/\/www.mobilofficefurniture.it\/fr\/bureaux-operationnels\/quadro\/\",\"name\":\"Mobil Office Furniture - quadro\",\"isPartOf\":{\"@id\":\"https:\/\/www.mobilofficefurniture.it\/fr\/#website\"},\"primaryImageOfPage\":{\"@id\":\"https:\/\/www.mobilofficefurniture.it\/fr\/bureaux-operationnels\/quadro\/#primaryimage\"},\"image\":{\"@id\":\"https:\/\/www.mobilofficefurniture.it\/fr\/bureaux-operationnels\/quadro\/#primaryimage\"},\"thumbnailUrl\":\"https:\/\/www.mobilofficefurniture.it\/wp-content\/uploads\/2024\/01\/Ambiente-Spagnol-Quadro-01.jpg\",\"datePublished\":\"2024-01-09T13:17:47+00:00\",\"dateModified\":\"2024-01-16T08:58:14+00:00\",\"description\":\"Gr\u00e2ce \u00e0 sa structure minimale, le bureau Quadro s\u2019adapte aux fonctions et au style de chaque environnement. Les plans de travail permettent de recr\u00e9er des postes de travail simples \u00e0 des solutions multipi\u00e8ces\/stations de travail partag\u00e9es pour les op\u00e9rations de groupe et de r\u00e9union. L\u2019espace de travail se dilate sans renoncer \u00e0 l\u2019esth\u00e9tique. Des documents, mat\u00e9riaux et cartes toujours en ordre gr\u00e2ce aux \u00e9l\u00e9ments int\u00e9gr\u00e9s au syst\u00e8me.\",\"breadcrumb\":{\"@id\":\"https:\/\/www.mobilofficefurniture.it\/fr\/bureaux-operationnels\/quadro\/#breadcrumb\"},\"inLanguage\":\"fr-FR\",\"potentialAction\":[{\"@type\":\"ReadAction\",\"target\":[\"https:\/\/www.mobilofficefurniture.it\/fr\/bureaux-operationnels\/quadro\/\"]}]},{\"@type\":\"ImageObject\",\"inLanguage\":\"fr-FR\",\"@id\":\"https:\/\/www.mobilofficefurniture.it\/fr\/bureaux-operationnels\/quadro\/#primaryimage\",\"url\":\"https:\/\/www.mobilofficefurniture.it\/wp-content\/uploads\/2024\/01\/Ambiente-Spagnol-Quadro-01.jpg\",\"contentUrl\":\"https:\/\/www.mobilofficefurniture.it\/wp-content\/uploads\/2024\/01\/Ambiente-Spagnol-Quadro-01.jpg\",\"width\":1358,\"height\":1920,\"caption\":\"Ambiente Spagnol Quadro 01_F51Mod.tif\"},{\"@type\":\"BreadcrumbList\",\"@id\":\"https:\/\/www.mobilofficefurniture.it\/fr\/bureaux-operationnels\/quadro\/#breadcrumb\",\"itemListElement\":[{\"@type\":\"ListItem\",\"position\":1,\"name\":\"Home\",\"item\":\"https:\/\/www.mobilofficefurniture.it\/fr\/\"},{\"@type\":\"ListItem\",\"position\":2,\"name\":\"Bureaux op\u00e9rationnels\",\"item\":\"https:\/\/www.mobilofficefurniture.it\/fr\/bureaux-operationnels\/\"},{\"@type\":\"ListItem\",\"position\":3,\"name\":\"quadro\"}]},{\"@type\":\"WebSite\",\"@id\":\"https:\/\/www.mobilofficefurniture.it\/fr\/#website\",\"url\":\"https:\/\/www.mobilofficefurniture.it\/fr\/\",\"name\":\"Mobile Office Furniture\",\"description\":\"Sistemi d\u2019arredo per uffici direzionali e operativi\",\"publisher\":{\"@id\":\"https:\/\/www.mobilofficefurniture.it\/fr\/#organization\"},\"alternateName\":\"Mobile Office Furniture - Sistemi d\u2019arredo per uffici direzionali e operativi\",\"potentialAction\":[{\"@type\":\"SearchAction\",\"target\":{\"@type\":\"EntryPoint\",\"urlTemplate\":\"https:\/\/www.mobilofficefurniture.it\/fr\/?s={search_term_string}\"},\"query-input\":{\"@type\":\"PropertyValueSpecification\",\"valueRequired\":true,\"valueName\":\"search_term_string\"}}],\"inLanguage\":\"fr-FR\"},{\"@type\":\"Organization\",\"@id\":\"https:\/\/www.mobilofficefurniture.it\/fr\/#organization\",\"name\":\"Mobile Office Furniture\",\"url\":\"https:\/\/www.mobilofficefurniture.it\/fr\/\",\"logo\":{\"@type\":\"ImageObject\",\"inLanguage\":\"fr-FR\",\"@id\":\"https:\/\/www.mobilofficefurniture.it\/fr\/#\/schema\/logo\/image\/\",\"url\":\"https:\/\/www.mobilofficefurniture.it\/wp-content\/uploads\/2024\/01\/mobilofficefurniture-logo.svg\",\"contentUrl\":\"https:\/\/www.mobilofficefurniture.it\/wp-content\/uploads\/2024\/01\/mobilofficefurniture-logo.svg\",\"width\":300,\"height\":32,\"caption\":\"Mobile Office Furniture\"},\"image\":{\"@id\":\"https:\/\/www.mobilofficefurniture.it\/fr\/#\/schema\/logo\/image\/\"}}]}<\/script>","yoast_head_json":{"title":"Mobil Office Furniture - quadro","description":"Gr\u00e2ce \u00e0 sa structure minimale, le bureau Quadro s\u2019adapte aux fonctions et au style de chaque environnement. Les plans de travail permettent de recr\u00e9er des postes de travail simples \u00e0 des solutions multipi\u00e8ces\/stations de travail partag\u00e9es pour les op\u00e9rations de groupe et de r\u00e9union. L\u2019espace de travail se dilate sans renoncer \u00e0 l\u2019esth\u00e9tique. Des documents, mat\u00e9riaux et cartes toujours en ordre gr\u00e2ce aux \u00e9l\u00e9ments int\u00e9gr\u00e9s au syst\u00e8me.","robots":{"index":"index","follow":"follow","max-snippet":"max-snippet:-1","max-image-preview":"max-image-preview:large","max-video-preview":"max-video-preview:-1"},"canonical":"https:\/\/www.mobilofficefurniture.it\/fr\/bureaux-operationnels\/quadro\/","og_locale":"fr_FR","og_type":"article","og_title":"Mobil Office Furniture - quadro","og_description":"Gr\u00e2ce \u00e0 sa structure minimale, le bureau Quadro s\u2019adapte aux fonctions et au style de chaque environnement. Les plans de travail permettent de recr\u00e9er des postes de travail simples \u00e0 des solutions multipi\u00e8ces\/stations de travail partag\u00e9es pour les op\u00e9rations de groupe et de r\u00e9union. L\u2019espace de travail se dilate sans renoncer \u00e0 l\u2019esth\u00e9tique. Des documents, mat\u00e9riaux et cartes toujours en ordre gr\u00e2ce aux \u00e9l\u00e9ments int\u00e9gr\u00e9s au syst\u00e8me.","og_url":"https:\/\/www.mobilofficefurniture.it\/fr\/bureaux-operationnels\/quadro\/","og_site_name":"Mobil Office Furniture","article_modified_time":"2024-01-16T08:58:14+00:00","og_image":[{"width":1358,"height":1920,"url":"https:\/\/www.mobilofficefurniture.it\/wp-content\/uploads\/2024\/01\/Ambiente-Spagnol-Quadro-01.jpg","type":"image\/jpeg"}],"twitter_card":"summary_large_image","twitter_misc":{"Dur\u00e9e de lecture estim\u00e9e":"5 minutes"},"schema":{"@context":"https:\/\/schema.org","@graph":[{"@type":"WebPage","@id":"https:\/\/www.mobilofficefurniture.it\/fr\/bureaux-operationnels\/quadro\/","url":"https:\/\/www.mobilofficefurniture.it\/fr\/bureaux-operationnels\/quadro\/","name":"Mobil Office Furniture - quadro","isPartOf":{"@id":"https:\/\/www.mobilofficefurniture.it\/fr\/#website"},"primaryImageOfPage":{"@id":"https:\/\/www.mobilofficefurniture.it\/fr\/bureaux-operationnels\/quadro\/#primaryimage"},"image":{"@id":"https:\/\/www.mobilofficefurniture.it\/fr\/bureaux-operationnels\/quadro\/#primaryimage"},"thumbnailUrl":"https:\/\/www.mobilofficefurniture.it\/wp-content\/uploads\/2024\/01\/Ambiente-Spagnol-Quadro-01.jpg","datePublished":"2024-01-09T13:17:47+00:00","dateModified":"2024-01-16T08:58:14+00:00","description":"Gr\u00e2ce \u00e0 sa structure minimale, le bureau Quadro s\u2019adapte aux fonctions et au style de chaque environnement. Les plans de travail permettent de recr\u00e9er des postes de travail simples \u00e0 des solutions multipi\u00e8ces\/stations de travail partag\u00e9es pour les op\u00e9rations de groupe et de r\u00e9union. L\u2019espace de travail se dilate sans renoncer \u00e0 l\u2019esth\u00e9tique. Des documents, mat\u00e9riaux et cartes toujours en ordre gr\u00e2ce aux \u00e9l\u00e9ments int\u00e9gr\u00e9s au syst\u00e8me.","breadcrumb":{"@id":"https:\/\/www.mobilofficefurniture.it\/fr\/bureaux-operationnels\/quadro\/#breadcrumb"},"inLanguage":"fr-FR","potentialAction":[{"@type":"ReadAction","target":["https:\/\/www.mobilofficefurniture.it\/fr\/bureaux-operationnels\/quadro\/"]}]},{"@type":"ImageObject","inLanguage":"fr-FR","@id":"https:\/\/www.mobilofficefurniture.it\/fr\/bureaux-operationnels\/quadro\/#primaryimage","url":"https:\/\/www.mobilofficefurniture.it\/wp-content\/uploads\/2024\/01\/Ambiente-Spagnol-Quadro-01.jpg","contentUrl":"https:\/\/www.mobilofficefurniture.it\/wp-content\/uploads\/2024\/01\/Ambiente-Spagnol-Quadro-01.jpg","width":1358,"height":1920,"caption":"Ambiente Spagnol Quadro 01_F51Mod.tif"},{"@type":"BreadcrumbList","@id":"https:\/\/www.mobilofficefurniture.it\/fr\/bureaux-operationnels\/quadro\/#breadcrumb","itemListElement":[{"@type":"ListItem","position":1,"name":"Home","item":"https:\/\/www.mobilofficefurniture.it\/fr\/"},{"@type":"ListItem","position":2,"name":"Bureaux op\u00e9rationnels","item":"https:\/\/www.mobilofficefurniture.it\/fr\/bureaux-operationnels\/"},{"@type":"ListItem","position":3,"name":"quadro"}]},{"@type":"WebSite","@id":"https:\/\/www.mobilofficefurniture.it\/fr\/#website","url":"https:\/\/www.mobilofficefurniture.it\/fr\/","name":"Mobile Office Furniture","description":"Sistemi d\u2019arredo per uffici direzionali e operativi","publisher":{"@id":"https:\/\/www.mobilofficefurniture.it\/fr\/#organization"},"alternateName":"Mobile Office Furniture - Sistemi d\u2019arredo per uffici direzionali e operativi","potentialAction":[{"@type":"SearchAction","target":{"@type":"EntryPoint","urlTemplate":"https:\/\/www.mobilofficefurniture.it\/fr\/?s={search_term_string}"},"query-input":{"@type":"PropertyValueSpecification","valueRequired":true,"valueName":"search_term_string"}}],"inLanguage":"fr-FR"},{"@type":"Organization","@id":"https:\/\/www.mobilofficefurniture.it\/fr\/#organization","name":"Mobile Office Furniture","url":"https:\/\/www.mobilofficefurniture.it\/fr\/","logo":{"@type":"ImageObject","inLanguage":"fr-FR","@id":"https:\/\/www.mobilofficefurniture.it\/fr\/#\/schema\/logo\/image\/","url":"https:\/\/www.mobilofficefurniture.it\/wp-content\/uploads\/2024\/01\/mobilofficefurniture-logo.svg","contentUrl":"https:\/\/www.mobilofficefurniture.it\/wp-content\/uploads\/2024\/01\/mobilofficefurniture-logo.svg","width":300,"height":32,"caption":"Mobile Office Furniture"},"image":{"@id":"https:\/\/www.mobilofficefurniture.it\/fr\/#\/schema\/logo\/image\/"}}]}},"_links":{"self":[{"href":"https:\/\/www.mobilofficefurniture.it\/fr\/wp-json\/wp\/v2\/pages\/1004","targetHints":{"allow":["GET"]}}],"collection":[{"href":"https:\/\/www.mobilofficefurniture.it\/fr\/wp-json\/wp\/v2\/pages"}],"about":[{"href":"https:\/\/www.mobilofficefurniture.it\/fr\/wp-json\/wp\/v2\/types\/page"}],"author":[{"embeddable":true,"href":"https:\/\/www.mobilofficefurniture.it\/fr\/wp-json\/wp\/v2\/users\/1"}],"replies":[{"embeddable":true,"href":"https:\/\/www.mobilofficefurniture.it\/fr\/wp-json\/wp\/v2\/comments?post=1004"}],"version-history":[{"count":2,"href":"https:\/\/www.mobilofficefurniture.it\/fr\/wp-json\/wp\/v2\/pages\/1004\/revisions"}],"predecessor-version":[{"id":1155,"href":"https:\/\/www.mobilofficefurniture.it\/fr\/wp-json\/wp\/v2\/pages\/1004\/revisions\/1155"}],"up":[{"embeddable":true,"href":"https:\/\/www.mobilofficefurniture.it\/fr\/wp-json\/wp\/v2\/pages\/1002"}],"wp:featuredmedia":[{"embeddable":true,"href":"https:\/\/www.mobilofficefurniture.it\/fr\/wp-json\/wp\/v2\/media\/707"}],"wp:attachment":[{"href":"https:\/\/www.mobilofficefurniture.it\/fr\/wp-json\/wp\/v2\/media?parent=1004"}],"curies":[{"name":"wp","href":"https:\/\/api.w.org\/{rel}","templated":true}]}}