{"id":1006,"date":"2024-01-09T14:34:03","date_gmt":"2024-01-09T13:34:03","guid":{"rendered":"https:\/\/www.mobilofficefurniture.it\/scrivanie-operative\/line\/"},"modified":"2024-01-16T10:01:31","modified_gmt":"2024-01-16T09:01:31","slug":"line","status":"publish","type":"page","link":"https:\/\/www.mobilofficefurniture.it\/fr\/bureaux-operationnels\/line\/","title":{"rendered":"line"},"content":{"rendered":"\n<div style=\"height:50px\" aria-hidden=\"true\" class=\"wp-block-spacer\"><\/div>\n\n\n\n<div class=\"wp-block-group is-style-container\">\n<h1 class=\"wp-block-heading is-style-BigTitle\">line<\/h1>\n\n\n\n<div style=\"height:10px\" aria-hidden=\"true\" class=\"wp-block-spacer\"><\/div>\n\n\n\n<p>Table Line: ergonomie essentielle, \u00e9l\u00e9gance \u00e9ternelle.<\/p>\n<\/div>\n\n\n\n<div style=\"height:40px\" aria-hidden=\"true\" class=\"wp-block-spacer\"><\/div>\n\n\n\n<div class=\"wp-block-group is-style-containerfluid\">\n<figure class=\"wp-block-image alignfull size-full\"><img loading=\"lazy\" decoding=\"async\" width=\"1920\" height=\"1358\" src=\"https:\/\/www.mobilofficefurniture.it\/wp-content\/uploads\/2024\/01\/Ambiente-Spagnol-30_30_7-crop_i9_0003.jpg\" alt=\"\" class=\"wp-image-148\" srcset=\"https:\/\/www.mobilofficefurniture.it\/wp-content\/uploads\/2024\/01\/Ambiente-Spagnol-30_30_7-crop_i9_0003.jpg 1920w, https:\/\/www.mobilofficefurniture.it\/wp-content\/uploads\/2024\/01\/Ambiente-Spagnol-30_30_7-crop_i9_0003-1600x1132.jpg 1600w, https:\/\/www.mobilofficefurniture.it\/wp-content\/uploads\/2024\/01\/Ambiente-Spagnol-30_30_7-crop_i9_0003-768x543.jpg 768w, https:\/\/www.mobilofficefurniture.it\/wp-content\/uploads\/2024\/01\/Ambiente-Spagnol-30_30_7-crop_i9_0003-1536x1086.jpg 1536w, https:\/\/www.mobilofficefurniture.it\/wp-content\/uploads\/2024\/01\/Ambiente-Spagnol-30_30_7-crop_i9_0003-600x424.jpg 600w\" sizes=\"auto, (max-width: 1920px) 100vw, 1920px\" \/><\/figure>\n<\/div>\n\n\n\n<div class=\"wp-block-group is-style-container NegativeMarginTop-5\">\n<div class=\"wp-block-columns are-vertically-aligned-center\">\n<div class=\"wp-block-column is-vertically-aligned-center\" style=\"flex-basis:33.33%\">\n<img decoding=\"async\" class=\"ArrowDownOnMobile\" src=\"\/wp-content\/uploads\/2024\/01\/arrow-down-black.svg\">\n\n\n\n<figure class=\"wp-block-image size-crop_vert_medium\"><img loading=\"lazy\" decoding=\"async\" width=\"600\" height=\"800\" src=\"https:\/\/www.mobilofficefurniture.it\/wp-content\/uploads\/2024\/01\/Ambiente-Spagnol-30_30_8-_i8-600x800.jpg\" alt=\"\" class=\"wp-image-149\"\/><\/figure>\n<\/div>\n\n\n\n<div class=\"wp-block-column is-vertically-aligned-center\" style=\"flex-basis:66.66%\">\n<p class=\"has-normal-font-size\">Un syst\u00e8me modulaire pour vivre n\u2019importe quelle solution dans l\u2019environnement de travail avec l\u2019atmosph\u00e8re et la chaleur de la maison.<\/p>\n<\/div>\n<\/div>\n<\/div>\n\n\n\n<div style=\"height:50px\" aria-hidden=\"true\" class=\"wp-block-spacer\"><\/div>\n\n\n\n<div class=\"wp-block-group is-style-container\">\n<p class=\"has-text-align-center\"><strong>Metal<\/strong><\/p>\n\n\n\n<div style=\"height:20px\" aria-hidden=\"true\" class=\"wp-block-spacer\"><\/div>\n\n\n\n<div class=\"wp-block-group max-width-50 MarginAuto\">\n<div class=\"wp-block-columns\">\n<div class=\"wp-block-column\">\n<figure class=\"wp-block-image aligncenter size-full\"><img loading=\"lazy\" decoding=\"async\" width=\"115\" height=\"115\" src=\"https:\/\/www.mobilofficefurniture.it\/wp-content\/uploads\/2024\/01\/bianco.jpg\" alt=\"\" class=\"wp-image-294\"\/><\/figure>\n\n\n\n<p class=\"has-text-align-center\">blanc<\/p>\n<\/div>\n\n\n\n<div class=\"wp-block-column\">\n<figure class=\"wp-block-image aligncenter size-full\"><img loading=\"lazy\" decoding=\"async\" width=\"115\" height=\"115\" src=\"https:\/\/www.mobilofficefurniture.it\/wp-content\/uploads\/2024\/01\/antracite.jpg\" alt=\"\" class=\"wp-image-295\"\/><\/figure>\n\n\n\n<p class=\"has-text-align-center\">anthracite<\/p>\n<\/div>\n\n\n\n<div class=\"wp-block-column\">\n<figure class=\"wp-block-image aligncenter size-full\"><img loading=\"lazy\" decoding=\"async\" width=\"115\" height=\"115\" src=\"https:\/\/www.mobilofficefurniture.it\/wp-content\/uploads\/2024\/01\/colori-ral.jpg\" alt=\"\" class=\"wp-image-293\"\/><\/figure>\n\n\n\n<p class=\"has-text-align-center\">Couleurs RAL<\/p>\n<\/div>\n<\/div>\n<\/div>\n<\/div>\n\n\n\n<div style=\"height:50px\" aria-hidden=\"true\" class=\"wp-block-spacer\"><\/div>\n\n\n\n<div class=\"wp-block-group is-style-containerfluid\">\n<figure class=\"wp-block-image alignfull size-full\"><img loading=\"lazy\" decoding=\"async\" width=\"1920\" height=\"1358\" src=\"https:\/\/www.mobilofficefurniture.it\/wp-content\/uploads\/2024\/01\/Ambiente-Spagnol-30_30_6_i10.jpg\" alt=\"\" class=\"wp-image-147\" srcset=\"https:\/\/www.mobilofficefurniture.it\/wp-content\/uploads\/2024\/01\/Ambiente-Spagnol-30_30_6_i10.jpg 1920w, https:\/\/www.mobilofficefurniture.it\/wp-content\/uploads\/2024\/01\/Ambiente-Spagnol-30_30_6_i10-1600x1132.jpg 1600w, https:\/\/www.mobilofficefurniture.it\/wp-content\/uploads\/2024\/01\/Ambiente-Spagnol-30_30_6_i10-768x543.jpg 768w, https:\/\/www.mobilofficefurniture.it\/wp-content\/uploads\/2024\/01\/Ambiente-Spagnol-30_30_6_i10-1536x1086.jpg 1536w, https:\/\/www.mobilofficefurniture.it\/wp-content\/uploads\/2024\/01\/Ambiente-Spagnol-30_30_6_i10-600x424.jpg 600w\" sizes=\"auto, (max-width: 1920px) 100vw, 1920px\" \/><\/figure>\n<\/div>\n\n\n\n<div style=\"height:50px\" aria-hidden=\"true\" class=\"wp-block-spacer\"><\/div>\n\n\n\n<div class=\"wp-block-group is-style-container\">\n<div class=\"wp-block-columns\">\n<div class=\"wp-block-column\">\n<div class=\"wp-block-group max-width-80\">\n<p class=\"has-normal-font-size\">Line est un syst\u00e8me d\u2019ameublement flexible avec des caract\u00e9ristiques de transformation marquantes; il r\u00e9pond aux solutions op\u00e9rationnelles et directionnelles jusqu\u2019au bureau \u00e0 domicile avec la possibilit\u00e9 de s\u2019adapter aux besoins du travail individuel ou de groupe.<\/p>\n<\/div>\n\n\n\n<div style=\"height:30px\" aria-hidden=\"true\" class=\"wp-block-spacer\"><\/div>\n\n\n\n<figure class=\"wp-block-image size-full\"><img loading=\"lazy\" decoding=\"async\" width=\"1280\" height=\"1920\" src=\"https:\/\/www.mobilofficefurniture.it\/wp-content\/uploads\/2024\/01\/Ambiente-Spagnol-30_30_3_i13.jpg\" alt=\"\" class=\"wp-image-144\" srcset=\"https:\/\/www.mobilofficefurniture.it\/wp-content\/uploads\/2024\/01\/Ambiente-Spagnol-30_30_3_i13.jpg 1280w, https:\/\/www.mobilofficefurniture.it\/wp-content\/uploads\/2024\/01\/Ambiente-Spagnol-30_30_3_i13-1067x1600.jpg 1067w, https:\/\/www.mobilofficefurniture.it\/wp-content\/uploads\/2024\/01\/Ambiente-Spagnol-30_30_3_i13-768x1152.jpg 768w, https:\/\/www.mobilofficefurniture.it\/wp-content\/uploads\/2024\/01\/Ambiente-Spagnol-30_30_3_i13-1024x1536.jpg 1024w, https:\/\/www.mobilofficefurniture.it\/wp-content\/uploads\/2024\/01\/Ambiente-Spagnol-30_30_3_i13-400x600.jpg 400w\" sizes=\"auto, (max-width: 1280px) 100vw, 1280px\" \/><\/figure>\n<\/div>\n\n\n\n<div class=\"wp-block-column\">\n<figure class=\"wp-block-image size-full\"><img loading=\"lazy\" decoding=\"async\" width=\"1344\" height=\"1920\" src=\"https:\/\/www.mobilofficefurniture.it\/wp-content\/uploads\/2024\/01\/Ambiente-Spagnol-30_30_1_i28.jpg\" alt=\"\" class=\"wp-image-142\" srcset=\"https:\/\/www.mobilofficefurniture.it\/wp-content\/uploads\/2024\/01\/Ambiente-Spagnol-30_30_1_i28.jpg 1344w, https:\/\/www.mobilofficefurniture.it\/wp-content\/uploads\/2024\/01\/Ambiente-Spagnol-30_30_1_i28-1120x1600.jpg 1120w, https:\/\/www.mobilofficefurniture.it\/wp-content\/uploads\/2024\/01\/Ambiente-Spagnol-30_30_1_i28-768x1097.jpg 768w, https:\/\/www.mobilofficefurniture.it\/wp-content\/uploads\/2024\/01\/Ambiente-Spagnol-30_30_1_i28-1075x1536.jpg 1075w, https:\/\/www.mobilofficefurniture.it\/wp-content\/uploads\/2024\/01\/Ambiente-Spagnol-30_30_1_i28-420x600.jpg 420w\" sizes=\"auto, (max-width: 1344px) 100vw, 1344px\" \/><\/figure>\n<\/div>\n<\/div>\n\n\n\n<div class=\"wp-block-columns\">\n<div class=\"wp-block-column\" style=\"flex-basis:20%\"><\/div>\n\n\n\n<div class=\"wp-block-column\" style=\"flex-basis:80%\">\n<div class=\"wp-block-group max-width-80\">\n<figure class=\"wp-block-image size-full\"><img loading=\"lazy\" decoding=\"async\" width=\"1920\" height=\"1920\" src=\"https:\/\/www.mobilofficefurniture.it\/wp-content\/uploads\/2024\/01\/Ambiente-Spagnol-30_30_4_i14.jpg\" alt=\"\" class=\"wp-image-145\" srcset=\"https:\/\/www.mobilofficefurniture.it\/wp-content\/uploads\/2024\/01\/Ambiente-Spagnol-30_30_4_i14.jpg 1920w, https:\/\/www.mobilofficefurniture.it\/wp-content\/uploads\/2024\/01\/Ambiente-Spagnol-30_30_4_i14-150x150.jpg 150w, https:\/\/www.mobilofficefurniture.it\/wp-content\/uploads\/2024\/01\/Ambiente-Spagnol-30_30_4_i14-1600x1600.jpg 1600w, https:\/\/www.mobilofficefurniture.it\/wp-content\/uploads\/2024\/01\/Ambiente-Spagnol-30_30_4_i14-768x768.jpg 768w, https:\/\/www.mobilofficefurniture.it\/wp-content\/uploads\/2024\/01\/Ambiente-Spagnol-30_30_4_i14-1536x1536.jpg 1536w, https:\/\/www.mobilofficefurniture.it\/wp-content\/uploads\/2024\/01\/Ambiente-Spagnol-30_30_4_i14-600x600.jpg 600w\" sizes=\"auto, (max-width: 1920px) 100vw, 1920px\" \/><\/figure>\n\n\n\n<div style=\"height:30px\" aria-hidden=\"true\" class=\"wp-block-spacer\"><\/div>\n\n\n\n<p class=\"has-normal-font-size\">Les tables de r\u00e9union ou grandes compositions et les plans bench pour le travail de groupe sont des besoins de plus en plus demand\u00e9s, tant dans les environnements directionnels qu\u2019op\u00e9rationnels.<\/p>\n<\/div>\n<\/div>\n<\/div>\n<\/div>\n\n\n\n<div style=\"height:40px\" aria-hidden=\"true\" class=\"wp-block-spacer\"><\/div>\n\n\n\n<div class=\"wp-block-group is-style-containerfluid\">\n<img decoding=\"async\" class=\"PositionAbsolute d-none d-lg-block\" src=\"\/wp-content\/uploads\/2024\/01\/arrow-right-black.svg\">\n\n\n\n<div class=\"wp-block-group max-width-80 ms-auto\">\n<div class=\"wp-block-columns\">\n<div class=\"wp-block-column\">\n<figure class=\"wp-block-image size-full\"><img loading=\"lazy\" decoding=\"async\" width=\"1707\" height=\"1920\" src=\"https:\/\/www.mobilofficefurniture.it\/wp-content\/uploads\/2024\/01\/Ambiente-Spagnol-30_30_5_i15.jpg\" alt=\"\" class=\"wp-image-146\" srcset=\"https:\/\/www.mobilofficefurniture.it\/wp-content\/uploads\/2024\/01\/Ambiente-Spagnol-30_30_5_i15.jpg 1707w, https:\/\/www.mobilofficefurniture.it\/wp-content\/uploads\/2024\/01\/Ambiente-Spagnol-30_30_5_i15-1423x1600.jpg 1423w, https:\/\/www.mobilofficefurniture.it\/wp-content\/uploads\/2024\/01\/Ambiente-Spagnol-30_30_5_i15-768x864.jpg 768w, https:\/\/www.mobilofficefurniture.it\/wp-content\/uploads\/2024\/01\/Ambiente-Spagnol-30_30_5_i15-1366x1536.jpg 1366w, https:\/\/www.mobilofficefurniture.it\/wp-content\/uploads\/2024\/01\/Ambiente-Spagnol-30_30_5_i15-533x600.jpg 533w\" sizes=\"auto, (max-width: 1707px) 100vw, 1707px\" \/><\/figure>\n<\/div>\n\n\n\n<div class=\"wp-block-column\">\n<figure class=\"wp-block-image size-crop_vert_medium\"><img loading=\"lazy\" decoding=\"async\" width=\"600\" height=\"800\" src=\"https:\/\/www.mobilofficefurniture.it\/wp-content\/uploads\/2024\/01\/Ambiente-Spagnol-30_30_2_i29-600x800.jpg\" alt=\"\" class=\"wp-image-143\"\/><\/figure>\n<\/div>\n<\/div>\n<\/div>\n<\/div>\n\n\n\n<div style=\"height:40px\" aria-hidden=\"true\" class=\"wp-block-spacer\"><\/div>\n\n\n\n<div class=\"wp-block-group is-style-containerfluid\">\n<figure class=\"wp-block-image alignfull size-full\"><img loading=\"lazy\" decoding=\"async\" width=\"1920\" height=\"1358\" src=\"https:\/\/www.mobilofficefurniture.it\/wp-content\/uploads\/2024\/01\/Prova-tavolo-3030_i16.jpg\" alt=\"\" class=\"wp-image-159\" srcset=\"https:\/\/www.mobilofficefurniture.it\/wp-content\/uploads\/2024\/01\/Prova-tavolo-3030_i16.jpg 1920w, https:\/\/www.mobilofficefurniture.it\/wp-content\/uploads\/2024\/01\/Prova-tavolo-3030_i16-1600x1132.jpg 1600w, https:\/\/www.mobilofficefurniture.it\/wp-content\/uploads\/2024\/01\/Prova-tavolo-3030_i16-768x543.jpg 768w, https:\/\/www.mobilofficefurniture.it\/wp-content\/uploads\/2024\/01\/Prova-tavolo-3030_i16-1536x1086.jpg 1536w, https:\/\/www.mobilofficefurniture.it\/wp-content\/uploads\/2024\/01\/Prova-tavolo-3030_i16-600x424.jpg 600w\" sizes=\"auto, (max-width: 1920px) 100vw, 1920px\" \/><\/figure>\n\n\n\n<div style=\"height:40px\" aria-hidden=\"true\" class=\"wp-block-spacer\"><\/div>\n\n\n\n<div class=\"wp-block-columns\">\n<div class=\"wp-block-column\">\n<p class=\"has-normal-font-size\">Un environnement au style domestique dans le contexte professionnel actuel, hyperconnect\u00e9 et intelligent.<\/p>\n\n\n\n<p class=\"has-normal-font-size\">Des concepts simples : des \u00e9l\u00e9ments agr\u00e9ables cr\u00e9ent des compositions de base d\u2019une grande rigueur fonctionnelle. Au premier plan, certains des d\u00e9tails saillants du bureau et de ses accessoires, qui soulignent la grande fra\u00eecheur de composition des diff\u00e9rents composants pour r\u00e9soudre tous les besoins op\u00e9rationnels.<\/p>\n<\/div>\n\n\n\n<div class=\"wp-block-column\">\n<img decoding=\"async\" class=\"d-none d-lg-block\" src=\"\/wp-content\/uploads\/2024\/01\/arrow-left-black.svg\">\n<\/div>\n<\/div>\n<\/div>\n\n\n\n<div style=\"height:40px\" aria-hidden=\"true\" class=\"wp-block-spacer\"><\/div>\n\n\n\n<div class=\"wp-block-group is-style-containerfluid\">        <div class=\"CustomGalleryWrapper wrapper_custom_gallery-block_56e567bbbd245583953595481c07197f\">\r\n            <div id=\"custom_gallery-block_56e567bbbd245583953595481c07197f\" class=\"swiper custom_gallery\">\r\n                <div class=\"swiper-wrapper\">\r\n                                            <div class=\"swiper-slide\">\r\n                            <a href=\"https:\/\/www.mobilofficefurniture.it\/wp-content\/uploads\/2024\/01\/Dettaglio-Line-04.jpg\" data-fancybox=\"gallery_custom_gallery-block_56e567bbbd245583953595481c07197f\">\r\n                                <img srcset=\"https:\/\/www.mobilofficefurniture.it\/wp-content\/uploads\/2024\/01\/Dettaglio-Line-04-800x600.jpg\" loading=\"lazy\">\r\n                                <div class=\"swiper-lazy-preloader swiper-lazy-preloader-white\"><\/div>\r\n                            <\/a>\r\n                        <\/div>\r\n                                                <div class=\"swiper-slide\">\r\n                            <a href=\"https:\/\/www.mobilofficefurniture.it\/wp-content\/uploads\/2024\/01\/Ambiente-Spagnol-30_30_11_i19.jpg\" data-fancybox=\"gallery_custom_gallery-block_56e567bbbd245583953595481c07197f\">\r\n                                <img srcset=\"https:\/\/www.mobilofficefurniture.it\/wp-content\/uploads\/2024\/01\/Ambiente-Spagnol-30_30_11_i19-800x600.jpg\" loading=\"lazy\">\r\n                                <div class=\"swiper-lazy-preloader swiper-lazy-preloader-white\"><\/div>\r\n                            <\/a>\r\n                        <\/div>\r\n                                                <div class=\"swiper-slide\">\r\n                            <a href=\"https:\/\/www.mobilofficefurniture.it\/wp-content\/uploads\/2024\/01\/Ambiente-Spagnol-30_30_10_i18.jpg\" data-fancybox=\"gallery_custom_gallery-block_56e567bbbd245583953595481c07197f\">\r\n                                <img srcset=\"https:\/\/www.mobilofficefurniture.it\/wp-content\/uploads\/2024\/01\/Ambiente-Spagnol-30_30_10_i18-800x600.jpg\" loading=\"lazy\">\r\n                                <div class=\"swiper-lazy-preloader swiper-lazy-preloader-white\"><\/div>\r\n                            <\/a>\r\n                        <\/div>\r\n                                                <div class=\"swiper-slide\">\r\n                            <a href=\"https:\/\/www.mobilofficefurniture.it\/wp-content\/uploads\/2024\/01\/Dettaglio-Line-06.jpg\" data-fancybox=\"gallery_custom_gallery-block_56e567bbbd245583953595481c07197f\">\r\n                                <img srcset=\"https:\/\/www.mobilofficefurniture.it\/wp-content\/uploads\/2024\/01\/Dettaglio-Line-06-800x600.jpg\" loading=\"lazy\">\r\n                                <div class=\"swiper-lazy-preloader swiper-lazy-preloader-white\"><\/div>\r\n                            <\/a>\r\n                        <\/div>\r\n                                                <div class=\"swiper-slide\">\r\n                            <a href=\"https:\/\/www.mobilofficefurniture.it\/wp-content\/uploads\/2024\/01\/Dettaglio-Line-05.jpg\" data-fancybox=\"gallery_custom_gallery-block_56e567bbbd245583953595481c07197f\">\r\n                                <img srcset=\"https:\/\/www.mobilofficefurniture.it\/wp-content\/uploads\/2024\/01\/Dettaglio-Line-05-800x600.jpg\" loading=\"lazy\">\r\n                                <div class=\"swiper-lazy-preloader swiper-lazy-preloader-white\"><\/div>\r\n                            <\/a>\r\n                        <\/div>\r\n                                                <div class=\"swiper-slide\">\r\n                            <a href=\"https:\/\/www.mobilofficefurniture.it\/wp-content\/uploads\/2024\/01\/Dettaglio-Line-01.jpg\" data-fancybox=\"gallery_custom_gallery-block_56e567bbbd245583953595481c07197f\">\r\n                                <img srcset=\"https:\/\/www.mobilofficefurniture.it\/wp-content\/uploads\/2024\/01\/Dettaglio-Line-01-800x600.jpg\" loading=\"lazy\">\r\n                                <div class=\"swiper-lazy-preloader swiper-lazy-preloader-white\"><\/div>\r\n                            <\/a>\r\n                        <\/div>\r\n                                                <div class=\"swiper-slide\">\r\n                            <a href=\"https:\/\/www.mobilofficefurniture.it\/wp-content\/uploads\/2024\/01\/Derttaglio-Line-03_0003.jpg\" data-fancybox=\"gallery_custom_gallery-block_56e567bbbd245583953595481c07197f\">\r\n                                <img srcset=\"https:\/\/www.mobilofficefurniture.it\/wp-content\/uploads\/2024\/01\/Derttaglio-Line-03_0003-800x600.jpg\" loading=\"lazy\">\r\n                                <div class=\"swiper-lazy-preloader swiper-lazy-preloader-white\"><\/div>\r\n                            <\/a>\r\n                        <\/div>\r\n                                                <div class=\"swiper-slide\">\r\n                            <a href=\"https:\/\/www.mobilofficefurniture.it\/wp-content\/uploads\/2024\/01\/Ambiente-Spagnol-30_30_9_i17.jpg\" data-fancybox=\"gallery_custom_gallery-block_56e567bbbd245583953595481c07197f\">\r\n                                <img srcset=\"https:\/\/www.mobilofficefurniture.it\/wp-content\/uploads\/2024\/01\/Ambiente-Spagnol-30_30_9_i17-800x600.jpg\" loading=\"lazy\">\r\n                                <div class=\"swiper-lazy-preloader swiper-lazy-preloader-white\"><\/div>\r\n                            <\/a>\r\n                        <\/div>\r\n                                        <\/div>\r\n                <div class=\"previous-arrow\"><img decoding=\"async\" src=\"\/wp-content\/uploads\/2024\/01\/previous-arrow-swiper-brown.svg\"><\/div>\r\n                <div class=\"next-arrow\"><img decoding=\"async\" src=\"\/wp-content\/uploads\/2024\/01\/next-arrow-swiper-brown.svg\"><\/div>\r\n            <\/div>\r\n        <\/div>\r\n        <\/div>\n\n\n\n<div style=\"height:80px\" aria-hidden=\"true\" class=\"wp-block-spacer\"><\/div>\n\n\n\n<div class=\"wp-block-group is-style-container\">\t\t<div class=\"OtherChildrenPost\">\n\t\t\t<div class=\"OtherChildrenPost_Wrapper\">\n\t\t\t\t<div class=\"row align-items-center\">\n\t\t\t\t\t<div class=\"col-12 col-lg-auto d-none d-lg-block\">\n\t\t\t\t\t\t<img decoding=\"async\" src=\"\/wp-content\/uploads\/2024\/01\/arrow-right-black.svg\">\n\t\t\t\t\t<\/div>\n\t\t\t\t\t<div class=\"col-12 col-lg-auto d-block d-lg-none ArrowDownOnMobile\">\n\t\t\t\t\t\t<img decoding=\"async\" src=\"\/wp-content\/uploads\/2024\/01\/arrow-down-black.svg\">\n\t\t\t\t\t<\/div>\n\t\t\t\t\t<div class=\"col-12 col-lg-auto\">\n\t\t\t\t\t\t<div class=\"is-style-BigTitle\">\n\t\t\t\t\t\t\tAutres<br>produits\t\t\t\t\t\t<\/div>\n\t\t\t\t\t<\/div>\n\t\t\t\t\t<div class=\"col\">\n\t\t\t\t\t\t<div class=\"OtherChildrenPost_Content\">\n\t\t\t\t\t\t\t\t\t\t\t\t\t\t<div class=\"is_SingleChildrenPost\">\n\t\t\t\t\t\t\t\t\t<div class=\"is_SingleChildrenPost\">\n\t\t\t\t\t\t\t\t\t\t<a href=\"https:\/\/www.mobilofficefurniture.it\/fr\/bureaux-operationnels\/quadro\/\">\n\t\t\t\t\t\t\t\t\t\t\t<div class=\"childrenpost-detail-wrapper\">\n\t\t\t\t\t\t\t\t\t\t\t\t<div class=\"childrenpost-header\"><h3>quadro<\/h3><\/div>\n\t\t\t\t\t\t\t\t\t\t\t<\/div>\n\t\t\t\t\t\t\t\t\t\t<\/a>\n\t\t\t\t\t\t\t\t\t<\/div>\n\t\t\t\t\t\t\t\t<\/div>\n\t\t\t\t\t\t\t\t\t\t\t\t\t\t\t\t<div class=\"is_SingleChildrenPost\">\n\t\t\t\t\t\t\t\t\t<div class=\"is_SingleChildrenPost\">\n\t\t\t\t\t\t\t\t\t\t<a href=\"https:\/\/www.mobilofficefurniture.it\/fr\/bureaux-operationnels\/line\/\">\n\t\t\t\t\t\t\t\t\t\t\t<div class=\"childrenpost-detail-wrapper\">\n\t\t\t\t\t\t\t\t\t\t\t\t<div class=\"childrenpost-header\"><h3>line<\/h3><\/div>\n\t\t\t\t\t\t\t\t\t\t\t<\/div>\n\t\t\t\t\t\t\t\t\t\t<\/a>\n\t\t\t\t\t\t\t\t\t<\/div>\n\t\t\t\t\t\t\t\t<\/div>\n\t\t\t\t\t\t\t\t\t\t\t\t\t\t\t\t<div class=\"is_SingleChildrenPost\">\n\t\t\t\t\t\t\t\t\t<div class=\"is_SingleChildrenPost\">\n\t\t\t\t\t\t\t\t\t\t<a href=\"https:\/\/www.mobilofficefurniture.it\/fr\/bureaux-operationnels\/point2\/\">\n\t\t\t\t\t\t\t\t\t\t\t<div class=\"childrenpost-detail-wrapper\">\n\t\t\t\t\t\t\t\t\t\t\t\t<div class=\"childrenpost-header\"><h3>point2<\/h3><\/div>\n\t\t\t\t\t\t\t\t\t\t\t<\/div>\n\t\t\t\t\t\t\t\t\t\t<\/a>\n\t\t\t\t\t\t\t\t\t<\/div>\n\t\t\t\t\t\t\t\t<\/div>\n\t\t\t\t\t\t\t\t\t\t\t\t\t\t\t\t<div class=\"is_SingleChildrenPost\">\n\t\t\t\t\t\t\t\t\t<div class=\"is_SingleChildrenPost\">\n\t\t\t\t\t\t\t\t\t\t<a href=\"https:\/\/www.mobilofficefurniture.it\/fr\/bureaux-operationnels\/t_cube\/\">\n\t\t\t\t\t\t\t\t\t\t\t<div class=\"childrenpost-detail-wrapper\">\n\t\t\t\t\t\t\t\t\t\t\t\t<div class=\"childrenpost-header\"><h3>t_cube<\/h3><\/div>\n\t\t\t\t\t\t\t\t\t\t\t<\/div>\n\t\t\t\t\t\t\t\t\t\t<\/a>\n\t\t\t\t\t\t\t\t\t<\/div>\n\t\t\t\t\t\t\t\t<\/div>\n\t\t\t\t\t\t\t\t\t\t\t\t\t\t\t\t<div class=\"is_SingleChildrenPost\">\n\t\t\t\t\t\t\t\t\t<div class=\"is_SingleChildrenPost\">\n\t\t\t\t\t\t\t\t\t\t<a href=\"https:\/\/www.mobilofficefurniture.it\/fr\/bureaux-operationnels\/sketch2\/\">\n\t\t\t\t\t\t\t\t\t\t\t<div class=\"childrenpost-detail-wrapper\">\n\t\t\t\t\t\t\t\t\t\t\t\t<div class=\"childrenpost-header\"><h3>sketch2<\/h3><\/div>\n\t\t\t\t\t\t\t\t\t\t\t<\/div>\n\t\t\t\t\t\t\t\t\t\t<\/a>\n\t\t\t\t\t\t\t\t\t<\/div>\n\t\t\t\t\t\t\t\t<\/div>\n\t\t\t\t\t\t\t\t\t\t\t\t\t\t\t\t<div class=\"is_SingleChildrenPost\">\n\t\t\t\t\t\t\t\t\t<div class=\"is_SingleChildrenPost\">\n\t\t\t\t\t\t\t\t\t\t<a href=\"https:\/\/www.mobilofficefurniture.it\/fr\/bureaux-operationnels\/krin\/\">\n\t\t\t\t\t\t\t\t\t\t\t<div class=\"childrenpost-detail-wrapper\">\n\t\t\t\t\t\t\t\t\t\t\t\t<div class=\"childrenpost-header\"><h3>krin<\/h3><\/div>\n\t\t\t\t\t\t\t\t\t\t\t<\/div>\n\t\t\t\t\t\t\t\t\t\t<\/a>\n\t\t\t\t\t\t\t\t\t<\/div>\n\t\t\t\t\t\t\t\t<\/div>\n\t\t\t\t\t\t\t\t\t\t\t\t\t\t<\/div>\n\t\t\t\t\t<\/div>\n\t\t\t\t<\/div>\n\t\t\t<\/div>\n\t\t<\/div>\n\t\t\n<\/div>\n\n\n\n<div style=\"height:80px\" aria-hidden=\"true\" class=\"wp-block-spacer\"><\/div>\n\n\n\n<div class=\"wp-block-cover alignfull\"><span aria-hidden=\"true\" class=\"wp-block-cover__background has-background-dim-80 has-background-dim\"><\/span><img loading=\"lazy\" decoding=\"async\" width=\"1920\" height=\"900\" class=\"wp-block-cover__image-background wp-image-103\" alt=\"\" src=\"https:\/\/www.mobilofficefurniture.it\/wp-content\/uploads\/2024\/01\/Scrivanie-operative-header.jpg\" data-object-fit=\"cover\" srcset=\"https:\/\/www.mobilofficefurniture.it\/wp-content\/uploads\/2024\/01\/Scrivanie-operative-header.jpg 1920w, https:\/\/www.mobilofficefurniture.it\/wp-content\/uploads\/2024\/01\/Scrivanie-operative-header-1600x750.jpg 1600w, https:\/\/www.mobilofficefurniture.it\/wp-content\/uploads\/2024\/01\/Scrivanie-operative-header-768x360.jpg 768w, https:\/\/www.mobilofficefurniture.it\/wp-content\/uploads\/2024\/01\/Scrivanie-operative-header-1536x720.jpg 1536w, https:\/\/www.mobilofficefurniture.it\/wp-content\/uploads\/2024\/01\/Scrivanie-operative-header-600x281.jpg 600w\" sizes=\"auto, (max-width: 1920px) 100vw, 1920px\" \/><div class=\"wp-block-cover__inner-container\">\n<div class=\"wp-block-group is-style-container\">\n<div style=\"height:40px\" aria-hidden=\"true\" class=\"wp-block-spacer\"><\/div>\n\n\n\n<p class=\"is-style-BigTitle\">Ces produits vous int\u00e9ressent ?<\/p>\n\n\n\n<div style=\"height:5px\" aria-hidden=\"true\" class=\"wp-block-spacer\"><\/div>\n\n\n\n<p>\u00c9crivez-nous ici et nous vous donnerons toutes les informations que vous recherchez<\/p>\n\n\n\n<div class=\"wp-block-group max-width-70\">\n<div class=\"wp-block-contact-form-7-contact-form-selector\">\n<div class=\"wpcf7 no-js\" id=\"wpcf7-f990-o1\" lang=\"fr-FR\" dir=\"ltr\" data-wpcf7-id=\"990\">\n<div class=\"screen-reader-response\"><p role=\"status\" aria-live=\"polite\" aria-atomic=\"true\"><\/p> <ul><\/ul><\/div>\n<form action=\"\/fr\/wp-json\/wp\/v2\/pages\/1006#wpcf7-f990-o1\" method=\"post\" class=\"wpcf7-form init\" aria-label=\"Formulaire de contact\" novalidate=\"novalidate\" data-status=\"init\">\n<fieldset class=\"hidden-fields-container\"><input type=\"hidden\" name=\"_wpcf7\" value=\"990\" \/><input type=\"hidden\" name=\"_wpcf7_version\" value=\"6.1.5\" \/><input type=\"hidden\" name=\"_wpcf7_locale\" value=\"fr_FR\" \/><input type=\"hidden\" name=\"_wpcf7_unit_tag\" value=\"wpcf7-f990-o1\" \/><input type=\"hidden\" name=\"_wpcf7_container_post\" value=\"0\" \/><input type=\"hidden\" name=\"_wpcf7_posted_data_hash\" value=\"\" \/>\n<\/fieldset>\n<p><a href=\"mailto:info@mobilofficefurniture.it\" style=\"color:#FFF;\">info@mobilofficefurniture.it<\/a>\n<\/p><div class=\"wpcf7-response-output\" aria-hidden=\"true\"><\/div>\n<\/form>\n<\/div>\n<\/div>\n<\/div>\n\n\n\n<div style=\"height:40px\" aria-hidden=\"true\" class=\"wp-block-spacer\"><\/div>\n<\/div>\n<\/div><\/div>\n","protected":false},"excerpt":{"rendered":"<p>Table Line: ergonomie essentielle, \u00e9l\u00e9gance \u00e9ternelle.<\/p>\n","protected":false},"author":1,"featured_media":749,"parent":1002,"menu_order":3,"comment_status":"closed","ping_status":"closed","template":"","meta":{"_acf_changed":false,"inline_featured_image":false,"footnotes":""},"class_list":["post-1006","page","type-page","status-publish","has-post-thumbnail","hentry"],"acf":[],"yoast_head":"<title>Mobil Office Furniture - line<\/title>\n<meta name=\"description\" content=\"Un syst\u00e8me modulaire pour vivre n\u2019importe quelle solution dans l\u2019environnement de travail avec l\u2019atmosph\u00e8re et la chaleur de la maison. Line est un syst\u00e8me d\u2019ameublement flexible avec des caract\u00e9ristiques de transformation marquantes; il r\u00e9pond aux solutions op\u00e9rationnelles et directionnelles jusqu\u2019au bureau \u00e0 domicile avec la possibilit\u00e9 de s\u2019adapter aux besoins du travail individuel ou de groupe.\" \/>\n<meta name=\"robots\" content=\"index, follow, max-snippet:-1, max-image-preview:large, max-video-preview:-1\" \/>\n<link rel=\"canonical\" href=\"https:\/\/www.mobilofficefurniture.it\/fr\/bureaux-operationnels\/line\/\" \/>\n<meta property=\"og:locale\" content=\"fr_FR\" \/>\n<meta property=\"og:type\" content=\"article\" \/>\n<meta property=\"og:title\" content=\"Mobil Office Furniture - line\" \/>\n<meta property=\"og:description\" content=\"Un syst\u00e8me modulaire pour vivre n\u2019importe quelle solution dans l\u2019environnement de travail avec l\u2019atmosph\u00e8re et la chaleur de la maison. Line est un syst\u00e8me d\u2019ameublement flexible avec des caract\u00e9ristiques de transformation marquantes; il r\u00e9pond aux solutions op\u00e9rationnelles et directionnelles jusqu\u2019au bureau \u00e0 domicile avec la possibilit\u00e9 de s\u2019adapter aux besoins du travail individuel ou de groupe.\" \/>\n<meta property=\"og:url\" content=\"https:\/\/www.mobilofficefurniture.it\/fr\/bureaux-operationnels\/line\/\" \/>\n<meta property=\"og:site_name\" content=\"Mobil Office Furniture\" \/>\n<meta property=\"article:modified_time\" content=\"2024-01-16T09:01:31+00:00\" \/>\n<meta property=\"og:image\" content=\"https:\/\/www.mobilofficefurniture.it\/wp-content\/uploads\/2024\/01\/Ambiente-Spagnol-30_30_8-_i8.jpg\" \/>\n\t<meta property=\"og:image:width\" content=\"1344\" \/>\n\t<meta property=\"og:image:height\" content=\"1920\" \/>\n\t<meta property=\"og:image:type\" content=\"image\/jpeg\" \/>\n<meta name=\"twitter:card\" content=\"summary_large_image\" \/>\n<meta name=\"twitter:label1\" content=\"Dur\u00e9e de lecture estim\u00e9e\" \/>\n\t<meta name=\"twitter:data1\" content=\"5 minutes\" \/>\n<script type=\"application\/ld+json\" class=\"yoast-schema-graph\">{\"@context\":\"https:\/\/schema.org\",\"@graph\":[{\"@type\":\"WebPage\",\"@id\":\"https:\/\/www.mobilofficefurniture.it\/fr\/bureaux-operationnels\/line\/\",\"url\":\"https:\/\/www.mobilofficefurniture.it\/fr\/bureaux-operationnels\/line\/\",\"name\":\"Mobil Office Furniture - line\",\"isPartOf\":{\"@id\":\"https:\/\/www.mobilofficefurniture.it\/fr\/#website\"},\"primaryImageOfPage\":{\"@id\":\"https:\/\/www.mobilofficefurniture.it\/fr\/bureaux-operationnels\/line\/#primaryimage\"},\"image\":{\"@id\":\"https:\/\/www.mobilofficefurniture.it\/fr\/bureaux-operationnels\/line\/#primaryimage\"},\"thumbnailUrl\":\"https:\/\/www.mobilofficefurniture.it\/wp-content\/uploads\/2024\/01\/Ambiente-Spagnol-30_30_8-_i8.jpg\",\"datePublished\":\"2024-01-09T13:34:03+00:00\",\"dateModified\":\"2024-01-16T09:01:31+00:00\",\"description\":\"Un syst\u00e8me modulaire pour vivre n\u2019importe quelle solution dans l\u2019environnement de travail avec l\u2019atmosph\u00e8re et la chaleur de la maison. Line est un syst\u00e8me d\u2019ameublement flexible avec des caract\u00e9ristiques de transformation marquantes; il r\u00e9pond aux solutions op\u00e9rationnelles et directionnelles jusqu\u2019au bureau \u00e0 domicile avec la possibilit\u00e9 de s\u2019adapter aux besoins du travail individuel ou de groupe.\",\"breadcrumb\":{\"@id\":\"https:\/\/www.mobilofficefurniture.it\/fr\/bureaux-operationnels\/line\/#breadcrumb\"},\"inLanguage\":\"fr-FR\",\"potentialAction\":[{\"@type\":\"ReadAction\",\"target\":[\"https:\/\/www.mobilofficefurniture.it\/fr\/bureaux-operationnels\/line\/\"]}]},{\"@type\":\"ImageObject\",\"inLanguage\":\"fr-FR\",\"@id\":\"https:\/\/www.mobilofficefurniture.it\/fr\/bureaux-operationnels\/line\/#primaryimage\",\"url\":\"https:\/\/www.mobilofficefurniture.it\/wp-content\/uploads\/2024\/01\/Ambiente-Spagnol-30_30_8-_i8.jpg\",\"contentUrl\":\"https:\/\/www.mobilofficefurniture.it\/wp-content\/uploads\/2024\/01\/Ambiente-Spagnol-30_30_8-_i8.jpg\",\"width\":1344,\"height\":1920},{\"@type\":\"BreadcrumbList\",\"@id\":\"https:\/\/www.mobilofficefurniture.it\/fr\/bureaux-operationnels\/line\/#breadcrumb\",\"itemListElement\":[{\"@type\":\"ListItem\",\"position\":1,\"name\":\"Home\",\"item\":\"https:\/\/www.mobilofficefurniture.it\/fr\/\"},{\"@type\":\"ListItem\",\"position\":2,\"name\":\"Bureaux op\u00e9rationnels\",\"item\":\"https:\/\/www.mobilofficefurniture.it\/fr\/bureaux-operationnels\/\"},{\"@type\":\"ListItem\",\"position\":3,\"name\":\"line\"}]},{\"@type\":\"WebSite\",\"@id\":\"https:\/\/www.mobilofficefurniture.it\/fr\/#website\",\"url\":\"https:\/\/www.mobilofficefurniture.it\/fr\/\",\"name\":\"Mobile Office Furniture\",\"description\":\"Sistemi d\u2019arredo per uffici direzionali e operativi\",\"publisher\":{\"@id\":\"https:\/\/www.mobilofficefurniture.it\/fr\/#organization\"},\"alternateName\":\"Mobile Office Furniture - Sistemi d\u2019arredo per uffici direzionali e operativi\",\"potentialAction\":[{\"@type\":\"SearchAction\",\"target\":{\"@type\":\"EntryPoint\",\"urlTemplate\":\"https:\/\/www.mobilofficefurniture.it\/fr\/?s={search_term_string}\"},\"query-input\":{\"@type\":\"PropertyValueSpecification\",\"valueRequired\":true,\"valueName\":\"search_term_string\"}}],\"inLanguage\":\"fr-FR\"},{\"@type\":\"Organization\",\"@id\":\"https:\/\/www.mobilofficefurniture.it\/fr\/#organization\",\"name\":\"Mobile Office Furniture\",\"url\":\"https:\/\/www.mobilofficefurniture.it\/fr\/\",\"logo\":{\"@type\":\"ImageObject\",\"inLanguage\":\"fr-FR\",\"@id\":\"https:\/\/www.mobilofficefurniture.it\/fr\/#\/schema\/logo\/image\/\",\"url\":\"https:\/\/www.mobilofficefurniture.it\/wp-content\/uploads\/2024\/01\/mobilofficefurniture-logo.svg\",\"contentUrl\":\"https:\/\/www.mobilofficefurniture.it\/wp-content\/uploads\/2024\/01\/mobilofficefurniture-logo.svg\",\"width\":300,\"height\":32,\"caption\":\"Mobile Office Furniture\"},\"image\":{\"@id\":\"https:\/\/www.mobilofficefurniture.it\/fr\/#\/schema\/logo\/image\/\"}}]}<\/script>","yoast_head_json":{"title":"Mobil Office Furniture - line","description":"Un syst\u00e8me modulaire pour vivre n\u2019importe quelle solution dans l\u2019environnement de travail avec l\u2019atmosph\u00e8re et la chaleur de la maison. Line est un syst\u00e8me d\u2019ameublement flexible avec des caract\u00e9ristiques de transformation marquantes; il r\u00e9pond aux solutions op\u00e9rationnelles et directionnelles jusqu\u2019au bureau \u00e0 domicile avec la possibilit\u00e9 de s\u2019adapter aux besoins du travail individuel ou de groupe.","robots":{"index":"index","follow":"follow","max-snippet":"max-snippet:-1","max-image-preview":"max-image-preview:large","max-video-preview":"max-video-preview:-1"},"canonical":"https:\/\/www.mobilofficefurniture.it\/fr\/bureaux-operationnels\/line\/","og_locale":"fr_FR","og_type":"article","og_title":"Mobil Office Furniture - line","og_description":"Un syst\u00e8me modulaire pour vivre n\u2019importe quelle solution dans l\u2019environnement de travail avec l\u2019atmosph\u00e8re et la chaleur de la maison. Line est un syst\u00e8me d\u2019ameublement flexible avec des caract\u00e9ristiques de transformation marquantes; il r\u00e9pond aux solutions op\u00e9rationnelles et directionnelles jusqu\u2019au bureau \u00e0 domicile avec la possibilit\u00e9 de s\u2019adapter aux besoins du travail individuel ou de groupe.","og_url":"https:\/\/www.mobilofficefurniture.it\/fr\/bureaux-operationnels\/line\/","og_site_name":"Mobil Office Furniture","article_modified_time":"2024-01-16T09:01:31+00:00","og_image":[{"width":1344,"height":1920,"url":"https:\/\/www.mobilofficefurniture.it\/wp-content\/uploads\/2024\/01\/Ambiente-Spagnol-30_30_8-_i8.jpg","type":"image\/jpeg"}],"twitter_card":"summary_large_image","twitter_misc":{"Dur\u00e9e de lecture estim\u00e9e":"5 minutes"},"schema":{"@context":"https:\/\/schema.org","@graph":[{"@type":"WebPage","@id":"https:\/\/www.mobilofficefurniture.it\/fr\/bureaux-operationnels\/line\/","url":"https:\/\/www.mobilofficefurniture.it\/fr\/bureaux-operationnels\/line\/","name":"Mobil Office Furniture - line","isPartOf":{"@id":"https:\/\/www.mobilofficefurniture.it\/fr\/#website"},"primaryImageOfPage":{"@id":"https:\/\/www.mobilofficefurniture.it\/fr\/bureaux-operationnels\/line\/#primaryimage"},"image":{"@id":"https:\/\/www.mobilofficefurniture.it\/fr\/bureaux-operationnels\/line\/#primaryimage"},"thumbnailUrl":"https:\/\/www.mobilofficefurniture.it\/wp-content\/uploads\/2024\/01\/Ambiente-Spagnol-30_30_8-_i8.jpg","datePublished":"2024-01-09T13:34:03+00:00","dateModified":"2024-01-16T09:01:31+00:00","description":"Un syst\u00e8me modulaire pour vivre n\u2019importe quelle solution dans l\u2019environnement de travail avec l\u2019atmosph\u00e8re et la chaleur de la maison. Line est un syst\u00e8me d\u2019ameublement flexible avec des caract\u00e9ristiques de transformation marquantes; il r\u00e9pond aux solutions op\u00e9rationnelles et directionnelles jusqu\u2019au bureau \u00e0 domicile avec la possibilit\u00e9 de s\u2019adapter aux besoins du travail individuel ou de groupe.","breadcrumb":{"@id":"https:\/\/www.mobilofficefurniture.it\/fr\/bureaux-operationnels\/line\/#breadcrumb"},"inLanguage":"fr-FR","potentialAction":[{"@type":"ReadAction","target":["https:\/\/www.mobilofficefurniture.it\/fr\/bureaux-operationnels\/line\/"]}]},{"@type":"ImageObject","inLanguage":"fr-FR","@id":"https:\/\/www.mobilofficefurniture.it\/fr\/bureaux-operationnels\/line\/#primaryimage","url":"https:\/\/www.mobilofficefurniture.it\/wp-content\/uploads\/2024\/01\/Ambiente-Spagnol-30_30_8-_i8.jpg","contentUrl":"https:\/\/www.mobilofficefurniture.it\/wp-content\/uploads\/2024\/01\/Ambiente-Spagnol-30_30_8-_i8.jpg","width":1344,"height":1920},{"@type":"BreadcrumbList","@id":"https:\/\/www.mobilofficefurniture.it\/fr\/bureaux-operationnels\/line\/#breadcrumb","itemListElement":[{"@type":"ListItem","position":1,"name":"Home","item":"https:\/\/www.mobilofficefurniture.it\/fr\/"},{"@type":"ListItem","position":2,"name":"Bureaux op\u00e9rationnels","item":"https:\/\/www.mobilofficefurniture.it\/fr\/bureaux-operationnels\/"},{"@type":"ListItem","position":3,"name":"line"}]},{"@type":"WebSite","@id":"https:\/\/www.mobilofficefurniture.it\/fr\/#website","url":"https:\/\/www.mobilofficefurniture.it\/fr\/","name":"Mobile Office Furniture","description":"Sistemi d\u2019arredo per uffici direzionali e operativi","publisher":{"@id":"https:\/\/www.mobilofficefurniture.it\/fr\/#organization"},"alternateName":"Mobile Office Furniture - Sistemi d\u2019arredo per uffici direzionali e operativi","potentialAction":[{"@type":"SearchAction","target":{"@type":"EntryPoint","urlTemplate":"https:\/\/www.mobilofficefurniture.it\/fr\/?s={search_term_string}"},"query-input":{"@type":"PropertyValueSpecification","valueRequired":true,"valueName":"search_term_string"}}],"inLanguage":"fr-FR"},{"@type":"Organization","@id":"https:\/\/www.mobilofficefurniture.it\/fr\/#organization","name":"Mobile Office Furniture","url":"https:\/\/www.mobilofficefurniture.it\/fr\/","logo":{"@type":"ImageObject","inLanguage":"fr-FR","@id":"https:\/\/www.mobilofficefurniture.it\/fr\/#\/schema\/logo\/image\/","url":"https:\/\/www.mobilofficefurniture.it\/wp-content\/uploads\/2024\/01\/mobilofficefurniture-logo.svg","contentUrl":"https:\/\/www.mobilofficefurniture.it\/wp-content\/uploads\/2024\/01\/mobilofficefurniture-logo.svg","width":300,"height":32,"caption":"Mobile Office Furniture"},"image":{"@id":"https:\/\/www.mobilofficefurniture.it\/fr\/#\/schema\/logo\/image\/"}}]}},"_links":{"self":[{"href":"https:\/\/www.mobilofficefurniture.it\/fr\/wp-json\/wp\/v2\/pages\/1006","targetHints":{"allow":["GET"]}}],"collection":[{"href":"https:\/\/www.mobilofficefurniture.it\/fr\/wp-json\/wp\/v2\/pages"}],"about":[{"href":"https:\/\/www.mobilofficefurniture.it\/fr\/wp-json\/wp\/v2\/types\/page"}],"author":[{"embeddable":true,"href":"https:\/\/www.mobilofficefurniture.it\/fr\/wp-json\/wp\/v2\/users\/1"}],"replies":[{"embeddable":true,"href":"https:\/\/www.mobilofficefurniture.it\/fr\/wp-json\/wp\/v2\/comments?post=1006"}],"version-history":[{"count":2,"href":"https:\/\/www.mobilofficefurniture.it\/fr\/wp-json\/wp\/v2\/pages\/1006\/revisions"}],"predecessor-version":[{"id":1157,"href":"https:\/\/www.mobilofficefurniture.it\/fr\/wp-json\/wp\/v2\/pages\/1006\/revisions\/1157"}],"up":[{"embeddable":true,"href":"https:\/\/www.mobilofficefurniture.it\/fr\/wp-json\/wp\/v2\/pages\/1002"}],"wp:featuredmedia":[{"embeddable":true,"href":"https:\/\/www.mobilofficefurniture.it\/fr\/wp-json\/wp\/v2\/media\/749"}],"wp:attachment":[{"href":"https:\/\/www.mobilofficefurniture.it\/fr\/wp-json\/wp\/v2\/media?parent=1006"}],"curies":[{"name":"wp","href":"https:\/\/api.w.org\/{rel}","templated":true}]}}