{"id":1010,"date":"2024-01-10T11:53:56","date_gmt":"2024-01-10T10:53:56","guid":{"rendered":"https:\/\/www.mobilofficefurniture.it\/scrivanie-operative\/t_cube\/"},"modified":"2024-08-30T11:31:16","modified_gmt":"2024-08-30T09:31:16","slug":"t_cube","status":"publish","type":"page","link":"https:\/\/www.mobilofficefurniture.it\/fr\/bureaux-operationnels\/t_cube\/","title":{"rendered":"t_cube"},"content":{"rendered":"\n<div style=\"height:50px\" aria-hidden=\"true\" class=\"wp-block-spacer\"><\/div>\n\n\n\n<div class=\"wp-block-group is-style-container\">\n<h1 class=\"wp-block-heading is-style-BigTitle\">t_cube<\/h1>\n\n\n\n<div style=\"height:10px\" aria-hidden=\"true\" class=\"wp-block-spacer\"><\/div>\n\n\n\n<p>Praise of the rational.<\/p>\n<\/div>\n\n\n\n<div style=\"height:40px\" aria-hidden=\"true\" class=\"wp-block-spacer\"><\/div>\n\n\n\n<div class=\"wp-block-group is-style-containerfluid\">\n<figure class=\"wp-block-image alignfull size-full\"><img loading=\"lazy\" decoding=\"async\" width=\"1920\" height=\"1357\" src=\"https:\/\/www.mobilofficefurniture.it\/wp-content\/uploads\/2024\/01\/TCube-01_i5_0001.jpg\" alt=\"\" class=\"wp-image-335\" srcset=\"https:\/\/www.mobilofficefurniture.it\/wp-content\/uploads\/2024\/01\/TCube-01_i5_0001.jpg 1920w, https:\/\/www.mobilofficefurniture.it\/wp-content\/uploads\/2024\/01\/TCube-01_i5_0001-1600x1131.jpg 1600w, https:\/\/www.mobilofficefurniture.it\/wp-content\/uploads\/2024\/01\/TCube-01_i5_0001-768x543.jpg 768w, https:\/\/www.mobilofficefurniture.it\/wp-content\/uploads\/2024\/01\/TCube-01_i5_0001-1536x1086.jpg 1536w, https:\/\/www.mobilofficefurniture.it\/wp-content\/uploads\/2024\/01\/TCube-01_i5_0001-600x424.jpg 600w\" sizes=\"auto, (max-width: 1920px) 100vw, 1920px\" \/><\/figure>\n<\/div>\n\n\n\n<div class=\"wp-block-group is-style-container NegativeMarginTop-5\">\n<div class=\"wp-block-columns are-vertically-aligned-center\">\n<div class=\"wp-block-column is-vertically-aligned-center\" style=\"flex-basis:33.33%\">\n<img decoding=\"async\" class=\"ArrowDownOnMobile\" src=\"\/wp-content\/uploads\/2024\/01\/arrow-down-black.svg\">\n\n\n\n<figure class=\"wp-block-image size-medium\"><img loading=\"lazy\" decoding=\"async\" width=\"1120\" height=\"1600\" src=\"https:\/\/www.mobilofficefurniture.it\/wp-content\/uploads\/2024\/01\/Tcube-dett-gamba_i4_0001-1120x1600.jpg\" alt=\"\" class=\"wp-image-336\" srcset=\"https:\/\/www.mobilofficefurniture.it\/wp-content\/uploads\/2024\/01\/Tcube-dett-gamba_i4_0001-1120x1600.jpg 1120w, https:\/\/www.mobilofficefurniture.it\/wp-content\/uploads\/2024\/01\/Tcube-dett-gamba_i4_0001-768x1097.jpg 768w, https:\/\/www.mobilofficefurniture.it\/wp-content\/uploads\/2024\/01\/Tcube-dett-gamba_i4_0001-1075x1536.jpg 1075w, https:\/\/www.mobilofficefurniture.it\/wp-content\/uploads\/2024\/01\/Tcube-dett-gamba_i4_0001-420x600.jpg 420w, https:\/\/www.mobilofficefurniture.it\/wp-content\/uploads\/2024\/01\/Tcube-dett-gamba_i4_0001.jpg 1344w\" sizes=\"auto, (max-width: 1120px) 100vw, 1120px\" \/><\/figure>\n<\/div>\n\n\n\n<div class=\"wp-block-column is-vertically-aligned-center\" style=\"flex-basis:66.66%\">\n<p class=\"has-normal-font-size\">Bureau t_cube : Son syst\u00e8me modulaire permet de cr\u00e9er de multiples compositions et de rationaliser les espaces, selon les besoins.<\/p>\n<\/div>\n<\/div>\n<\/div>\n\n\n\n<div style=\"height:50px\" aria-hidden=\"true\" class=\"wp-block-spacer\"><\/div>\n\n\n\n<div class=\"wp-block-group is-style-container\">\n<p class=\"has-text-align-center\"><strong>Metal<\/strong><\/p>\n\n\n\n<div style=\"height:20px\" aria-hidden=\"true\" class=\"wp-block-spacer\"><\/div>\n\n\n\n<div class=\"wp-block-group max-width-50 MarginAuto\">\n<div class=\"wp-block-columns\">\n<div class=\"wp-block-column\">\n<figure class=\"wp-block-image aligncenter size-full\"><img loading=\"lazy\" decoding=\"async\" width=\"115\" height=\"115\" src=\"https:\/\/www.mobilofficefurniture.it\/wp-content\/uploads\/2024\/01\/bianco.jpg\" alt=\"\" class=\"wp-image-294\"\/><\/figure>\n\n\n\n<p class=\"has-text-align-center\">blanc<\/p>\n<\/div>\n\n\n\n<div class=\"wp-block-column\">\n<figure class=\"wp-block-image aligncenter size-full\"><img loading=\"lazy\" decoding=\"async\" width=\"115\" height=\"115\" src=\"https:\/\/www.mobilofficefurniture.it\/wp-content\/uploads\/2024\/01\/antracite.jpg\" alt=\"\" class=\"wp-image-295\"\/><\/figure>\n\n\n\n<p class=\"has-text-align-center\">anthracite<\/p>\n<\/div>\n\n\n\n<div class=\"wp-block-column\">\n<figure class=\"wp-block-image aligncenter size-full\"><img loading=\"lazy\" decoding=\"async\" width=\"115\" height=\"115\" src=\"https:\/\/www.mobilofficefurniture.it\/wp-content\/uploads\/2024\/01\/colori-ral.jpg\" alt=\"\" class=\"wp-image-293\"\/><\/figure>\n\n\n\n<p class=\"has-text-align-center\">Couleurs RAL<\/p>\n<\/div>\n<\/div>\n<\/div>\n<\/div>\n\n\n\n<div style=\"height:50px\" aria-hidden=\"true\" class=\"wp-block-spacer\"><\/div>\n\n\n\n<div class=\"wp-block-group is-style-containerfluid\">\n<figure class=\"wp-block-image alignfull size-full\"><img loading=\"lazy\" decoding=\"async\" width=\"1920\" height=\"1357\" src=\"https:\/\/www.mobilofficefurniture.it\/wp-content\/uploads\/2024\/01\/Ambiente-TCUBE_3_0001.jpg\" alt=\"\" class=\"wp-image-328\" srcset=\"https:\/\/www.mobilofficefurniture.it\/wp-content\/uploads\/2024\/01\/Ambiente-TCUBE_3_0001.jpg 1920w, https:\/\/www.mobilofficefurniture.it\/wp-content\/uploads\/2024\/01\/Ambiente-TCUBE_3_0001-1600x1131.jpg 1600w, https:\/\/www.mobilofficefurniture.it\/wp-content\/uploads\/2024\/01\/Ambiente-TCUBE_3_0001-768x543.jpg 768w, https:\/\/www.mobilofficefurniture.it\/wp-content\/uploads\/2024\/01\/Ambiente-TCUBE_3_0001-1536x1086.jpg 1536w, https:\/\/www.mobilofficefurniture.it\/wp-content\/uploads\/2024\/01\/Ambiente-TCUBE_3_0001-600x424.jpg 600w\" sizes=\"auto, (max-width: 1920px) 100vw, 1920px\" \/><\/figure>\n<\/div>\n\n\n\n<div style=\"height:50px\" aria-hidden=\"true\" class=\"wp-block-spacer\"><\/div>\n\n\n\n<div class=\"wp-block-group is-style-container\">\n<div class=\"wp-block-columns\">\n<div class=\"wp-block-column\">\n<div class=\"wp-block-group max-width-80\">\n<p class=\"has-normal-font-size\">t_cube \u00e0 hauteur variable. Les finitions, les compositions et les hauteurs sont des \u00e9l\u00e9ments qui facilitent l\u2019ergonomie du lieu de travail, facilement combinables gr\u00e2ce \u00e0 une large proposition de mat\u00e9riaux et de solutions pour cr\u00e9er un espace sur mesure et personnalis\u00e9.<\/p>\n<\/div>\n\n\n\n<div style=\"height:30px\" aria-hidden=\"true\" class=\"wp-block-spacer\"><\/div>\n\n\n\n<figure class=\"wp-block-image size-full\"><img loading=\"lazy\" decoding=\"async\" width=\"1920\" height=\"1901\" src=\"https:\/\/www.mobilofficefurniture.it\/wp-content\/uploads\/2024\/01\/Ambiente-TCUBE_4_i1_0001.jpg\" alt=\"\" class=\"wp-image-329\" srcset=\"https:\/\/www.mobilofficefurniture.it\/wp-content\/uploads\/2024\/01\/Ambiente-TCUBE_4_i1_0001.jpg 1920w, https:\/\/www.mobilofficefurniture.it\/wp-content\/uploads\/2024\/01\/Ambiente-TCUBE_4_i1_0001-1600x1584.jpg 1600w, https:\/\/www.mobilofficefurniture.it\/wp-content\/uploads\/2024\/01\/Ambiente-TCUBE_4_i1_0001-150x150.jpg 150w, https:\/\/www.mobilofficefurniture.it\/wp-content\/uploads\/2024\/01\/Ambiente-TCUBE_4_i1_0001-768x760.jpg 768w, https:\/\/www.mobilofficefurniture.it\/wp-content\/uploads\/2024\/01\/Ambiente-TCUBE_4_i1_0001-1536x1521.jpg 1536w, https:\/\/www.mobilofficefurniture.it\/wp-content\/uploads\/2024\/01\/Ambiente-TCUBE_4_i1_0001-600x594.jpg 600w\" sizes=\"auto, (max-width: 1920px) 100vw, 1920px\" \/><\/figure>\n<\/div>\n\n\n\n<div class=\"wp-block-column\">\n<figure class=\"wp-block-image size-full\"><img loading=\"lazy\" decoding=\"async\" width=\"1920\" height=\"1920\" src=\"https:\/\/www.mobilofficefurniture.it\/wp-content\/uploads\/2024\/01\/TCUBE-scomt-01_i2.jpg\" alt=\"\" class=\"wp-image-337\" srcset=\"https:\/\/www.mobilofficefurniture.it\/wp-content\/uploads\/2024\/01\/TCUBE-scomt-01_i2.jpg 1920w, https:\/\/www.mobilofficefurniture.it\/wp-content\/uploads\/2024\/01\/TCUBE-scomt-01_i2-1600x1600.jpg 1600w, https:\/\/www.mobilofficefurniture.it\/wp-content\/uploads\/2024\/01\/TCUBE-scomt-01_i2-150x150.jpg 150w, https:\/\/www.mobilofficefurniture.it\/wp-content\/uploads\/2024\/01\/TCUBE-scomt-01_i2-768x768.jpg 768w, https:\/\/www.mobilofficefurniture.it\/wp-content\/uploads\/2024\/01\/TCUBE-scomt-01_i2-1536x1536.jpg 1536w, https:\/\/www.mobilofficefurniture.it\/wp-content\/uploads\/2024\/01\/TCUBE-scomt-01_i2-600x600.jpg 600w\" sizes=\"auto, (max-width: 1920px) 100vw, 1920px\" \/><\/figure>\n<\/div>\n<\/div>\n\n\n\n<div class=\"wp-block-columns\">\n<div class=\"wp-block-column\" style=\"flex-basis:20%\"><\/div>\n\n\n\n<div class=\"wp-block-column\" style=\"flex-basis:80%\">\n<div class=\"wp-block-group max-width-80\">\n<figure class=\"wp-block-image size-full\"><img loading=\"lazy\" decoding=\"async\" width=\"1920\" height=\"1920\" src=\"https:\/\/www.mobilofficefurniture.it\/wp-content\/uploads\/2024\/01\/Ambbinete-TCUBE07-dett_i3.jpg\" alt=\"\" class=\"wp-image-325\" srcset=\"https:\/\/www.mobilofficefurniture.it\/wp-content\/uploads\/2024\/01\/Ambbinete-TCUBE07-dett_i3.jpg 1920w, https:\/\/www.mobilofficefurniture.it\/wp-content\/uploads\/2024\/01\/Ambbinete-TCUBE07-dett_i3-1600x1600.jpg 1600w, https:\/\/www.mobilofficefurniture.it\/wp-content\/uploads\/2024\/01\/Ambbinete-TCUBE07-dett_i3-150x150.jpg 150w, https:\/\/www.mobilofficefurniture.it\/wp-content\/uploads\/2024\/01\/Ambbinete-TCUBE07-dett_i3-768x768.jpg 768w, https:\/\/www.mobilofficefurniture.it\/wp-content\/uploads\/2024\/01\/Ambbinete-TCUBE07-dett_i3-1536x1536.jpg 1536w, https:\/\/www.mobilofficefurniture.it\/wp-content\/uploads\/2024\/01\/Ambbinete-TCUBE07-dett_i3-600x600.jpg 600w\" sizes=\"auto, (max-width: 1920px) 100vw, 1920px\" \/><\/figure>\n\n\n\n<div style=\"height:30px\" aria-hidden=\"true\" class=\"wp-block-spacer\"><\/div>\n\n\n\n<p class=\"has-normal-font-size\">La structure variable s\u2019adapte aux fonctions et au style de chaque environnement. Une attention particuli\u00e8re est d\u00e9di\u00e9e au c\u00e2blage des postes.<\/p>\n<\/div>\n<\/div>\n<\/div>\n<\/div>\n\n\n\n<div style=\"height:40px\" aria-hidden=\"true\" class=\"wp-block-spacer\"><\/div>\n\n\n\n<div class=\"wp-block-group is-style-containerfluid\">\n<img decoding=\"async\" class=\"PositionAbsolute d-none d-lg-block\" src=\"\/wp-content\/uploads\/2024\/01\/arrow-right-black.svg\">\n\n\n\n<div class=\"wp-block-group max-width-80 ms-auto\">\n<div class=\"wp-block-columns\">\n<div class=\"wp-block-column\">\n<figure class=\"wp-block-image size-full\"><img loading=\"lazy\" decoding=\"async\" width=\"1616\" height=\"1920\" src=\"https:\/\/www.mobilofficefurniture.it\/wp-content\/uploads\/2024\/01\/Ambbinete-TCUBE08-dett_i5.jpg\" alt=\"\" class=\"wp-image-326\" srcset=\"https:\/\/www.mobilofficefurniture.it\/wp-content\/uploads\/2024\/01\/Ambbinete-TCUBE08-dett_i5.jpg 1616w, https:\/\/www.mobilofficefurniture.it\/wp-content\/uploads\/2024\/01\/Ambbinete-TCUBE08-dett_i5-1347x1600.jpg 1347w, https:\/\/www.mobilofficefurniture.it\/wp-content\/uploads\/2024\/01\/Ambbinete-TCUBE08-dett_i5-768x912.jpg 768w, https:\/\/www.mobilofficefurniture.it\/wp-content\/uploads\/2024\/01\/Ambbinete-TCUBE08-dett_i5-1293x1536.jpg 1293w, https:\/\/www.mobilofficefurniture.it\/wp-content\/uploads\/2024\/01\/Ambbinete-TCUBE08-dett_i5-505x600.jpg 505w\" sizes=\"auto, (max-width: 1616px) 100vw, 1616px\" \/><\/figure>\n<\/div>\n\n\n\n<div class=\"wp-block-column\">\n<figure class=\"wp-block-image size-full\"><img loading=\"lazy\" decoding=\"async\" width=\"1357\" height=\"1920\" src=\"https:\/\/www.mobilofficefurniture.it\/wp-content\/uploads\/2024\/01\/Ambbinete-TCUBE06_i4.jpg\" alt=\"\" class=\"wp-image-324\" srcset=\"https:\/\/www.mobilofficefurniture.it\/wp-content\/uploads\/2024\/01\/Ambbinete-TCUBE06_i4.jpg 1357w, https:\/\/www.mobilofficefurniture.it\/wp-content\/uploads\/2024\/01\/Ambbinete-TCUBE06_i4-1131x1600.jpg 1131w, https:\/\/www.mobilofficefurniture.it\/wp-content\/uploads\/2024\/01\/Ambbinete-TCUBE06_i4-768x1087.jpg 768w, https:\/\/www.mobilofficefurniture.it\/wp-content\/uploads\/2024\/01\/Ambbinete-TCUBE06_i4-1086x1536.jpg 1086w, https:\/\/www.mobilofficefurniture.it\/wp-content\/uploads\/2024\/01\/Ambbinete-TCUBE06_i4-424x600.jpg 424w\" sizes=\"auto, (max-width: 1357px) 100vw, 1357px\" \/><\/figure>\n<\/div>\n<\/div>\n<\/div>\n<\/div>\n\n\n\n<div style=\"height:40px\" aria-hidden=\"true\" class=\"wp-block-spacer\"><\/div>\n\n\n\n<div class=\"wp-block-group is-style-containerfluid\">\n<figure class=\"wp-block-image alignfull size-full\"><img loading=\"lazy\" decoding=\"async\" width=\"1920\" height=\"1357\" src=\"https:\/\/www.mobilofficefurniture.it\/wp-content\/uploads\/2024\/01\/Amb-Spagnol-T_Cube_09.jpg\" alt=\"\" class=\"wp-image-323\" srcset=\"https:\/\/www.mobilofficefurniture.it\/wp-content\/uploads\/2024\/01\/Amb-Spagnol-T_Cube_09.jpg 1920w, https:\/\/www.mobilofficefurniture.it\/wp-content\/uploads\/2024\/01\/Amb-Spagnol-T_Cube_09-1600x1131.jpg 1600w, https:\/\/www.mobilofficefurniture.it\/wp-content\/uploads\/2024\/01\/Amb-Spagnol-T_Cube_09-768x543.jpg 768w, https:\/\/www.mobilofficefurniture.it\/wp-content\/uploads\/2024\/01\/Amb-Spagnol-T_Cube_09-1536x1086.jpg 1536w, https:\/\/www.mobilofficefurniture.it\/wp-content\/uploads\/2024\/01\/Amb-Spagnol-T_Cube_09-600x424.jpg 600w\" sizes=\"auto, (max-width: 1920px) 100vw, 1920px\" \/><\/figure>\n\n\n\n<div style=\"height:40px\" aria-hidden=\"true\" class=\"wp-block-spacer\"><\/div>\n\n\n\n<div class=\"wp-block-columns\">\n<div class=\"wp-block-column\">\n<p class=\"has-normal-font-size\">Simplement ergonomique. t_cube am\u00e8ne le plateau de bureau \u00e0 la hauteur souhait\u00e9e. La simple pression d\u2019une touche permet d\u2019obtenir facilement et rapidement la hauteur souhait\u00e9e du plan de travail.<\/p>\n\n\n\n<p class=\"has-normal-font-size\">Le confinement, les composants et les accessoires connexes sont enti\u00e8rement int\u00e9gr\u00e9s pour offrir une utilisation maximale de l\u2019espace.<\/p>\n<\/div>\n\n\n\n<div class=\"wp-block-column\">\n<img decoding=\"async\" class=\"d-none d-lg-block\" src=\"\/wp-content\/uploads\/2024\/01\/arrow-left-black.svg\">\n<\/div>\n<\/div>\n<\/div>\n\n\n\n<div style=\"height:40px\" aria-hidden=\"true\" class=\"wp-block-spacer\"><\/div>\n\n\n\n<div class=\"wp-block-group is-style-containerfluid\">        <div class=\"CustomGalleryWrapper wrapper_custom_gallery-block_19df555bd59b66a02d55e133d58c5729\">\r\n            <div id=\"custom_gallery-block_19df555bd59b66a02d55e133d58c5729\" class=\"swiper custom_gallery\">\r\n                <div class=\"swiper-wrapper\">\r\n                                            <div class=\"swiper-slide\">\r\n                            <a href=\"https:\/\/www.mobilofficefurniture.it\/wp-content\/uploads\/2024\/01\/Dettaglio-TCube-03_i13_0001.jpg\" data-fancybox=\"gallery_custom_gallery-block_19df555bd59b66a02d55e133d58c5729\">\r\n                                <img srcset=\"https:\/\/www.mobilofficefurniture.it\/wp-content\/uploads\/2024\/01\/Dettaglio-TCube-03_i13_0001-800x600.jpg\" loading=\"lazy\">\r\n                                <div class=\"swiper-lazy-preloader swiper-lazy-preloader-white\"><\/div>\r\n                            <\/a>\r\n                        <\/div>\r\n                                                <div class=\"swiper-slide\">\r\n                            <a href=\"https:\/\/www.mobilofficefurniture.it\/wp-content\/uploads\/2024\/01\/Dettaglio-T_Cube-05_i15_0001.jpg\" data-fancybox=\"gallery_custom_gallery-block_19df555bd59b66a02d55e133d58c5729\">\r\n                                <img srcset=\"https:\/\/www.mobilofficefurniture.it\/wp-content\/uploads\/2024\/01\/Dettaglio-T_Cube-05_i15_0001-800x600.jpg\" loading=\"lazy\">\r\n                                <div class=\"swiper-lazy-preloader swiper-lazy-preloader-white\"><\/div>\r\n                            <\/a>\r\n                        <\/div>\r\n                                                <div class=\"swiper-slide\">\r\n                            <a href=\"https:\/\/www.mobilofficefurniture.it\/wp-content\/uploads\/2024\/01\/Dettaglio-T_Cube-04_i14_0001.jpg\" data-fancybox=\"gallery_custom_gallery-block_19df555bd59b66a02d55e133d58c5729\">\r\n                                <img srcset=\"https:\/\/www.mobilofficefurniture.it\/wp-content\/uploads\/2024\/01\/Dettaglio-T_Cube-04_i14_0001-800x600.jpg\" loading=\"lazy\">\r\n                                <div class=\"swiper-lazy-preloader swiper-lazy-preloader-white\"><\/div>\r\n                            <\/a>\r\n                        <\/div>\r\n                                                <div class=\"swiper-slide\">\r\n                            <a href=\"https:\/\/www.mobilofficefurniture.it\/wp-content\/uploads\/2024\/01\/Dettaglio-T_Cube-02_i12_0001.jpg\" data-fancybox=\"gallery_custom_gallery-block_19df555bd59b66a02d55e133d58c5729\">\r\n                                <img srcset=\"https:\/\/www.mobilofficefurniture.it\/wp-content\/uploads\/2024\/01\/Dettaglio-T_Cube-02_i12_0001-800x600.jpg\" loading=\"lazy\">\r\n                                <div class=\"swiper-lazy-preloader swiper-lazy-preloader-white\"><\/div>\r\n                            <\/a>\r\n                        <\/div>\r\n                                                <div class=\"swiper-slide\">\r\n                            <a href=\"https:\/\/www.mobilofficefurniture.it\/wp-content\/uploads\/2024\/01\/Ambiente-TCUBE_2_0004.jpg\" data-fancybox=\"gallery_custom_gallery-block_19df555bd59b66a02d55e133d58c5729\">\r\n                                <img srcset=\"https:\/\/www.mobilofficefurniture.it\/wp-content\/uploads\/2024\/01\/Ambiente-TCUBE_2_0004-800x600.jpg\" loading=\"lazy\">\r\n                                <div class=\"swiper-lazy-preloader swiper-lazy-preloader-white\"><\/div>\r\n                            <\/a>\r\n                        <\/div>\r\n                                        <\/div>\r\n                <div class=\"previous-arrow\"><img decoding=\"async\" src=\"\/wp-content\/uploads\/2024\/01\/previous-arrow-swiper-brown.svg\"><\/div>\r\n                <div class=\"next-arrow\"><img decoding=\"async\" src=\"\/wp-content\/uploads\/2024\/01\/next-arrow-swiper-brown.svg\"><\/div>\r\n            <\/div>\r\n        <\/div>\r\n        <\/div>\n\n\n\n<div style=\"height:80px\" aria-hidden=\"true\" class=\"wp-block-spacer\"><\/div>\n\n\n\n<div class=\"wp-block-group is-style-container\">\t\t<div class=\"OtherChildrenPost\">\n\t\t\t<div class=\"OtherChildrenPost_Wrapper\">\n\t\t\t\t<div class=\"row align-items-center\">\n\t\t\t\t\t<div class=\"col-12 col-lg-auto d-none d-lg-block\">\n\t\t\t\t\t\t<img decoding=\"async\" src=\"\/wp-content\/uploads\/2024\/01\/arrow-right-black.svg\">\n\t\t\t\t\t<\/div>\n\t\t\t\t\t<div class=\"col-12 col-lg-auto d-block d-lg-none ArrowDownOnMobile\">\n\t\t\t\t\t\t<img decoding=\"async\" src=\"\/wp-content\/uploads\/2024\/01\/arrow-down-black.svg\">\n\t\t\t\t\t<\/div>\n\t\t\t\t\t<div class=\"col-12 col-lg-auto\">\n\t\t\t\t\t\t<div class=\"is-style-BigTitle\">\n\t\t\t\t\t\t\tAutres<br>produits\t\t\t\t\t\t<\/div>\n\t\t\t\t\t<\/div>\n\t\t\t\t\t<div class=\"col\">\n\t\t\t\t\t\t<div class=\"OtherChildrenPost_Content\">\n\t\t\t\t\t\t\t\t\t\t\t\t\t\t<div class=\"is_SingleChildrenPost\">\n\t\t\t\t\t\t\t\t\t<div class=\"is_SingleChildrenPost\">\n\t\t\t\t\t\t\t\t\t\t<a href=\"https:\/\/www.mobilofficefurniture.it\/fr\/bureaux-operationnels\/quadro\/\">\n\t\t\t\t\t\t\t\t\t\t\t<div class=\"childrenpost-detail-wrapper\">\n\t\t\t\t\t\t\t\t\t\t\t\t<div class=\"childrenpost-header\"><h3>quadro<\/h3><\/div>\n\t\t\t\t\t\t\t\t\t\t\t<\/div>\n\t\t\t\t\t\t\t\t\t\t<\/a>\n\t\t\t\t\t\t\t\t\t<\/div>\n\t\t\t\t\t\t\t\t<\/div>\n\t\t\t\t\t\t\t\t\t\t\t\t\t\t\t\t<div class=\"is_SingleChildrenPost\">\n\t\t\t\t\t\t\t\t\t<div class=\"is_SingleChildrenPost\">\n\t\t\t\t\t\t\t\t\t\t<a href=\"https:\/\/www.mobilofficefurniture.it\/fr\/bureaux-operationnels\/line\/\">\n\t\t\t\t\t\t\t\t\t\t\t<div class=\"childrenpost-detail-wrapper\">\n\t\t\t\t\t\t\t\t\t\t\t\t<div class=\"childrenpost-header\"><h3>line<\/h3><\/div>\n\t\t\t\t\t\t\t\t\t\t\t<\/div>\n\t\t\t\t\t\t\t\t\t\t<\/a>\n\t\t\t\t\t\t\t\t\t<\/div>\n\t\t\t\t\t\t\t\t<\/div>\n\t\t\t\t\t\t\t\t\t\t\t\t\t\t\t\t<div class=\"is_SingleChildrenPost\">\n\t\t\t\t\t\t\t\t\t<div class=\"is_SingleChildrenPost\">\n\t\t\t\t\t\t\t\t\t\t<a href=\"https:\/\/www.mobilofficefurniture.it\/fr\/bureaux-operationnels\/point2\/\">\n\t\t\t\t\t\t\t\t\t\t\t<div class=\"childrenpost-detail-wrapper\">\n\t\t\t\t\t\t\t\t\t\t\t\t<div class=\"childrenpost-header\"><h3>point2<\/h3><\/div>\n\t\t\t\t\t\t\t\t\t\t\t<\/div>\n\t\t\t\t\t\t\t\t\t\t<\/a>\n\t\t\t\t\t\t\t\t\t<\/div>\n\t\t\t\t\t\t\t\t<\/div>\n\t\t\t\t\t\t\t\t\t\t\t\t\t\t\t\t<div class=\"is_SingleChildrenPost\">\n\t\t\t\t\t\t\t\t\t<div class=\"is_SingleChildrenPost\">\n\t\t\t\t\t\t\t\t\t\t<a href=\"https:\/\/www.mobilofficefurniture.it\/fr\/bureaux-operationnels\/t_cube\/\">\n\t\t\t\t\t\t\t\t\t\t\t<div class=\"childrenpost-detail-wrapper\">\n\t\t\t\t\t\t\t\t\t\t\t\t<div class=\"childrenpost-header\"><h3>t_cube<\/h3><\/div>\n\t\t\t\t\t\t\t\t\t\t\t<\/div>\n\t\t\t\t\t\t\t\t\t\t<\/a>\n\t\t\t\t\t\t\t\t\t<\/div>\n\t\t\t\t\t\t\t\t<\/div>\n\t\t\t\t\t\t\t\t\t\t\t\t\t\t\t\t<div class=\"is_SingleChildrenPost\">\n\t\t\t\t\t\t\t\t\t<div class=\"is_SingleChildrenPost\">\n\t\t\t\t\t\t\t\t\t\t<a href=\"https:\/\/www.mobilofficefurniture.it\/fr\/bureaux-operationnels\/sketch2\/\">\n\t\t\t\t\t\t\t\t\t\t\t<div class=\"childrenpost-detail-wrapper\">\n\t\t\t\t\t\t\t\t\t\t\t\t<div class=\"childrenpost-header\"><h3>sketch2<\/h3><\/div>\n\t\t\t\t\t\t\t\t\t\t\t<\/div>\n\t\t\t\t\t\t\t\t\t\t<\/a>\n\t\t\t\t\t\t\t\t\t<\/div>\n\t\t\t\t\t\t\t\t<\/div>\n\t\t\t\t\t\t\t\t\t\t\t\t\t\t\t\t<div class=\"is_SingleChildrenPost\">\n\t\t\t\t\t\t\t\t\t<div class=\"is_SingleChildrenPost\">\n\t\t\t\t\t\t\t\t\t\t<a href=\"https:\/\/www.mobilofficefurniture.it\/fr\/bureaux-operationnels\/krin\/\">\n\t\t\t\t\t\t\t\t\t\t\t<div class=\"childrenpost-detail-wrapper\">\n\t\t\t\t\t\t\t\t\t\t\t\t<div class=\"childrenpost-header\"><h3>krin<\/h3><\/div>\n\t\t\t\t\t\t\t\t\t\t\t<\/div>\n\t\t\t\t\t\t\t\t\t\t<\/a>\n\t\t\t\t\t\t\t\t\t<\/div>\n\t\t\t\t\t\t\t\t<\/div>\n\t\t\t\t\t\t\t\t\t\t\t\t\t\t<\/div>\n\t\t\t\t\t<\/div>\n\t\t\t\t<\/div>\n\t\t\t<\/div>\n\t\t<\/div>\n\t\t\n<\/div>\n\n\n\n<div style=\"height:80px\" aria-hidden=\"true\" class=\"wp-block-spacer\"><\/div>\n\n\n\n<div class=\"wp-block-cover alignfull\"><span aria-hidden=\"true\" class=\"wp-block-cover__background has-background-dim-80 has-background-dim\"><\/span><img loading=\"lazy\" decoding=\"async\" width=\"1920\" height=\"900\" class=\"wp-block-cover__image-background wp-image-103\" alt=\"\" src=\"https:\/\/www.mobilofficefurniture.it\/wp-content\/uploads\/2024\/01\/Scrivanie-operative-header.jpg\" data-object-fit=\"cover\" srcset=\"https:\/\/www.mobilofficefurniture.it\/wp-content\/uploads\/2024\/01\/Scrivanie-operative-header.jpg 1920w, https:\/\/www.mobilofficefurniture.it\/wp-content\/uploads\/2024\/01\/Scrivanie-operative-header-1600x750.jpg 1600w, https:\/\/www.mobilofficefurniture.it\/wp-content\/uploads\/2024\/01\/Scrivanie-operative-header-768x360.jpg 768w, https:\/\/www.mobilofficefurniture.it\/wp-content\/uploads\/2024\/01\/Scrivanie-operative-header-1536x720.jpg 1536w, https:\/\/www.mobilofficefurniture.it\/wp-content\/uploads\/2024\/01\/Scrivanie-operative-header-600x281.jpg 600w\" sizes=\"auto, (max-width: 1920px) 100vw, 1920px\" \/><div class=\"wp-block-cover__inner-container\">\n<div class=\"wp-block-group is-style-container\">\n<div style=\"height:40px\" aria-hidden=\"true\" class=\"wp-block-spacer\"><\/div>\n\n\n\n<p class=\"is-style-BigTitle\">Ces produits vous int\u00e9ressent ?<\/p>\n\n\n\n<div style=\"height:5px\" aria-hidden=\"true\" class=\"wp-block-spacer\"><\/div>\n\n\n\n<p>\u00c9crivez-nous ici et nous vous donnerons toutes les informations que vous recherchez<\/p>\n\n\n\n<div class=\"wp-block-group max-width-70\">\n<div class=\"wp-block-contact-form-7-contact-form-selector\"><p class=\"wpcf7-contact-form-not-found\"><strong>Erreur\u00a0:<\/strong> Formulaire de contact non trouv\u00e9\u00a0!<\/p><\/div>\n<\/div>\n\n\n\n<div style=\"height:40px\" aria-hidden=\"true\" class=\"wp-block-spacer\"><\/div>\n<\/div>\n<\/div><\/div>\n","protected":false},"excerpt":{"rendered":"<p>Praise of the rational.<\/p>\n","protected":false},"author":1,"featured_media":887,"parent":1002,"menu_order":5,"comment_status":"closed","ping_status":"closed","template":"","meta":{"_acf_changed":false,"inline_featured_image":false,"footnotes":""},"class_list":["post-1010","page","type-page","status-publish","has-post-thumbnail","hentry"],"acf":[],"yoast_head":"<title>Mobil Office Furniture - t_cube<\/title>\n<meta name=\"description\" content=\"Bureau t_cube : Son syst\u00e8me modulaire permet de cr\u00e9er de multiples compositions et de rationaliser les espaces, selon les besoins. t_cube \u00e0 hauteur variable. Les finitions, les compositions et les hauteurs sont des \u00e9l\u00e9ments qui facilitent l\u2019ergonomie du lieu de travail, facilement combinables gr\u00e2ce \u00e0 une large proposition de mat\u00e9riaux et de solutions pour cr\u00e9er un espace sur mesure et personnalis\u00e9.\" \/>\n<meta name=\"robots\" content=\"index, follow, max-snippet:-1, max-image-preview:large, max-video-preview:-1\" \/>\n<link rel=\"canonical\" href=\"https:\/\/www.mobilofficefurniture.it\/fr\/bureaux-operationnels\/t_cube\/\" \/>\n<meta property=\"og:locale\" content=\"fr_FR\" \/>\n<meta property=\"og:type\" content=\"article\" \/>\n<meta property=\"og:title\" content=\"Mobil Office Furniture - t_cube\" \/>\n<meta property=\"og:description\" content=\"Bureau t_cube : Son syst\u00e8me modulaire permet de cr\u00e9er de multiples compositions et de rationaliser les espaces, selon les besoins. t_cube \u00e0 hauteur variable. Les finitions, les compositions et les hauteurs sont des \u00e9l\u00e9ments qui facilitent l\u2019ergonomie du lieu de travail, facilement combinables gr\u00e2ce \u00e0 une large proposition de mat\u00e9riaux et de solutions pour cr\u00e9er un espace sur mesure et personnalis\u00e9.\" \/>\n<meta property=\"og:url\" content=\"https:\/\/www.mobilofficefurniture.it\/fr\/bureaux-operationnels\/t_cube\/\" \/>\n<meta property=\"og:site_name\" content=\"Mobil Office Furniture\" \/>\n<meta property=\"article:modified_time\" content=\"2024-08-30T09:31:16+00:00\" \/>\n<meta property=\"og:image\" content=\"https:\/\/www.mobilofficefurniture.it\/wp-content\/uploads\/2024\/01\/Tcube-dett-gamba_i4_0001.jpg\" \/>\n\t<meta property=\"og:image:width\" content=\"1344\" \/>\n\t<meta property=\"og:image:height\" content=\"1920\" \/>\n\t<meta property=\"og:image:type\" content=\"image\/jpeg\" \/>\n<meta name=\"twitter:card\" content=\"summary_large_image\" \/>\n<meta name=\"twitter:label1\" content=\"Dur\u00e9e de lecture estim\u00e9e\" \/>\n\t<meta name=\"twitter:data1\" content=\"5 minutes\" \/>\n<script type=\"application\/ld+json\" class=\"yoast-schema-graph\">{\"@context\":\"https:\/\/schema.org\",\"@graph\":[{\"@type\":\"WebPage\",\"@id\":\"https:\/\/www.mobilofficefurniture.it\/fr\/bureaux-operationnels\/t_cube\/\",\"url\":\"https:\/\/www.mobilofficefurniture.it\/fr\/bureaux-operationnels\/t_cube\/\",\"name\":\"Mobil Office Furniture - t_cube\",\"isPartOf\":{\"@id\":\"https:\/\/www.mobilofficefurniture.it\/fr\/#website\"},\"primaryImageOfPage\":{\"@id\":\"https:\/\/www.mobilofficefurniture.it\/fr\/bureaux-operationnels\/t_cube\/#primaryimage\"},\"image\":{\"@id\":\"https:\/\/www.mobilofficefurniture.it\/fr\/bureaux-operationnels\/t_cube\/#primaryimage\"},\"thumbnailUrl\":\"https:\/\/www.mobilofficefurniture.it\/wp-content\/uploads\/2024\/01\/Tcube-dett-gamba_i4_0001.jpg\",\"datePublished\":\"2024-01-10T10:53:56+00:00\",\"dateModified\":\"2024-08-30T09:31:16+00:00\",\"description\":\"Bureau t_cube : Son syst\u00e8me modulaire permet de cr\u00e9er de multiples compositions et de rationaliser les espaces, selon les besoins. t_cube \u00e0 hauteur variable. Les finitions, les compositions et les hauteurs sont des \u00e9l\u00e9ments qui facilitent l\u2019ergonomie du lieu de travail, facilement combinables gr\u00e2ce \u00e0 une large proposition de mat\u00e9riaux et de solutions pour cr\u00e9er un espace sur mesure et personnalis\u00e9.\",\"breadcrumb\":{\"@id\":\"https:\/\/www.mobilofficefurniture.it\/fr\/bureaux-operationnels\/t_cube\/#breadcrumb\"},\"inLanguage\":\"fr-FR\",\"potentialAction\":[{\"@type\":\"ReadAction\",\"target\":[\"https:\/\/www.mobilofficefurniture.it\/fr\/bureaux-operationnels\/t_cube\/\"]}]},{\"@type\":\"ImageObject\",\"inLanguage\":\"fr-FR\",\"@id\":\"https:\/\/www.mobilofficefurniture.it\/fr\/bureaux-operationnels\/t_cube\/#primaryimage\",\"url\":\"https:\/\/www.mobilofficefurniture.it\/wp-content\/uploads\/2024\/01\/Tcube-dett-gamba_i4_0001.jpg\",\"contentUrl\":\"https:\/\/www.mobilofficefurniture.it\/wp-content\/uploads\/2024\/01\/Tcube-dett-gamba_i4_0001.jpg\",\"width\":1344,\"height\":1920},{\"@type\":\"BreadcrumbList\",\"@id\":\"https:\/\/www.mobilofficefurniture.it\/fr\/bureaux-operationnels\/t_cube\/#breadcrumb\",\"itemListElement\":[{\"@type\":\"ListItem\",\"position\":1,\"name\":\"Home\",\"item\":\"https:\/\/www.mobilofficefurniture.it\/fr\/\"},{\"@type\":\"ListItem\",\"position\":2,\"name\":\"Bureaux op\u00e9rationnels\",\"item\":\"https:\/\/www.mobilofficefurniture.it\/fr\/bureaux-operationnels\/\"},{\"@type\":\"ListItem\",\"position\":3,\"name\":\"t_cube\"}]},{\"@type\":\"WebSite\",\"@id\":\"https:\/\/www.mobilofficefurniture.it\/fr\/#website\",\"url\":\"https:\/\/www.mobilofficefurniture.it\/fr\/\",\"name\":\"Mobile Office Furniture\",\"description\":\"Sistemi d\u2019arredo per uffici direzionali e operativi\",\"publisher\":{\"@id\":\"https:\/\/www.mobilofficefurniture.it\/fr\/#organization\"},\"alternateName\":\"Mobile Office Furniture - Sistemi d\u2019arredo per uffici direzionali e operativi\",\"potentialAction\":[{\"@type\":\"SearchAction\",\"target\":{\"@type\":\"EntryPoint\",\"urlTemplate\":\"https:\/\/www.mobilofficefurniture.it\/fr\/?s={search_term_string}\"},\"query-input\":{\"@type\":\"PropertyValueSpecification\",\"valueRequired\":true,\"valueName\":\"search_term_string\"}}],\"inLanguage\":\"fr-FR\"},{\"@type\":\"Organization\",\"@id\":\"https:\/\/www.mobilofficefurniture.it\/fr\/#organization\",\"name\":\"Mobile Office Furniture\",\"url\":\"https:\/\/www.mobilofficefurniture.it\/fr\/\",\"logo\":{\"@type\":\"ImageObject\",\"inLanguage\":\"fr-FR\",\"@id\":\"https:\/\/www.mobilofficefurniture.it\/fr\/#\/schema\/logo\/image\/\",\"url\":\"https:\/\/www.mobilofficefurniture.it\/wp-content\/uploads\/2024\/01\/mobilofficefurniture-logo.svg\",\"contentUrl\":\"https:\/\/www.mobilofficefurniture.it\/wp-content\/uploads\/2024\/01\/mobilofficefurniture-logo.svg\",\"width\":300,\"height\":32,\"caption\":\"Mobile Office Furniture\"},\"image\":{\"@id\":\"https:\/\/www.mobilofficefurniture.it\/fr\/#\/schema\/logo\/image\/\"}}]}<\/script>","yoast_head_json":{"title":"Mobil Office Furniture - t_cube","description":"Bureau t_cube : Son syst\u00e8me modulaire permet de cr\u00e9er de multiples compositions et de rationaliser les espaces, selon les besoins. t_cube \u00e0 hauteur variable. Les finitions, les compositions et les hauteurs sont des \u00e9l\u00e9ments qui facilitent l\u2019ergonomie du lieu de travail, facilement combinables gr\u00e2ce \u00e0 une large proposition de mat\u00e9riaux et de solutions pour cr\u00e9er un espace sur mesure et personnalis\u00e9.","robots":{"index":"index","follow":"follow","max-snippet":"max-snippet:-1","max-image-preview":"max-image-preview:large","max-video-preview":"max-video-preview:-1"},"canonical":"https:\/\/www.mobilofficefurniture.it\/fr\/bureaux-operationnels\/t_cube\/","og_locale":"fr_FR","og_type":"article","og_title":"Mobil Office Furniture - t_cube","og_description":"Bureau t_cube : Son syst\u00e8me modulaire permet de cr\u00e9er de multiples compositions et de rationaliser les espaces, selon les besoins. t_cube \u00e0 hauteur variable. Les finitions, les compositions et les hauteurs sont des \u00e9l\u00e9ments qui facilitent l\u2019ergonomie du lieu de travail, facilement combinables gr\u00e2ce \u00e0 une large proposition de mat\u00e9riaux et de solutions pour cr\u00e9er un espace sur mesure et personnalis\u00e9.","og_url":"https:\/\/www.mobilofficefurniture.it\/fr\/bureaux-operationnels\/t_cube\/","og_site_name":"Mobil Office Furniture","article_modified_time":"2024-08-30T09:31:16+00:00","og_image":[{"width":1344,"height":1920,"url":"https:\/\/www.mobilofficefurniture.it\/wp-content\/uploads\/2024\/01\/Tcube-dett-gamba_i4_0001.jpg","type":"image\/jpeg"}],"twitter_card":"summary_large_image","twitter_misc":{"Dur\u00e9e de lecture estim\u00e9e":"5 minutes"},"schema":{"@context":"https:\/\/schema.org","@graph":[{"@type":"WebPage","@id":"https:\/\/www.mobilofficefurniture.it\/fr\/bureaux-operationnels\/t_cube\/","url":"https:\/\/www.mobilofficefurniture.it\/fr\/bureaux-operationnels\/t_cube\/","name":"Mobil Office Furniture - t_cube","isPartOf":{"@id":"https:\/\/www.mobilofficefurniture.it\/fr\/#website"},"primaryImageOfPage":{"@id":"https:\/\/www.mobilofficefurniture.it\/fr\/bureaux-operationnels\/t_cube\/#primaryimage"},"image":{"@id":"https:\/\/www.mobilofficefurniture.it\/fr\/bureaux-operationnels\/t_cube\/#primaryimage"},"thumbnailUrl":"https:\/\/www.mobilofficefurniture.it\/wp-content\/uploads\/2024\/01\/Tcube-dett-gamba_i4_0001.jpg","datePublished":"2024-01-10T10:53:56+00:00","dateModified":"2024-08-30T09:31:16+00:00","description":"Bureau t_cube : Son syst\u00e8me modulaire permet de cr\u00e9er de multiples compositions et de rationaliser les espaces, selon les besoins. t_cube \u00e0 hauteur variable. Les finitions, les compositions et les hauteurs sont des \u00e9l\u00e9ments qui facilitent l\u2019ergonomie du lieu de travail, facilement combinables gr\u00e2ce \u00e0 une large proposition de mat\u00e9riaux et de solutions pour cr\u00e9er un espace sur mesure et personnalis\u00e9.","breadcrumb":{"@id":"https:\/\/www.mobilofficefurniture.it\/fr\/bureaux-operationnels\/t_cube\/#breadcrumb"},"inLanguage":"fr-FR","potentialAction":[{"@type":"ReadAction","target":["https:\/\/www.mobilofficefurniture.it\/fr\/bureaux-operationnels\/t_cube\/"]}]},{"@type":"ImageObject","inLanguage":"fr-FR","@id":"https:\/\/www.mobilofficefurniture.it\/fr\/bureaux-operationnels\/t_cube\/#primaryimage","url":"https:\/\/www.mobilofficefurniture.it\/wp-content\/uploads\/2024\/01\/Tcube-dett-gamba_i4_0001.jpg","contentUrl":"https:\/\/www.mobilofficefurniture.it\/wp-content\/uploads\/2024\/01\/Tcube-dett-gamba_i4_0001.jpg","width":1344,"height":1920},{"@type":"BreadcrumbList","@id":"https:\/\/www.mobilofficefurniture.it\/fr\/bureaux-operationnels\/t_cube\/#breadcrumb","itemListElement":[{"@type":"ListItem","position":1,"name":"Home","item":"https:\/\/www.mobilofficefurniture.it\/fr\/"},{"@type":"ListItem","position":2,"name":"Bureaux op\u00e9rationnels","item":"https:\/\/www.mobilofficefurniture.it\/fr\/bureaux-operationnels\/"},{"@type":"ListItem","position":3,"name":"t_cube"}]},{"@type":"WebSite","@id":"https:\/\/www.mobilofficefurniture.it\/fr\/#website","url":"https:\/\/www.mobilofficefurniture.it\/fr\/","name":"Mobile Office Furniture","description":"Sistemi d\u2019arredo per uffici direzionali e operativi","publisher":{"@id":"https:\/\/www.mobilofficefurniture.it\/fr\/#organization"},"alternateName":"Mobile Office Furniture - Sistemi d\u2019arredo per uffici direzionali e operativi","potentialAction":[{"@type":"SearchAction","target":{"@type":"EntryPoint","urlTemplate":"https:\/\/www.mobilofficefurniture.it\/fr\/?s={search_term_string}"},"query-input":{"@type":"PropertyValueSpecification","valueRequired":true,"valueName":"search_term_string"}}],"inLanguage":"fr-FR"},{"@type":"Organization","@id":"https:\/\/www.mobilofficefurniture.it\/fr\/#organization","name":"Mobile Office Furniture","url":"https:\/\/www.mobilofficefurniture.it\/fr\/","logo":{"@type":"ImageObject","inLanguage":"fr-FR","@id":"https:\/\/www.mobilofficefurniture.it\/fr\/#\/schema\/logo\/image\/","url":"https:\/\/www.mobilofficefurniture.it\/wp-content\/uploads\/2024\/01\/mobilofficefurniture-logo.svg","contentUrl":"https:\/\/www.mobilofficefurniture.it\/wp-content\/uploads\/2024\/01\/mobilofficefurniture-logo.svg","width":300,"height":32,"caption":"Mobile Office Furniture"},"image":{"@id":"https:\/\/www.mobilofficefurniture.it\/fr\/#\/schema\/logo\/image\/"}}]}},"_links":{"self":[{"href":"https:\/\/www.mobilofficefurniture.it\/fr\/wp-json\/wp\/v2\/pages\/1010","targetHints":{"allow":["GET"]}}],"collection":[{"href":"https:\/\/www.mobilofficefurniture.it\/fr\/wp-json\/wp\/v2\/pages"}],"about":[{"href":"https:\/\/www.mobilofficefurniture.it\/fr\/wp-json\/wp\/v2\/types\/page"}],"author":[{"embeddable":true,"href":"https:\/\/www.mobilofficefurniture.it\/fr\/wp-json\/wp\/v2\/users\/1"}],"replies":[{"embeddable":true,"href":"https:\/\/www.mobilofficefurniture.it\/fr\/wp-json\/wp\/v2\/comments?post=1010"}],"version-history":[{"count":3,"href":"https:\/\/www.mobilofficefurniture.it\/fr\/wp-json\/wp\/v2\/pages\/1010\/revisions"}],"predecessor-version":[{"id":1327,"href":"https:\/\/www.mobilofficefurniture.it\/fr\/wp-json\/wp\/v2\/pages\/1010\/revisions\/1327"}],"up":[{"embeddable":true,"href":"https:\/\/www.mobilofficefurniture.it\/fr\/wp-json\/wp\/v2\/pages\/1002"}],"wp:featuredmedia":[{"embeddable":true,"href":"https:\/\/www.mobilofficefurniture.it\/fr\/wp-json\/wp\/v2\/media\/887"}],"wp:attachment":[{"href":"https:\/\/www.mobilofficefurniture.it\/fr\/wp-json\/wp\/v2\/media?parent=1010"}],"curies":[{"name":"wp","href":"https:\/\/api.w.org\/{rel}","templated":true}]}}