{"id":1012,"date":"2024-01-10T12:07:32","date_gmt":"2024-01-10T11:07:32","guid":{"rendered":"https:\/\/www.mobilofficefurniture.it\/scrivanie-operative\/sketch2\/"},"modified":"2024-01-16T10:30:26","modified_gmt":"2024-01-16T09:30:26","slug":"sketch2","status":"publish","type":"page","link":"https:\/\/www.mobilofficefurniture.it\/fr\/bureaux-operationnels\/sketch2\/","title":{"rendered":"sketch2"},"content":{"rendered":"\n<div style=\"height:50px\" aria-hidden=\"true\" class=\"wp-block-spacer\"><\/div>\n\n\n\n<div class=\"wp-block-group is-style-container\">\n<h1 class=\"wp-block-heading is-style-BigTitle\">sketch2<\/h1>\n\n\n\n<div style=\"height:10px\" aria-hidden=\"true\" class=\"wp-block-spacer\"><\/div>\n\n\n\n<p>Le fonctionnement total et l\u2019utilisation rationnelle des diff\u00e9rentes solutions, du bureau simple aux grandes compositions lin\u00e9aires.<\/p>\n<\/div>\n\n\n\n<div style=\"height:40px\" aria-hidden=\"true\" class=\"wp-block-spacer\"><\/div>\n\n\n\n<div class=\"wp-block-group is-style-containerfluid\">\n<figure class=\"wp-block-image alignfull size-full\"><img loading=\"lazy\" decoding=\"async\" width=\"1920\" height=\"1357\" src=\"https:\/\/www.mobilofficefurniture.it\/wp-content\/uploads\/2024\/01\/Ambiente-Spagnol-Sketch-02_i5.jpg\" alt=\"\" class=\"wp-image-357\" srcset=\"https:\/\/www.mobilofficefurniture.it\/wp-content\/uploads\/2024\/01\/Ambiente-Spagnol-Sketch-02_i5.jpg 1920w, https:\/\/www.mobilofficefurniture.it\/wp-content\/uploads\/2024\/01\/Ambiente-Spagnol-Sketch-02_i5-1600x1131.jpg 1600w, https:\/\/www.mobilofficefurniture.it\/wp-content\/uploads\/2024\/01\/Ambiente-Spagnol-Sketch-02_i5-768x543.jpg 768w, https:\/\/www.mobilofficefurniture.it\/wp-content\/uploads\/2024\/01\/Ambiente-Spagnol-Sketch-02_i5-1536x1086.jpg 1536w, https:\/\/www.mobilofficefurniture.it\/wp-content\/uploads\/2024\/01\/Ambiente-Spagnol-Sketch-02_i5-600x424.jpg 600w\" sizes=\"auto, (max-width: 1920px) 100vw, 1920px\" \/><\/figure>\n<\/div>\n\n\n\n<div class=\"wp-block-group is-style-container NegativeMarginTop-5\">\n<div class=\"wp-block-columns are-vertically-aligned-center\">\n<div class=\"wp-block-column is-vertically-aligned-center\" style=\"flex-basis:33.33%\">\n<img decoding=\"async\" class=\"ArrowDownOnMobile\" src=\"\/wp-content\/uploads\/2024\/01\/arrow-down-black.svg\">\n\n\n\n<figure class=\"wp-block-image size-medium\"><img loading=\"lazy\" decoding=\"async\" width=\"1131\" height=\"1600\" src=\"https:\/\/www.mobilofficefurniture.it\/wp-content\/uploads\/2024\/01\/Ambiente-Spagnol-Sketch-01_i4-1131x1600.jpg\" alt=\"\" class=\"wp-image-356\" srcset=\"https:\/\/www.mobilofficefurniture.it\/wp-content\/uploads\/2024\/01\/Ambiente-Spagnol-Sketch-01_i4-1131x1600.jpg 1131w, https:\/\/www.mobilofficefurniture.it\/wp-content\/uploads\/2024\/01\/Ambiente-Spagnol-Sketch-01_i4-768x1087.jpg 768w, https:\/\/www.mobilofficefurniture.it\/wp-content\/uploads\/2024\/01\/Ambiente-Spagnol-Sketch-01_i4-1086x1536.jpg 1086w, https:\/\/www.mobilofficefurniture.it\/wp-content\/uploads\/2024\/01\/Ambiente-Spagnol-Sketch-01_i4-424x600.jpg 424w, https:\/\/www.mobilofficefurniture.it\/wp-content\/uploads\/2024\/01\/Ambiente-Spagnol-Sketch-01_i4.jpg 1357w\" sizes=\"auto, (max-width: 1131px) 100vw, 1131px\" \/><\/figure>\n<\/div>\n\n\n\n<div class=\"wp-block-column is-vertically-aligned-center\" style=\"flex-basis:66.66%\">\n<p class=\"has-normal-font-size\">L\u2019\u00e9volution de Sketch2, r\u00e9interpr\u00e9t\u00e9 dans la structure la plus l\u00e9g\u00e8re et lin\u00e9aire en phase avec l\u2019\u00e9volution de l\u2019espace de travail.<\/p>\n<\/div>\n<\/div>\n<\/div>\n\n\n\n<div style=\"height:50px\" aria-hidden=\"true\" class=\"wp-block-spacer\"><\/div>\n\n\n\n<div class=\"wp-block-group is-style-container\">\n<p class=\"has-text-align-center\"><strong>Metal<\/strong><\/p>\n\n\n\n<div style=\"height:20px\" aria-hidden=\"true\" class=\"wp-block-spacer\"><\/div>\n\n\n\n<div class=\"wp-block-group max-width-50 MarginAuto\">\n<div class=\"wp-block-columns\">\n<div class=\"wp-block-column\">\n<figure class=\"wp-block-image aligncenter size-full\"><img loading=\"lazy\" decoding=\"async\" width=\"115\" height=\"115\" src=\"https:\/\/www.mobilofficefurniture.it\/wp-content\/uploads\/2024\/01\/bianco.jpg\" alt=\"\" class=\"wp-image-294\"\/><\/figure>\n\n\n\n<p class=\"has-text-align-center\">blanc<\/p>\n<\/div>\n\n\n\n<div class=\"wp-block-column\">\n<figure class=\"wp-block-image aligncenter size-full\"><img loading=\"lazy\" decoding=\"async\" width=\"115\" height=\"115\" src=\"https:\/\/www.mobilofficefurniture.it\/wp-content\/uploads\/2024\/01\/antracite.jpg\" alt=\"\" class=\"wp-image-295\"\/><\/figure>\n\n\n\n<p class=\"has-text-align-center\">anthracite<\/p>\n<\/div>\n\n\n\n<div class=\"wp-block-column\">\n<figure class=\"wp-block-image aligncenter size-full\"><img loading=\"lazy\" decoding=\"async\" width=\"115\" height=\"115\" src=\"https:\/\/www.mobilofficefurniture.it\/wp-content\/uploads\/2024\/01\/colori-ral.jpg\" alt=\"\" class=\"wp-image-293\"\/><\/figure>\n\n\n\n<p class=\"has-text-align-center\">Couleurs RAL<\/p>\n<\/div>\n<\/div>\n<\/div>\n<\/div>\n\n\n\n<div style=\"height:50px\" aria-hidden=\"true\" class=\"wp-block-spacer\"><\/div>\n\n\n\n<div class=\"wp-block-group is-style-containerfluid\">\n<figure class=\"wp-block-image alignfull size-full\"><img loading=\"lazy\" decoding=\"async\" width=\"1920\" height=\"1357\" src=\"https:\/\/www.mobilofficefurniture.it\/wp-content\/uploads\/2024\/01\/Ambiente-Spagnol-Sketch-03_i6.jpg\" alt=\"\" class=\"wp-image-358\" srcset=\"https:\/\/www.mobilofficefurniture.it\/wp-content\/uploads\/2024\/01\/Ambiente-Spagnol-Sketch-03_i6.jpg 1920w, https:\/\/www.mobilofficefurniture.it\/wp-content\/uploads\/2024\/01\/Ambiente-Spagnol-Sketch-03_i6-1600x1131.jpg 1600w, https:\/\/www.mobilofficefurniture.it\/wp-content\/uploads\/2024\/01\/Ambiente-Spagnol-Sketch-03_i6-768x543.jpg 768w, https:\/\/www.mobilofficefurniture.it\/wp-content\/uploads\/2024\/01\/Ambiente-Spagnol-Sketch-03_i6-1536x1086.jpg 1536w, https:\/\/www.mobilofficefurniture.it\/wp-content\/uploads\/2024\/01\/Ambiente-Spagnol-Sketch-03_i6-600x424.jpg 600w\" sizes=\"auto, (max-width: 1920px) 100vw, 1920px\" \/><\/figure>\n<\/div>\n\n\n\n<div style=\"height:50px\" aria-hidden=\"true\" class=\"wp-block-spacer\"><\/div>\n\n\n\n<div class=\"wp-block-group is-style-container\">\n<div class=\"wp-block-columns\">\n<div class=\"wp-block-column\">\n<div class=\"wp-block-group max-width-80\">\n<p class=\"has-normal-font-size\">Avec cette collection, vous pouvez cr\u00e9er des espaces de travail et de r\u00e9union de grande valeur esth\u00e9tique.<\/p>\n<\/div>\n\n\n\n<div style=\"height:30px\" aria-hidden=\"true\" class=\"wp-block-spacer\"><\/div>\n\n\n\n<figure class=\"wp-block-image size-full\"><img loading=\"lazy\" decoding=\"async\" width=\"1280\" height=\"1920\" src=\"https:\/\/www.mobilofficefurniture.it\/wp-content\/uploads\/2024\/01\/Ambiente-Spagnol-Sketch-07_i10_0037.jpg\" alt=\"\" class=\"wp-image-362\" srcset=\"https:\/\/www.mobilofficefurniture.it\/wp-content\/uploads\/2024\/01\/Ambiente-Spagnol-Sketch-07_i10_0037.jpg 1280w, https:\/\/www.mobilofficefurniture.it\/wp-content\/uploads\/2024\/01\/Ambiente-Spagnol-Sketch-07_i10_0037-1067x1600.jpg 1067w, https:\/\/www.mobilofficefurniture.it\/wp-content\/uploads\/2024\/01\/Ambiente-Spagnol-Sketch-07_i10_0037-768x1152.jpg 768w, https:\/\/www.mobilofficefurniture.it\/wp-content\/uploads\/2024\/01\/Ambiente-Spagnol-Sketch-07_i10_0037-1024x1536.jpg 1024w, https:\/\/www.mobilofficefurniture.it\/wp-content\/uploads\/2024\/01\/Ambiente-Spagnol-Sketch-07_i10_0037-400x600.jpg 400w\" sizes=\"auto, (max-width: 1280px) 100vw, 1280px\" \/><\/figure>\n<\/div>\n\n\n\n<div class=\"wp-block-column\">\n<figure class=\"wp-block-image size-full\"><img loading=\"lazy\" decoding=\"async\" width=\"1357\" height=\"1920\" src=\"https:\/\/www.mobilofficefurniture.it\/wp-content\/uploads\/2024\/01\/Ambiente-Spagnol-Sketch-05_i8_0037.jpg\" alt=\"\" class=\"wp-image-360\" srcset=\"https:\/\/www.mobilofficefurniture.it\/wp-content\/uploads\/2024\/01\/Ambiente-Spagnol-Sketch-05_i8_0037.jpg 1357w, https:\/\/www.mobilofficefurniture.it\/wp-content\/uploads\/2024\/01\/Ambiente-Spagnol-Sketch-05_i8_0037-1131x1600.jpg 1131w, https:\/\/www.mobilofficefurniture.it\/wp-content\/uploads\/2024\/01\/Ambiente-Spagnol-Sketch-05_i8_0037-768x1087.jpg 768w, https:\/\/www.mobilofficefurniture.it\/wp-content\/uploads\/2024\/01\/Ambiente-Spagnol-Sketch-05_i8_0037-1086x1536.jpg 1086w, https:\/\/www.mobilofficefurniture.it\/wp-content\/uploads\/2024\/01\/Ambiente-Spagnol-Sketch-05_i8_0037-424x600.jpg 424w\" sizes=\"auto, (max-width: 1357px) 100vw, 1357px\" \/><\/figure>\n<\/div>\n<\/div>\n\n\n\n<div class=\"wp-block-columns\">\n<div class=\"wp-block-column\" style=\"flex-basis:20%\"><\/div>\n\n\n\n<div class=\"wp-block-column\" style=\"flex-basis:80%\">\n<div class=\"wp-block-group max-width-80\">\n<figure class=\"wp-block-image size-full\"><img loading=\"lazy\" decoding=\"async\" width=\"1280\" height=\"1920\" src=\"https:\/\/www.mobilofficefurniture.it\/wp-content\/uploads\/2024\/01\/Ambiente-Spagnol-Sketch-06-oik_i9_0037.jpg\" alt=\"\" class=\"wp-image-361\" srcset=\"https:\/\/www.mobilofficefurniture.it\/wp-content\/uploads\/2024\/01\/Ambiente-Spagnol-Sketch-06-oik_i9_0037.jpg 1280w, https:\/\/www.mobilofficefurniture.it\/wp-content\/uploads\/2024\/01\/Ambiente-Spagnol-Sketch-06-oik_i9_0037-1067x1600.jpg 1067w, https:\/\/www.mobilofficefurniture.it\/wp-content\/uploads\/2024\/01\/Ambiente-Spagnol-Sketch-06-oik_i9_0037-768x1152.jpg 768w, https:\/\/www.mobilofficefurniture.it\/wp-content\/uploads\/2024\/01\/Ambiente-Spagnol-Sketch-06-oik_i9_0037-1024x1536.jpg 1024w, https:\/\/www.mobilofficefurniture.it\/wp-content\/uploads\/2024\/01\/Ambiente-Spagnol-Sketch-06-oik_i9_0037-400x600.jpg 400w\" sizes=\"auto, (max-width: 1280px) 100vw, 1280px\" \/><\/figure>\n\n\n\n<div style=\"height:30px\" aria-hidden=\"true\" class=\"wp-block-spacer\"><\/div>\n\n\n\n<p class=\"has-normal-font-size\">Sketch2, \u00e9galement directionnel pour une ligne d\u2019ameublement transversal avec des finitions de qualit\u00e9. Les espaces de travail sont d\u00e9finis par un nouveau concept de soin du d\u00e9tail et de la combinaison des couleurs.<\/p>\n<\/div>\n<\/div>\n<\/div>\n<\/div>\n\n\n\n<div style=\"height:40px\" aria-hidden=\"true\" class=\"wp-block-spacer\"><\/div>\n\n\n\n<div class=\"wp-block-group is-style-containerfluid\">\n<img decoding=\"async\" class=\"PositionAbsolute d-none d-lg-block\" src=\"\/wp-content\/uploads\/2024\/01\/arrow-right-black.svg\">\n\n\n\n<div class=\"wp-block-group max-width-80 ms-auto\">\n<div class=\"wp-block-columns\">\n<div class=\"wp-block-column\">\n<figure class=\"wp-block-image size-full\"><img loading=\"lazy\" decoding=\"async\" width=\"1920\" height=\"1920\" src=\"https:\/\/www.mobilofficefurniture.it\/wp-content\/uploads\/2024\/01\/Ambiente-Spagnol-Sketch-09_i33_0037.jpg\" alt=\"\" class=\"wp-image-364\" srcset=\"https:\/\/www.mobilofficefurniture.it\/wp-content\/uploads\/2024\/01\/Ambiente-Spagnol-Sketch-09_i33_0037.jpg 1920w, https:\/\/www.mobilofficefurniture.it\/wp-content\/uploads\/2024\/01\/Ambiente-Spagnol-Sketch-09_i33_0037-1600x1600.jpg 1600w, https:\/\/www.mobilofficefurniture.it\/wp-content\/uploads\/2024\/01\/Ambiente-Spagnol-Sketch-09_i33_0037-150x150.jpg 150w, https:\/\/www.mobilofficefurniture.it\/wp-content\/uploads\/2024\/01\/Ambiente-Spagnol-Sketch-09_i33_0037-768x768.jpg 768w, https:\/\/www.mobilofficefurniture.it\/wp-content\/uploads\/2024\/01\/Ambiente-Spagnol-Sketch-09_i33_0037-1536x1536.jpg 1536w, https:\/\/www.mobilofficefurniture.it\/wp-content\/uploads\/2024\/01\/Ambiente-Spagnol-Sketch-09_i33_0037-600x600.jpg 600w\" sizes=\"auto, (max-width: 1920px) 100vw, 1920px\" \/><\/figure>\n<\/div>\n\n\n\n<div class=\"wp-block-column\">\n<figure class=\"wp-block-image size-full\"><img loading=\"lazy\" decoding=\"async\" width=\"1357\" height=\"1920\" src=\"https:\/\/www.mobilofficefurniture.it\/wp-content\/uploads\/2024\/01\/Ambiente-Spagnol-Sketch-08_i32_0037.jpg\" alt=\"\" class=\"wp-image-363\" srcset=\"https:\/\/www.mobilofficefurniture.it\/wp-content\/uploads\/2024\/01\/Ambiente-Spagnol-Sketch-08_i32_0037.jpg 1357w, https:\/\/www.mobilofficefurniture.it\/wp-content\/uploads\/2024\/01\/Ambiente-Spagnol-Sketch-08_i32_0037-1131x1600.jpg 1131w, https:\/\/www.mobilofficefurniture.it\/wp-content\/uploads\/2024\/01\/Ambiente-Spagnol-Sketch-08_i32_0037-768x1087.jpg 768w, https:\/\/www.mobilofficefurniture.it\/wp-content\/uploads\/2024\/01\/Ambiente-Spagnol-Sketch-08_i32_0037-1086x1536.jpg 1086w, https:\/\/www.mobilofficefurniture.it\/wp-content\/uploads\/2024\/01\/Ambiente-Spagnol-Sketch-08_i32_0037-424x600.jpg 424w\" sizes=\"auto, (max-width: 1357px) 100vw, 1357px\" \/><\/figure>\n<\/div>\n<\/div>\n<\/div>\n<\/div>\n\n\n\n<div style=\"height:40px\" aria-hidden=\"true\" class=\"wp-block-spacer\"><\/div>\n\n\n\n<div class=\"wp-block-group is-style-containerfluid\">\n<figure class=\"wp-block-image alignfull size-full\"><img loading=\"lazy\" decoding=\"async\" width=\"1920\" height=\"1357\" src=\"https:\/\/www.mobilofficefurniture.it\/wp-content\/uploads\/2024\/01\/Ambiente-Spagnol-Sketch-10_i13.jpg\" alt=\"\" class=\"wp-image-365\" srcset=\"https:\/\/www.mobilofficefurniture.it\/wp-content\/uploads\/2024\/01\/Ambiente-Spagnol-Sketch-10_i13.jpg 1920w, https:\/\/www.mobilofficefurniture.it\/wp-content\/uploads\/2024\/01\/Ambiente-Spagnol-Sketch-10_i13-1600x1131.jpg 1600w, https:\/\/www.mobilofficefurniture.it\/wp-content\/uploads\/2024\/01\/Ambiente-Spagnol-Sketch-10_i13-768x543.jpg 768w, https:\/\/www.mobilofficefurniture.it\/wp-content\/uploads\/2024\/01\/Ambiente-Spagnol-Sketch-10_i13-1536x1086.jpg 1536w, https:\/\/www.mobilofficefurniture.it\/wp-content\/uploads\/2024\/01\/Ambiente-Spagnol-Sketch-10_i13-600x424.jpg 600w\" sizes=\"auto, (max-width: 1920px) 100vw, 1920px\" \/><\/figure>\n\n\n\n<div style=\"height:40px\" aria-hidden=\"true\" class=\"wp-block-spacer\"><\/div>\n\n\n\n<div class=\"wp-block-columns\">\n<div class=\"wp-block-column\">\n<p class=\"has-normal-font-size\">Une structure caract\u00e9ris\u00e9e par une s\u00e9rie d\u2019\u00e9l\u00e9ments qui permettent la r\u00e9alisation de compositions infinies, avec des structures qui permettent de r\u00e9soudre de multiples utilisations et configurations.<\/p>\n\n\n\n<p class=\"has-normal-font-size\">L\u2019utilisation des \u00e9l\u00e9ments modulaires et des compl\u00e9ments offre une grande flexibilit\u00e9 d\u2019utilisation et d\u2019organisation de l\u2019espace.<\/p>\n<\/div>\n\n\n\n<div class=\"wp-block-column\">\n<img decoding=\"async\" class=\"d-none d-lg-block\" src=\"\/wp-content\/uploads\/2024\/01\/arrow-left-black.svg\">\n<\/div>\n<\/div>\n<\/div>\n\n\n\n<div style=\"height:40px\" aria-hidden=\"true\" class=\"wp-block-spacer\"><\/div>\n\n\n\n<div class=\"wp-block-group is-style-containerfluid\">        <div class=\"CustomGalleryWrapper wrapper_custom_gallery-block_fcf85a2a941ee17e701460f946a278e3\">\r\n            <div id=\"custom_gallery-block_fcf85a2a941ee17e701460f946a278e3\" class=\"swiper custom_gallery\">\r\n                <div class=\"swiper-wrapper\">\r\n                                            <div class=\"swiper-slide\">\r\n                            <a href=\"https:\/\/www.mobilofficefurniture.it\/wp-content\/uploads\/2024\/01\/Dettaglio-Sketch-04_i18.jpg\" data-fancybox=\"gallery_custom_gallery-block_fcf85a2a941ee17e701460f946a278e3\">\r\n                                <img srcset=\"https:\/\/www.mobilofficefurniture.it\/wp-content\/uploads\/2024\/01\/Dettaglio-Sketch-04_i18-800x600.jpg\" loading=\"lazy\">\r\n                                <div class=\"swiper-lazy-preloader swiper-lazy-preloader-white\"><\/div>\r\n                            <\/a>\r\n                        <\/div>\r\n                                                <div class=\"swiper-slide\">\r\n                            <a href=\"https:\/\/www.mobilofficefurniture.it\/wp-content\/uploads\/2024\/01\/Dettaglio-Sketch-03_i17.jpg\" data-fancybox=\"gallery_custom_gallery-block_fcf85a2a941ee17e701460f946a278e3\">\r\n                                <img srcset=\"https:\/\/www.mobilofficefurniture.it\/wp-content\/uploads\/2024\/01\/Dettaglio-Sketch-03_i17-800x600.jpg\" loading=\"lazy\">\r\n                                <div class=\"swiper-lazy-preloader swiper-lazy-preloader-white\"><\/div>\r\n                            <\/a>\r\n                        <\/div>\r\n                                                <div class=\"swiper-slide\">\r\n                            <a href=\"https:\/\/www.mobilofficefurniture.it\/wp-content\/uploads\/2024\/01\/Dettaglio-Sketch-05_i19_0001.jpg\" data-fancybox=\"gallery_custom_gallery-block_fcf85a2a941ee17e701460f946a278e3\">\r\n                                <img srcset=\"https:\/\/www.mobilofficefurniture.it\/wp-content\/uploads\/2024\/01\/Dettaglio-Sketch-05_i19_0001-800x600.jpg\" loading=\"lazy\">\r\n                                <div class=\"swiper-lazy-preloader swiper-lazy-preloader-white\"><\/div>\r\n                            <\/a>\r\n                        <\/div>\r\n                                                <div class=\"swiper-slide\">\r\n                            <a href=\"https:\/\/www.mobilofficefurniture.it\/wp-content\/uploads\/2024\/01\/Dettaglio-Sketch-06_i20_0001.jpg\" data-fancybox=\"gallery_custom_gallery-block_fcf85a2a941ee17e701460f946a278e3\">\r\n                                <img srcset=\"https:\/\/www.mobilofficefurniture.it\/wp-content\/uploads\/2024\/01\/Dettaglio-Sketch-06_i20_0001-800x600.jpg\" loading=\"lazy\">\r\n                                <div class=\"swiper-lazy-preloader swiper-lazy-preloader-white\"><\/div>\r\n                            <\/a>\r\n                        <\/div>\r\n                                                <div class=\"swiper-slide\">\r\n                            <a href=\"https:\/\/www.mobilofficefurniture.it\/wp-content\/uploads\/2024\/01\/Dettaglio-Sketch-02.jpg\" data-fancybox=\"gallery_custom_gallery-block_fcf85a2a941ee17e701460f946a278e3\">\r\n                                <img srcset=\"https:\/\/www.mobilofficefurniture.it\/wp-content\/uploads\/2024\/01\/Dettaglio-Sketch-02-800x600.jpg\" loading=\"lazy\">\r\n                                <div class=\"swiper-lazy-preloader swiper-lazy-preloader-white\"><\/div>\r\n                            <\/a>\r\n                        <\/div>\r\n                                                <div class=\"swiper-slide\">\r\n                            <a href=\"https:\/\/www.mobilofficefurniture.it\/wp-content\/uploads\/2024\/01\/Dettaglio-Sketch-01_i16.jpg\" data-fancybox=\"gallery_custom_gallery-block_fcf85a2a941ee17e701460f946a278e3\">\r\n                                <img srcset=\"https:\/\/www.mobilofficefurniture.it\/wp-content\/uploads\/2024\/01\/Dettaglio-Sketch-01_i16-800x600.jpg\" loading=\"lazy\">\r\n                                <div class=\"swiper-lazy-preloader swiper-lazy-preloader-white\"><\/div>\r\n                            <\/a>\r\n                        <\/div>\r\n                                                <div class=\"swiper-slide\">\r\n                            <a href=\"https:\/\/www.mobilofficefurniture.it\/wp-content\/uploads\/2024\/01\/Ambiente-Spagnol-Sketch-04_i7_0001.jpg\" data-fancybox=\"gallery_custom_gallery-block_fcf85a2a941ee17e701460f946a278e3\">\r\n                                <img srcset=\"https:\/\/www.mobilofficefurniture.it\/wp-content\/uploads\/2024\/01\/Ambiente-Spagnol-Sketch-04_i7_0001-800x600.jpg\" loading=\"lazy\">\r\n                                <div class=\"swiper-lazy-preloader swiper-lazy-preloader-white\"><\/div>\r\n                            <\/a>\r\n                        <\/div>\r\n                                        <\/div>\r\n                <div class=\"previous-arrow\"><img decoding=\"async\" src=\"\/wp-content\/uploads\/2024\/01\/previous-arrow-swiper-brown.svg\"><\/div>\r\n                <div class=\"next-arrow\"><img decoding=\"async\" src=\"\/wp-content\/uploads\/2024\/01\/next-arrow-swiper-brown.svg\"><\/div>\r\n            <\/div>\r\n        <\/div>\r\n        <\/div>\n\n\n\n<div style=\"height:80px\" aria-hidden=\"true\" class=\"wp-block-spacer\"><\/div>\n\n\n\n<div class=\"wp-block-group is-style-container\">\t\t<div class=\"OtherChildrenPost\">\n\t\t\t<div class=\"OtherChildrenPost_Wrapper\">\n\t\t\t\t<div class=\"row align-items-center\">\n\t\t\t\t\t<div class=\"col-12 col-lg-auto d-none d-lg-block\">\n\t\t\t\t\t\t<img decoding=\"async\" src=\"\/wp-content\/uploads\/2024\/01\/arrow-right-black.svg\">\n\t\t\t\t\t<\/div>\n\t\t\t\t\t<div class=\"col-12 col-lg-auto d-block d-lg-none ArrowDownOnMobile\">\n\t\t\t\t\t\t<img decoding=\"async\" src=\"\/wp-content\/uploads\/2024\/01\/arrow-down-black.svg\">\n\t\t\t\t\t<\/div>\n\t\t\t\t\t<div class=\"col-12 col-lg-auto\">\n\t\t\t\t\t\t<div class=\"is-style-BigTitle\">\n\t\t\t\t\t\t\tAutres<br>produits\t\t\t\t\t\t<\/div>\n\t\t\t\t\t<\/div>\n\t\t\t\t\t<div class=\"col\">\n\t\t\t\t\t\t<div class=\"OtherChildrenPost_Content\">\n\t\t\t\t\t\t\t\t\t\t\t\t\t\t<div class=\"is_SingleChildrenPost\">\n\t\t\t\t\t\t\t\t\t<div class=\"is_SingleChildrenPost\">\n\t\t\t\t\t\t\t\t\t\t<a href=\"https:\/\/www.mobilofficefurniture.it\/fr\/bureaux-operationnels\/quadro\/\">\n\t\t\t\t\t\t\t\t\t\t\t<div class=\"childrenpost-detail-wrapper\">\n\t\t\t\t\t\t\t\t\t\t\t\t<div class=\"childrenpost-header\"><h3>quadro<\/h3><\/div>\n\t\t\t\t\t\t\t\t\t\t\t<\/div>\n\t\t\t\t\t\t\t\t\t\t<\/a>\n\t\t\t\t\t\t\t\t\t<\/div>\n\t\t\t\t\t\t\t\t<\/div>\n\t\t\t\t\t\t\t\t\t\t\t\t\t\t\t\t<div class=\"is_SingleChildrenPost\">\n\t\t\t\t\t\t\t\t\t<div class=\"is_SingleChildrenPost\">\n\t\t\t\t\t\t\t\t\t\t<a href=\"https:\/\/www.mobilofficefurniture.it\/fr\/bureaux-operationnels\/line\/\">\n\t\t\t\t\t\t\t\t\t\t\t<div class=\"childrenpost-detail-wrapper\">\n\t\t\t\t\t\t\t\t\t\t\t\t<div class=\"childrenpost-header\"><h3>line<\/h3><\/div>\n\t\t\t\t\t\t\t\t\t\t\t<\/div>\n\t\t\t\t\t\t\t\t\t\t<\/a>\n\t\t\t\t\t\t\t\t\t<\/div>\n\t\t\t\t\t\t\t\t<\/div>\n\t\t\t\t\t\t\t\t\t\t\t\t\t\t\t\t<div class=\"is_SingleChildrenPost\">\n\t\t\t\t\t\t\t\t\t<div class=\"is_SingleChildrenPost\">\n\t\t\t\t\t\t\t\t\t\t<a href=\"https:\/\/www.mobilofficefurniture.it\/fr\/bureaux-operationnels\/point2\/\">\n\t\t\t\t\t\t\t\t\t\t\t<div class=\"childrenpost-detail-wrapper\">\n\t\t\t\t\t\t\t\t\t\t\t\t<div class=\"childrenpost-header\"><h3>point2<\/h3><\/div>\n\t\t\t\t\t\t\t\t\t\t\t<\/div>\n\t\t\t\t\t\t\t\t\t\t<\/a>\n\t\t\t\t\t\t\t\t\t<\/div>\n\t\t\t\t\t\t\t\t<\/div>\n\t\t\t\t\t\t\t\t\t\t\t\t\t\t\t\t<div class=\"is_SingleChildrenPost\">\n\t\t\t\t\t\t\t\t\t<div class=\"is_SingleChildrenPost\">\n\t\t\t\t\t\t\t\t\t\t<a href=\"https:\/\/www.mobilofficefurniture.it\/fr\/bureaux-operationnels\/t_cube\/\">\n\t\t\t\t\t\t\t\t\t\t\t<div class=\"childrenpost-detail-wrapper\">\n\t\t\t\t\t\t\t\t\t\t\t\t<div class=\"childrenpost-header\"><h3>t_cube<\/h3><\/div>\n\t\t\t\t\t\t\t\t\t\t\t<\/div>\n\t\t\t\t\t\t\t\t\t\t<\/a>\n\t\t\t\t\t\t\t\t\t<\/div>\n\t\t\t\t\t\t\t\t<\/div>\n\t\t\t\t\t\t\t\t\t\t\t\t\t\t\t\t<div class=\"is_SingleChildrenPost\">\n\t\t\t\t\t\t\t\t\t<div class=\"is_SingleChildrenPost\">\n\t\t\t\t\t\t\t\t\t\t<a href=\"https:\/\/www.mobilofficefurniture.it\/fr\/bureaux-operationnels\/sketch2\/\">\n\t\t\t\t\t\t\t\t\t\t\t<div class=\"childrenpost-detail-wrapper\">\n\t\t\t\t\t\t\t\t\t\t\t\t<div class=\"childrenpost-header\"><h3>sketch2<\/h3><\/div>\n\t\t\t\t\t\t\t\t\t\t\t<\/div>\n\t\t\t\t\t\t\t\t\t\t<\/a>\n\t\t\t\t\t\t\t\t\t<\/div>\n\t\t\t\t\t\t\t\t<\/div>\n\t\t\t\t\t\t\t\t\t\t\t\t\t\t\t\t<div class=\"is_SingleChildrenPost\">\n\t\t\t\t\t\t\t\t\t<div class=\"is_SingleChildrenPost\">\n\t\t\t\t\t\t\t\t\t\t<a href=\"https:\/\/www.mobilofficefurniture.it\/fr\/bureaux-operationnels\/krin\/\">\n\t\t\t\t\t\t\t\t\t\t\t<div class=\"childrenpost-detail-wrapper\">\n\t\t\t\t\t\t\t\t\t\t\t\t<div class=\"childrenpost-header\"><h3>krin<\/h3><\/div>\n\t\t\t\t\t\t\t\t\t\t\t<\/div>\n\t\t\t\t\t\t\t\t\t\t<\/a>\n\t\t\t\t\t\t\t\t\t<\/div>\n\t\t\t\t\t\t\t\t<\/div>\n\t\t\t\t\t\t\t\t\t\t\t\t\t\t<\/div>\n\t\t\t\t\t<\/div>\n\t\t\t\t<\/div>\n\t\t\t<\/div>\n\t\t<\/div>\n\t\t\n<\/div>\n\n\n\n<div style=\"height:80px\" aria-hidden=\"true\" class=\"wp-block-spacer\"><\/div>\n\n\n\n<div class=\"wp-block-cover alignfull\"><span aria-hidden=\"true\" class=\"wp-block-cover__background has-background-dim-80 has-background-dim\"><\/span><img loading=\"lazy\" decoding=\"async\" width=\"1920\" height=\"900\" class=\"wp-block-cover__image-background wp-image-103\" alt=\"\" src=\"https:\/\/www.mobilofficefurniture.it\/wp-content\/uploads\/2024\/01\/Scrivanie-operative-header.jpg\" data-object-fit=\"cover\" srcset=\"https:\/\/www.mobilofficefurniture.it\/wp-content\/uploads\/2024\/01\/Scrivanie-operative-header.jpg 1920w, https:\/\/www.mobilofficefurniture.it\/wp-content\/uploads\/2024\/01\/Scrivanie-operative-header-1600x750.jpg 1600w, https:\/\/www.mobilofficefurniture.it\/wp-content\/uploads\/2024\/01\/Scrivanie-operative-header-768x360.jpg 768w, https:\/\/www.mobilofficefurniture.it\/wp-content\/uploads\/2024\/01\/Scrivanie-operative-header-1536x720.jpg 1536w, https:\/\/www.mobilofficefurniture.it\/wp-content\/uploads\/2024\/01\/Scrivanie-operative-header-600x281.jpg 600w\" sizes=\"auto, (max-width: 1920px) 100vw, 1920px\" \/><div class=\"wp-block-cover__inner-container\">\n<div class=\"wp-block-group is-style-container\">\n<div style=\"height:40px\" aria-hidden=\"true\" class=\"wp-block-spacer\"><\/div>\n\n\n\n<p class=\"is-style-BigTitle\">Ces produits vous int\u00e9ressent ?<\/p>\n\n\n\n<div style=\"height:5px\" aria-hidden=\"true\" class=\"wp-block-spacer\"><\/div>\n\n\n\n<p>\u00c9crivez-nous ici et nous vous donnerons toutes les informations que vous recherchez<\/p>\n\n\n\n<div class=\"wp-block-group max-width-70\">\n<div class=\"wp-block-contact-form-7-contact-form-selector\">\n<div class=\"wpcf7 no-js\" id=\"wpcf7-f990-o1\" lang=\"fr-FR\" dir=\"ltr\" data-wpcf7-id=\"990\">\n<div class=\"screen-reader-response\"><p role=\"status\" aria-live=\"polite\" aria-atomic=\"true\"><\/p> <ul><\/ul><\/div>\n<form action=\"\/fr\/wp-json\/wp\/v2\/pages\/1012#wpcf7-f990-o1\" method=\"post\" class=\"wpcf7-form init\" aria-label=\"Formulaire de contact\" novalidate=\"novalidate\" data-status=\"init\">\n<fieldset class=\"hidden-fields-container\"><input type=\"hidden\" name=\"_wpcf7\" value=\"990\" \/><input type=\"hidden\" name=\"_wpcf7_version\" value=\"6.1.5\" \/><input type=\"hidden\" name=\"_wpcf7_locale\" value=\"fr_FR\" \/><input type=\"hidden\" name=\"_wpcf7_unit_tag\" value=\"wpcf7-f990-o1\" \/><input type=\"hidden\" name=\"_wpcf7_container_post\" value=\"0\" \/><input type=\"hidden\" name=\"_wpcf7_posted_data_hash\" value=\"\" \/>\n<\/fieldset>\n<p><a href=\"mailto:info@mobilofficefurniture.it\" style=\"color:#FFF;\">info@mobilofficefurniture.it<\/a>\n<\/p><div class=\"wpcf7-response-output\" aria-hidden=\"true\"><\/div>\n<\/form>\n<\/div>\n<\/div>\n<\/div>\n\n\n\n<div style=\"height:40px\" aria-hidden=\"true\" class=\"wp-block-spacer\"><\/div>\n<\/div>\n<\/div><\/div>\n","protected":false},"excerpt":{"rendered":"<p>Le fonctionnement total et l\u2019utilisation rationnelle des diff\u00e9rentes solutions, du bureau simple aux grandes compositions lin\u00e9aires.<\/p>\n","protected":false},"author":1,"featured_media":891,"parent":1002,"menu_order":6,"comment_status":"closed","ping_status":"closed","template":"","meta":{"_acf_changed":false,"inline_featured_image":false,"footnotes":""},"class_list":["post-1012","page","type-page","status-publish","has-post-thumbnail","hentry"],"acf":[],"yoast_head":"<title>Mobil Office Furniture - sketch2<\/title>\n<meta name=\"description\" content=\"L\u2019\u00e9volution de Sketch2, r\u00e9interpr\u00e9t\u00e9 dans la structure la plus l\u00e9g\u00e8re et lin\u00e9aire en phase avec l\u2019\u00e9volution de l\u2019espace de travail. Avec cette collection, vous pouvez cr\u00e9er des espaces de travail et de r\u00e9union de grande valeur esth\u00e9tique.\" \/>\n<meta name=\"robots\" content=\"index, follow, max-snippet:-1, max-image-preview:large, max-video-preview:-1\" \/>\n<link rel=\"canonical\" href=\"https:\/\/www.mobilofficefurniture.it\/fr\/bureaux-operationnels\/sketch2\/\" \/>\n<meta property=\"og:locale\" content=\"fr_FR\" \/>\n<meta property=\"og:type\" content=\"article\" \/>\n<meta property=\"og:title\" content=\"Mobil Office Furniture - sketch2\" \/>\n<meta property=\"og:description\" content=\"L\u2019\u00e9volution de Sketch2, r\u00e9interpr\u00e9t\u00e9 dans la structure la plus l\u00e9g\u00e8re et lin\u00e9aire en phase avec l\u2019\u00e9volution de l\u2019espace de travail. Avec cette collection, vous pouvez cr\u00e9er des espaces de travail et de r\u00e9union de grande valeur esth\u00e9tique.\" \/>\n<meta property=\"og:url\" content=\"https:\/\/www.mobilofficefurniture.it\/fr\/bureaux-operationnels\/sketch2\/\" \/>\n<meta property=\"og:site_name\" content=\"Mobil Office Furniture\" \/>\n<meta property=\"article:modified_time\" content=\"2024-01-16T09:30:26+00:00\" \/>\n<meta property=\"og:image\" content=\"https:\/\/www.mobilofficefurniture.it\/wp-content\/uploads\/2024\/01\/Ambiente-Spagnol-Sketch-01_i4.jpg\" \/>\n\t<meta property=\"og:image:width\" content=\"1357\" \/>\n\t<meta property=\"og:image:height\" content=\"1920\" \/>\n\t<meta property=\"og:image:type\" content=\"image\/jpeg\" \/>\n<meta name=\"twitter:card\" content=\"summary_large_image\" \/>\n<meta name=\"twitter:label1\" content=\"Dur\u00e9e de lecture estim\u00e9e\" \/>\n\t<meta name=\"twitter:data1\" content=\"5 minutes\" \/>\n<script type=\"application\/ld+json\" class=\"yoast-schema-graph\">{\"@context\":\"https:\/\/schema.org\",\"@graph\":[{\"@type\":\"WebPage\",\"@id\":\"https:\/\/www.mobilofficefurniture.it\/fr\/bureaux-operationnels\/sketch2\/\",\"url\":\"https:\/\/www.mobilofficefurniture.it\/fr\/bureaux-operationnels\/sketch2\/\",\"name\":\"Mobil Office Furniture - sketch2\",\"isPartOf\":{\"@id\":\"https:\/\/www.mobilofficefurniture.it\/fr\/#website\"},\"primaryImageOfPage\":{\"@id\":\"https:\/\/www.mobilofficefurniture.it\/fr\/bureaux-operationnels\/sketch2\/#primaryimage\"},\"image\":{\"@id\":\"https:\/\/www.mobilofficefurniture.it\/fr\/bureaux-operationnels\/sketch2\/#primaryimage\"},\"thumbnailUrl\":\"https:\/\/www.mobilofficefurniture.it\/wp-content\/uploads\/2024\/01\/Ambiente-Spagnol-Sketch-01_i4.jpg\",\"datePublished\":\"2024-01-10T11:07:32+00:00\",\"dateModified\":\"2024-01-16T09:30:26+00:00\",\"description\":\"L\u2019\u00e9volution de Sketch2, r\u00e9interpr\u00e9t\u00e9 dans la structure la plus l\u00e9g\u00e8re et lin\u00e9aire en phase avec l\u2019\u00e9volution de l\u2019espace de travail. Avec cette collection, vous pouvez cr\u00e9er des espaces de travail et de r\u00e9union de grande valeur esth\u00e9tique.\",\"breadcrumb\":{\"@id\":\"https:\/\/www.mobilofficefurniture.it\/fr\/bureaux-operationnels\/sketch2\/#breadcrumb\"},\"inLanguage\":\"fr-FR\",\"potentialAction\":[{\"@type\":\"ReadAction\",\"target\":[\"https:\/\/www.mobilofficefurniture.it\/fr\/bureaux-operationnels\/sketch2\/\"]}]},{\"@type\":\"ImageObject\",\"inLanguage\":\"fr-FR\",\"@id\":\"https:\/\/www.mobilofficefurniture.it\/fr\/bureaux-operationnels\/sketch2\/#primaryimage\",\"url\":\"https:\/\/www.mobilofficefurniture.it\/wp-content\/uploads\/2024\/01\/Ambiente-Spagnol-Sketch-01_i4.jpg\",\"contentUrl\":\"https:\/\/www.mobilofficefurniture.it\/wp-content\/uploads\/2024\/01\/Ambiente-Spagnol-Sketch-01_i4.jpg\",\"width\":1357,\"height\":1920},{\"@type\":\"BreadcrumbList\",\"@id\":\"https:\/\/www.mobilofficefurniture.it\/fr\/bureaux-operationnels\/sketch2\/#breadcrumb\",\"itemListElement\":[{\"@type\":\"ListItem\",\"position\":1,\"name\":\"Home\",\"item\":\"https:\/\/www.mobilofficefurniture.it\/fr\/\"},{\"@type\":\"ListItem\",\"position\":2,\"name\":\"Bureaux op\u00e9rationnels\",\"item\":\"https:\/\/www.mobilofficefurniture.it\/fr\/bureaux-operationnels\/\"},{\"@type\":\"ListItem\",\"position\":3,\"name\":\"sketch2\"}]},{\"@type\":\"WebSite\",\"@id\":\"https:\/\/www.mobilofficefurniture.it\/fr\/#website\",\"url\":\"https:\/\/www.mobilofficefurniture.it\/fr\/\",\"name\":\"Mobile Office Furniture\",\"description\":\"Sistemi d\u2019arredo per uffici direzionali e operativi\",\"publisher\":{\"@id\":\"https:\/\/www.mobilofficefurniture.it\/fr\/#organization\"},\"alternateName\":\"Mobile Office Furniture - Sistemi d\u2019arredo per uffici direzionali e operativi\",\"potentialAction\":[{\"@type\":\"SearchAction\",\"target\":{\"@type\":\"EntryPoint\",\"urlTemplate\":\"https:\/\/www.mobilofficefurniture.it\/fr\/?s={search_term_string}\"},\"query-input\":{\"@type\":\"PropertyValueSpecification\",\"valueRequired\":true,\"valueName\":\"search_term_string\"}}],\"inLanguage\":\"fr-FR\"},{\"@type\":\"Organization\",\"@id\":\"https:\/\/www.mobilofficefurniture.it\/fr\/#organization\",\"name\":\"Mobile Office Furniture\",\"url\":\"https:\/\/www.mobilofficefurniture.it\/fr\/\",\"logo\":{\"@type\":\"ImageObject\",\"inLanguage\":\"fr-FR\",\"@id\":\"https:\/\/www.mobilofficefurniture.it\/fr\/#\/schema\/logo\/image\/\",\"url\":\"https:\/\/www.mobilofficefurniture.it\/wp-content\/uploads\/2024\/01\/mobilofficefurniture-logo.svg\",\"contentUrl\":\"https:\/\/www.mobilofficefurniture.it\/wp-content\/uploads\/2024\/01\/mobilofficefurniture-logo.svg\",\"width\":300,\"height\":32,\"caption\":\"Mobile Office Furniture\"},\"image\":{\"@id\":\"https:\/\/www.mobilofficefurniture.it\/fr\/#\/schema\/logo\/image\/\"}}]}<\/script>","yoast_head_json":{"title":"Mobil Office Furniture - sketch2","description":"L\u2019\u00e9volution de Sketch2, r\u00e9interpr\u00e9t\u00e9 dans la structure la plus l\u00e9g\u00e8re et lin\u00e9aire en phase avec l\u2019\u00e9volution de l\u2019espace de travail. Avec cette collection, vous pouvez cr\u00e9er des espaces de travail et de r\u00e9union de grande valeur esth\u00e9tique.","robots":{"index":"index","follow":"follow","max-snippet":"max-snippet:-1","max-image-preview":"max-image-preview:large","max-video-preview":"max-video-preview:-1"},"canonical":"https:\/\/www.mobilofficefurniture.it\/fr\/bureaux-operationnels\/sketch2\/","og_locale":"fr_FR","og_type":"article","og_title":"Mobil Office Furniture - sketch2","og_description":"L\u2019\u00e9volution de Sketch2, r\u00e9interpr\u00e9t\u00e9 dans la structure la plus l\u00e9g\u00e8re et lin\u00e9aire en phase avec l\u2019\u00e9volution de l\u2019espace de travail. Avec cette collection, vous pouvez cr\u00e9er des espaces de travail et de r\u00e9union de grande valeur esth\u00e9tique.","og_url":"https:\/\/www.mobilofficefurniture.it\/fr\/bureaux-operationnels\/sketch2\/","og_site_name":"Mobil Office Furniture","article_modified_time":"2024-01-16T09:30:26+00:00","og_image":[{"width":1357,"height":1920,"url":"https:\/\/www.mobilofficefurniture.it\/wp-content\/uploads\/2024\/01\/Ambiente-Spagnol-Sketch-01_i4.jpg","type":"image\/jpeg"}],"twitter_card":"summary_large_image","twitter_misc":{"Dur\u00e9e de lecture estim\u00e9e":"5 minutes"},"schema":{"@context":"https:\/\/schema.org","@graph":[{"@type":"WebPage","@id":"https:\/\/www.mobilofficefurniture.it\/fr\/bureaux-operationnels\/sketch2\/","url":"https:\/\/www.mobilofficefurniture.it\/fr\/bureaux-operationnels\/sketch2\/","name":"Mobil Office Furniture - sketch2","isPartOf":{"@id":"https:\/\/www.mobilofficefurniture.it\/fr\/#website"},"primaryImageOfPage":{"@id":"https:\/\/www.mobilofficefurniture.it\/fr\/bureaux-operationnels\/sketch2\/#primaryimage"},"image":{"@id":"https:\/\/www.mobilofficefurniture.it\/fr\/bureaux-operationnels\/sketch2\/#primaryimage"},"thumbnailUrl":"https:\/\/www.mobilofficefurniture.it\/wp-content\/uploads\/2024\/01\/Ambiente-Spagnol-Sketch-01_i4.jpg","datePublished":"2024-01-10T11:07:32+00:00","dateModified":"2024-01-16T09:30:26+00:00","description":"L\u2019\u00e9volution de Sketch2, r\u00e9interpr\u00e9t\u00e9 dans la structure la plus l\u00e9g\u00e8re et lin\u00e9aire en phase avec l\u2019\u00e9volution de l\u2019espace de travail. Avec cette collection, vous pouvez cr\u00e9er des espaces de travail et de r\u00e9union de grande valeur esth\u00e9tique.","breadcrumb":{"@id":"https:\/\/www.mobilofficefurniture.it\/fr\/bureaux-operationnels\/sketch2\/#breadcrumb"},"inLanguage":"fr-FR","potentialAction":[{"@type":"ReadAction","target":["https:\/\/www.mobilofficefurniture.it\/fr\/bureaux-operationnels\/sketch2\/"]}]},{"@type":"ImageObject","inLanguage":"fr-FR","@id":"https:\/\/www.mobilofficefurniture.it\/fr\/bureaux-operationnels\/sketch2\/#primaryimage","url":"https:\/\/www.mobilofficefurniture.it\/wp-content\/uploads\/2024\/01\/Ambiente-Spagnol-Sketch-01_i4.jpg","contentUrl":"https:\/\/www.mobilofficefurniture.it\/wp-content\/uploads\/2024\/01\/Ambiente-Spagnol-Sketch-01_i4.jpg","width":1357,"height":1920},{"@type":"BreadcrumbList","@id":"https:\/\/www.mobilofficefurniture.it\/fr\/bureaux-operationnels\/sketch2\/#breadcrumb","itemListElement":[{"@type":"ListItem","position":1,"name":"Home","item":"https:\/\/www.mobilofficefurniture.it\/fr\/"},{"@type":"ListItem","position":2,"name":"Bureaux op\u00e9rationnels","item":"https:\/\/www.mobilofficefurniture.it\/fr\/bureaux-operationnels\/"},{"@type":"ListItem","position":3,"name":"sketch2"}]},{"@type":"WebSite","@id":"https:\/\/www.mobilofficefurniture.it\/fr\/#website","url":"https:\/\/www.mobilofficefurniture.it\/fr\/","name":"Mobile Office Furniture","description":"Sistemi d\u2019arredo per uffici direzionali e operativi","publisher":{"@id":"https:\/\/www.mobilofficefurniture.it\/fr\/#organization"},"alternateName":"Mobile Office Furniture - Sistemi d\u2019arredo per uffici direzionali e operativi","potentialAction":[{"@type":"SearchAction","target":{"@type":"EntryPoint","urlTemplate":"https:\/\/www.mobilofficefurniture.it\/fr\/?s={search_term_string}"},"query-input":{"@type":"PropertyValueSpecification","valueRequired":true,"valueName":"search_term_string"}}],"inLanguage":"fr-FR"},{"@type":"Organization","@id":"https:\/\/www.mobilofficefurniture.it\/fr\/#organization","name":"Mobile Office Furniture","url":"https:\/\/www.mobilofficefurniture.it\/fr\/","logo":{"@type":"ImageObject","inLanguage":"fr-FR","@id":"https:\/\/www.mobilofficefurniture.it\/fr\/#\/schema\/logo\/image\/","url":"https:\/\/www.mobilofficefurniture.it\/wp-content\/uploads\/2024\/01\/mobilofficefurniture-logo.svg","contentUrl":"https:\/\/www.mobilofficefurniture.it\/wp-content\/uploads\/2024\/01\/mobilofficefurniture-logo.svg","width":300,"height":32,"caption":"Mobile Office Furniture"},"image":{"@id":"https:\/\/www.mobilofficefurniture.it\/fr\/#\/schema\/logo\/image\/"}}]}},"_links":{"self":[{"href":"https:\/\/www.mobilofficefurniture.it\/fr\/wp-json\/wp\/v2\/pages\/1012","targetHints":{"allow":["GET"]}}],"collection":[{"href":"https:\/\/www.mobilofficefurniture.it\/fr\/wp-json\/wp\/v2\/pages"}],"about":[{"href":"https:\/\/www.mobilofficefurniture.it\/fr\/wp-json\/wp\/v2\/types\/page"}],"author":[{"embeddable":true,"href":"https:\/\/www.mobilofficefurniture.it\/fr\/wp-json\/wp\/v2\/users\/1"}],"replies":[{"embeddable":true,"href":"https:\/\/www.mobilofficefurniture.it\/fr\/wp-json\/wp\/v2\/comments?post=1012"}],"version-history":[{"count":2,"href":"https:\/\/www.mobilofficefurniture.it\/fr\/wp-json\/wp\/v2\/pages\/1012\/revisions"}],"predecessor-version":[{"id":1163,"href":"https:\/\/www.mobilofficefurniture.it\/fr\/wp-json\/wp\/v2\/pages\/1012\/revisions\/1163"}],"up":[{"embeddable":true,"href":"https:\/\/www.mobilofficefurniture.it\/fr\/wp-json\/wp\/v2\/pages\/1002"}],"wp:featuredmedia":[{"embeddable":true,"href":"https:\/\/www.mobilofficefurniture.it\/fr\/wp-json\/wp\/v2\/media\/891"}],"wp:attachment":[{"href":"https:\/\/www.mobilofficefurniture.it\/fr\/wp-json\/wp\/v2\/media?parent=1012"}],"curies":[{"name":"wp","href":"https:\/\/api.w.org\/{rel}","templated":true}]}}