{"id":1014,"date":"2024-01-09T14:44:18","date_gmt":"2024-01-09T13:44:18","guid":{"rendered":"https:\/\/www.mobilofficefurniture.it\/scrivanie-operative\/krin\/"},"modified":"2024-01-16T10:32:48","modified_gmt":"2024-01-16T09:32:48","slug":"krin","status":"publish","type":"page","link":"https:\/\/www.mobilofficefurniture.it\/fr\/bureaux-operationnels\/krin\/","title":{"rendered":"krin"},"content":{"rendered":"\n<div style=\"height:50px\" aria-hidden=\"true\" class=\"wp-block-spacer\"><\/div>\n\n\n\n<div class=\"wp-block-group is-style-container\">\n<h1 class=\"wp-block-heading is-style-BigTitle\">krin<\/h1>\n\n\n\n<div style=\"height:10px\" aria-hidden=\"true\" class=\"wp-block-spacer\"><\/div>\n\n\n\n<p>Classique et contemporain.<\/p>\n<\/div>\n\n\n\n<div style=\"height:40px\" aria-hidden=\"true\" class=\"wp-block-spacer\"><\/div>\n\n\n\n<div class=\"wp-block-group is-style-containerfluid\">\n<figure class=\"wp-block-image alignfull size-full\"><img loading=\"lazy\" decoding=\"async\" width=\"1920\" height=\"1357\" src=\"https:\/\/www.mobilofficefurniture.it\/wp-content\/uploads\/2024\/01\/Ambiente-Spagnol-Krin-02_i15.jpg\" alt=\"\" class=\"wp-image-184\" srcset=\"https:\/\/www.mobilofficefurniture.it\/wp-content\/uploads\/2024\/01\/Ambiente-Spagnol-Krin-02_i15.jpg 1920w, https:\/\/www.mobilofficefurniture.it\/wp-content\/uploads\/2024\/01\/Ambiente-Spagnol-Krin-02_i15-1600x1131.jpg 1600w, https:\/\/www.mobilofficefurniture.it\/wp-content\/uploads\/2024\/01\/Ambiente-Spagnol-Krin-02_i15-768x543.jpg 768w, https:\/\/www.mobilofficefurniture.it\/wp-content\/uploads\/2024\/01\/Ambiente-Spagnol-Krin-02_i15-1536x1086.jpg 1536w, https:\/\/www.mobilofficefurniture.it\/wp-content\/uploads\/2024\/01\/Ambiente-Spagnol-Krin-02_i15-600x424.jpg 600w\" sizes=\"auto, (max-width: 1920px) 100vw, 1920px\" \/><\/figure>\n<\/div>\n\n\n\n<div class=\"wp-block-group is-style-container NegativeMarginTop-5\">\n<div class=\"wp-block-columns are-vertically-aligned-center\">\n<div class=\"wp-block-column is-vertically-aligned-center\" style=\"flex-basis:33.33%\">\n<img decoding=\"async\" class=\"ArrowDownOnMobile\" src=\"\/wp-content\/uploads\/2024\/01\/arrow-down-black.svg\">\n\n\n\n<figure class=\"wp-block-image size-medium\"><img loading=\"lazy\" decoding=\"async\" width=\"1120\" height=\"1600\" src=\"https:\/\/www.mobilofficefurniture.it\/wp-content\/uploads\/2024\/01\/Ambiente-Spagnol-Krin-01_i14-1120x1600.jpg\" alt=\"\" class=\"wp-image-183\" srcset=\"https:\/\/www.mobilofficefurniture.it\/wp-content\/uploads\/2024\/01\/Ambiente-Spagnol-Krin-01_i14-1120x1600.jpg 1120w, https:\/\/www.mobilofficefurniture.it\/wp-content\/uploads\/2024\/01\/Ambiente-Spagnol-Krin-01_i14-768x1097.jpg 768w, https:\/\/www.mobilofficefurniture.it\/wp-content\/uploads\/2024\/01\/Ambiente-Spagnol-Krin-01_i14-1075x1536.jpg 1075w, https:\/\/www.mobilofficefurniture.it\/wp-content\/uploads\/2024\/01\/Ambiente-Spagnol-Krin-01_i14-420x600.jpg 420w, https:\/\/www.mobilofficefurniture.it\/wp-content\/uploads\/2024\/01\/Ambiente-Spagnol-Krin-01_i14.jpg 1344w\" sizes=\"auto, (max-width: 1120px) 100vw, 1120px\" \/><\/figure>\n<\/div>\n\n\n\n<div class=\"wp-block-column is-vertically-aligned-center\" style=\"flex-basis:66.66%\">\n<p class=\"has-normal-font-size\">Krin cr\u00e9e des postes de travail adapt\u00e9s aux besoins de ceux qui travaillent, en d\u00e9finissant un espace de travail personnel et en valorisant son utilisation m\u00eame dans des espaces r\u00e9duits.<\/p>\n<\/div>\n<\/div>\n<\/div>\n\n\n\n<div style=\"height:50px\" aria-hidden=\"true\" class=\"wp-block-spacer\"><\/div>\n\n\n\n<div class=\"wp-block-group is-style-containerfluid\">\n<figure class=\"wp-block-image alignfull size-full\"><img loading=\"lazy\" decoding=\"async\" width=\"1920\" height=\"1357\" src=\"https:\/\/www.mobilofficefurniture.it\/wp-content\/uploads\/2024\/01\/Ambiente-Spagnol-Krin-02_i15.jpg\" alt=\"\" class=\"wp-image-184\" srcset=\"https:\/\/www.mobilofficefurniture.it\/wp-content\/uploads\/2024\/01\/Ambiente-Spagnol-Krin-02_i15.jpg 1920w, https:\/\/www.mobilofficefurniture.it\/wp-content\/uploads\/2024\/01\/Ambiente-Spagnol-Krin-02_i15-1600x1131.jpg 1600w, https:\/\/www.mobilofficefurniture.it\/wp-content\/uploads\/2024\/01\/Ambiente-Spagnol-Krin-02_i15-768x543.jpg 768w, https:\/\/www.mobilofficefurniture.it\/wp-content\/uploads\/2024\/01\/Ambiente-Spagnol-Krin-02_i15-1536x1086.jpg 1536w, https:\/\/www.mobilofficefurniture.it\/wp-content\/uploads\/2024\/01\/Ambiente-Spagnol-Krin-02_i15-600x424.jpg 600w\" sizes=\"auto, (max-width: 1920px) 100vw, 1920px\" \/><\/figure>\n<\/div>\n\n\n\n<div style=\"height:50px\" aria-hidden=\"true\" class=\"wp-block-spacer\"><\/div>\n\n\n\n<div class=\"wp-block-group is-style-container\">\n<div class=\"wp-block-columns\">\n<div class=\"wp-block-column\">\n<div class=\"wp-block-group max-width-80\">\n<p class=\"has-normal-font-size\">Krin, con\u00e7u pour cr\u00e9er des environnements o\u00f9 le style et le professionnalisme sont en harmonie avec l\u2019image et les performances.<\/p>\n<\/div>\n\n\n\n<div style=\"height:30px\" aria-hidden=\"true\" class=\"wp-block-spacer\"><\/div>\n\n\n\n<figure class=\"wp-block-image size-full\"><img loading=\"lazy\" decoding=\"async\" width=\"1280\" height=\"1920\" src=\"https:\/\/www.mobilofficefurniture.it\/wp-content\/uploads\/2024\/01\/Ambiente-Krin-05_i17_0001.jpg\" alt=\"\" class=\"wp-image-182\" srcset=\"https:\/\/www.mobilofficefurniture.it\/wp-content\/uploads\/2024\/01\/Ambiente-Krin-05_i17_0001.jpg 1280w, https:\/\/www.mobilofficefurniture.it\/wp-content\/uploads\/2024\/01\/Ambiente-Krin-05_i17_0001-1067x1600.jpg 1067w, https:\/\/www.mobilofficefurniture.it\/wp-content\/uploads\/2024\/01\/Ambiente-Krin-05_i17_0001-768x1152.jpg 768w, https:\/\/www.mobilofficefurniture.it\/wp-content\/uploads\/2024\/01\/Ambiente-Krin-05_i17_0001-1024x1536.jpg 1024w, https:\/\/www.mobilofficefurniture.it\/wp-content\/uploads\/2024\/01\/Ambiente-Krin-05_i17_0001-400x600.jpg 400w\" sizes=\"auto, (max-width: 1280px) 100vw, 1280px\" \/><\/figure>\n<\/div>\n\n\n\n<div class=\"wp-block-column\">\n<figure class=\"wp-block-image size-full\"><img loading=\"lazy\" decoding=\"async\" width=\"1357\" height=\"1920\" src=\"https:\/\/www.mobilofficefurniture.it\/wp-content\/uploads\/2024\/01\/Ambiente-Krin-03_i16_0001.jpg\" alt=\"\" class=\"wp-image-180\" srcset=\"https:\/\/www.mobilofficefurniture.it\/wp-content\/uploads\/2024\/01\/Ambiente-Krin-03_i16_0001.jpg 1357w, https:\/\/www.mobilofficefurniture.it\/wp-content\/uploads\/2024\/01\/Ambiente-Krin-03_i16_0001-1131x1600.jpg 1131w, https:\/\/www.mobilofficefurniture.it\/wp-content\/uploads\/2024\/01\/Ambiente-Krin-03_i16_0001-768x1087.jpg 768w, https:\/\/www.mobilofficefurniture.it\/wp-content\/uploads\/2024\/01\/Ambiente-Krin-03_i16_0001-1086x1536.jpg 1086w, https:\/\/www.mobilofficefurniture.it\/wp-content\/uploads\/2024\/01\/Ambiente-Krin-03_i16_0001-424x600.jpg 424w\" sizes=\"auto, (max-width: 1357px) 100vw, 1357px\" \/><\/figure>\n<\/div>\n<\/div>\n\n\n\n<div class=\"wp-block-columns\">\n<div class=\"wp-block-column\" style=\"flex-basis:20%\"><\/div>\n\n\n\n<div class=\"wp-block-column\" style=\"flex-basis:80%\">\n<div class=\"wp-block-group max-width-80\">\n<figure class=\"wp-block-image size-full\"><img loading=\"lazy\" decoding=\"async\" width=\"1920\" height=\"1439\" src=\"https:\/\/www.mobilofficefurniture.it\/wp-content\/uploads\/2024\/01\/Ambiente-Krin-04bis0001.jpg\" alt=\"\" class=\"wp-image-181\" srcset=\"https:\/\/www.mobilofficefurniture.it\/wp-content\/uploads\/2024\/01\/Ambiente-Krin-04bis0001.jpg 1920w, https:\/\/www.mobilofficefurniture.it\/wp-content\/uploads\/2024\/01\/Ambiente-Krin-04bis0001-200x150.jpg 200w, https:\/\/www.mobilofficefurniture.it\/wp-content\/uploads\/2024\/01\/Ambiente-Krin-04bis0001-1600x1199.jpg 1600w, https:\/\/www.mobilofficefurniture.it\/wp-content\/uploads\/2024\/01\/Ambiente-Krin-04bis0001-768x576.jpg 768w, https:\/\/www.mobilofficefurniture.it\/wp-content\/uploads\/2024\/01\/Ambiente-Krin-04bis0001-1536x1151.jpg 1536w, https:\/\/www.mobilofficefurniture.it\/wp-content\/uploads\/2024\/01\/Ambiente-Krin-04bis0001-800x600.jpg 800w, https:\/\/www.mobilofficefurniture.it\/wp-content\/uploads\/2024\/01\/Ambiente-Krin-04bis0001-600x450.jpg 600w\" sizes=\"auto, (max-width: 1920px) 100vw, 1920px\" \/><\/figure>\n\n\n\n<div style=\"height:30px\" aria-hidden=\"true\" class=\"wp-block-spacer\"><\/div>\n\n\n\n<p class=\"has-normal-font-size\">Krin, id\u00e9al pour les espaces ouverts. Les bureaux de cette collection peuvent \u00eatre compl\u00e9t\u00e9s par des diviseurs avant qui cr\u00e9ent un espace personnel.<\/p>\n<\/div>\n<\/div>\n<\/div>\n<\/div>\n\n\n\n<div style=\"height:40px\" aria-hidden=\"true\" class=\"wp-block-spacer\"><\/div>\n\n\n\n<div class=\"wp-block-group is-style-containerfluid\">\n<img decoding=\"async\" class=\"PositionAbsolute d-none d-lg-block\" src=\"\/wp-content\/uploads\/2024\/01\/arrow-right-black.svg\">\n\n\n\n<div class=\"wp-block-group max-width-80 ms-auto\">\n<div class=\"wp-block-columns\">\n<div class=\"wp-block-column\">\n<figure class=\"wp-block-image size-full\"><img loading=\"lazy\" decoding=\"async\" width=\"1357\" height=\"1920\" src=\"https:\/\/www.mobilofficefurniture.it\/wp-content\/uploads\/2024\/01\/Ambiente-Spagnol-Krin-07_i19_0046.jpg\" alt=\"\" class=\"wp-image-186\" srcset=\"https:\/\/www.mobilofficefurniture.it\/wp-content\/uploads\/2024\/01\/Ambiente-Spagnol-Krin-07_i19_0046.jpg 1357w, https:\/\/www.mobilofficefurniture.it\/wp-content\/uploads\/2024\/01\/Ambiente-Spagnol-Krin-07_i19_0046-1131x1600.jpg 1131w, https:\/\/www.mobilofficefurniture.it\/wp-content\/uploads\/2024\/01\/Ambiente-Spagnol-Krin-07_i19_0046-768x1087.jpg 768w, https:\/\/www.mobilofficefurniture.it\/wp-content\/uploads\/2024\/01\/Ambiente-Spagnol-Krin-07_i19_0046-1086x1536.jpg 1086w, https:\/\/www.mobilofficefurniture.it\/wp-content\/uploads\/2024\/01\/Ambiente-Spagnol-Krin-07_i19_0046-424x600.jpg 424w\" sizes=\"auto, (max-width: 1357px) 100vw, 1357px\" \/><\/figure>\n<\/div>\n\n\n\n<div class=\"wp-block-column\">\n<figure class=\"wp-block-image size-full\"><img loading=\"lazy\" decoding=\"async\" width=\"1280\" height=\"1920\" src=\"https:\/\/www.mobilofficefurniture.it\/wp-content\/uploads\/2024\/01\/Ambiente-Spagnol-Krin-08_i21_0046.jpg\" alt=\"\" class=\"wp-image-187\" srcset=\"https:\/\/www.mobilofficefurniture.it\/wp-content\/uploads\/2024\/01\/Ambiente-Spagnol-Krin-08_i21_0046.jpg 1280w, https:\/\/www.mobilofficefurniture.it\/wp-content\/uploads\/2024\/01\/Ambiente-Spagnol-Krin-08_i21_0046-1067x1600.jpg 1067w, https:\/\/www.mobilofficefurniture.it\/wp-content\/uploads\/2024\/01\/Ambiente-Spagnol-Krin-08_i21_0046-768x1152.jpg 768w, https:\/\/www.mobilofficefurniture.it\/wp-content\/uploads\/2024\/01\/Ambiente-Spagnol-Krin-08_i21_0046-1024x1536.jpg 1024w, https:\/\/www.mobilofficefurniture.it\/wp-content\/uploads\/2024\/01\/Ambiente-Spagnol-Krin-08_i21_0046-400x600.jpg 400w\" sizes=\"auto, (max-width: 1280px) 100vw, 1280px\" \/><\/figure>\n<\/div>\n<\/div>\n<\/div>\n<\/div>\n\n\n\n<div style=\"height:40px\" aria-hidden=\"true\" class=\"wp-block-spacer\"><\/div>\n\n\n\n<div class=\"wp-block-group is-style-containerfluid\">\n<figure class=\"wp-block-image alignfull size-full\"><img loading=\"lazy\" decoding=\"async\" width=\"1920\" height=\"1357\" src=\"https:\/\/www.mobilofficefurniture.it\/wp-content\/uploads\/2024\/01\/Ambiente-Spagnol-Krin-10_i22_0046.jpg\" alt=\"\" class=\"wp-image-189\" srcset=\"https:\/\/www.mobilofficefurniture.it\/wp-content\/uploads\/2024\/01\/Ambiente-Spagnol-Krin-10_i22_0046.jpg 1920w, https:\/\/www.mobilofficefurniture.it\/wp-content\/uploads\/2024\/01\/Ambiente-Spagnol-Krin-10_i22_0046-1600x1131.jpg 1600w, https:\/\/www.mobilofficefurniture.it\/wp-content\/uploads\/2024\/01\/Ambiente-Spagnol-Krin-10_i22_0046-768x543.jpg 768w, https:\/\/www.mobilofficefurniture.it\/wp-content\/uploads\/2024\/01\/Ambiente-Spagnol-Krin-10_i22_0046-1536x1086.jpg 1536w, https:\/\/www.mobilofficefurniture.it\/wp-content\/uploads\/2024\/01\/Ambiente-Spagnol-Krin-10_i22_0046-600x424.jpg 600w\" sizes=\"auto, (max-width: 1920px) 100vw, 1920px\" \/><\/figure>\n\n\n\n<div style=\"height:40px\" aria-hidden=\"true\" class=\"wp-block-spacer\"><\/div>\n\n\n\n<div class=\"wp-block-columns\">\n<div class=\"wp-block-column\">\n<p class=\"has-normal-font-size\">R\u00e9ception Krin. Des \u00e9l\u00e9ments lin\u00e9aires et des combinaisons de mat\u00e9riaux, sugg\u00e8rent une recherche de design pour r\u00e9soudre le besoin de recevoir.<\/p>\n\n\n\n<p class=\"has-normal-font-size\">Une large gamme d\u2019accessoires, d\u2019\u00e9l\u00e9ments de service, de supports muraux, de tiroirs, de porte-crayons et de porte-cartes aide \u00e0 simplifier l\u2019ordre dans le travail. Les panneaux, les types de compartiments de rangement et les tiroirs permettent des possibilit\u00e9s infinies de rangement et de composition non seulement esth\u00e9tiques, mais \u00e9galement tr\u00e8s fonctionnelles.<\/p>\n<\/div>\n\n\n\n<div class=\"wp-block-column\">\n<img decoding=\"async\" class=\"d-none d-lg-block\" src=\"\/wp-content\/uploads\/2024\/01\/arrow-left-black.svg\">\n<\/div>\n<\/div>\n<\/div>\n\n\n\n<div style=\"height:40px\" aria-hidden=\"true\" class=\"wp-block-spacer\"><\/div>\n\n\n\n<div class=\"wp-block-group is-style-containerfluid\">        <div class=\"CustomGalleryWrapper wrapper_custom_gallery-block_1ff582053878080b173cae5cd77b7a18\">\r\n            <div id=\"custom_gallery-block_1ff582053878080b173cae5cd77b7a18\" class=\"swiper custom_gallery\">\r\n                <div class=\"swiper-wrapper\">\r\n                                            <div class=\"swiper-slide\">\r\n                            <a href=\"https:\/\/www.mobilofficefurniture.it\/wp-content\/uploads\/2024\/01\/Dettaglio-Krin-07_i27.jpg\" data-fancybox=\"gallery_custom_gallery-block_1ff582053878080b173cae5cd77b7a18\">\r\n                                <img srcset=\"https:\/\/www.mobilofficefurniture.it\/wp-content\/uploads\/2024\/01\/Dettaglio-Krin-07_i27-800x600.jpg\" loading=\"lazy\">\r\n                                <div class=\"swiper-lazy-preloader swiper-lazy-preloader-white\"><\/div>\r\n                            <\/a>\r\n                        <\/div>\r\n                                                <div class=\"swiper-slide\">\r\n                            <a href=\"https:\/\/www.mobilofficefurniture.it\/wp-content\/uploads\/2024\/01\/Dettaglio-Krin-06_i26.jpg\" data-fancybox=\"gallery_custom_gallery-block_1ff582053878080b173cae5cd77b7a18\">\r\n                                <img srcset=\"https:\/\/www.mobilofficefurniture.it\/wp-content\/uploads\/2024\/01\/Dettaglio-Krin-06_i26-800x600.jpg\" loading=\"lazy\">\r\n                                <div class=\"swiper-lazy-preloader swiper-lazy-preloader-white\"><\/div>\r\n                            <\/a>\r\n                        <\/div>\r\n                                                <div class=\"swiper-slide\">\r\n                            <a href=\"https:\/\/www.mobilofficefurniture.it\/wp-content\/uploads\/2024\/01\/Dettaglio-Krin-05_i25_0001_edit.jpg\" data-fancybox=\"gallery_custom_gallery-block_1ff582053878080b173cae5cd77b7a18\">\r\n                                <img srcset=\"https:\/\/www.mobilofficefurniture.it\/wp-content\/uploads\/2024\/01\/Dettaglio-Krin-05_i25_0001_edit-800x600.jpg\" loading=\"lazy\">\r\n                                <div class=\"swiper-lazy-preloader swiper-lazy-preloader-white\"><\/div>\r\n                            <\/a>\r\n                        <\/div>\r\n                                                <div class=\"swiper-slide\">\r\n                            <a href=\"https:\/\/www.mobilofficefurniture.it\/wp-content\/uploads\/2024\/01\/Dettaglio-Krin-04_i24_0046.jpg\" data-fancybox=\"gallery_custom_gallery-block_1ff582053878080b173cae5cd77b7a18\">\r\n                                <img srcset=\"https:\/\/www.mobilofficefurniture.it\/wp-content\/uploads\/2024\/01\/Dettaglio-Krin-04_i24_0046-800x600.jpg\" loading=\"lazy\">\r\n                                <div class=\"swiper-lazy-preloader swiper-lazy-preloader-white\"><\/div>\r\n                            <\/a>\r\n                        <\/div>\r\n                                                <div class=\"swiper-slide\">\r\n                            <a href=\"https:\/\/www.mobilofficefurniture.it\/wp-content\/uploads\/2024\/01\/Dettaglio-Krin-03_i23.jpg\" data-fancybox=\"gallery_custom_gallery-block_1ff582053878080b173cae5cd77b7a18\">\r\n                                <img srcset=\"https:\/\/www.mobilofficefurniture.it\/wp-content\/uploads\/2024\/01\/Dettaglio-Krin-03_i23-800x600.jpg\" loading=\"lazy\">\r\n                                <div class=\"swiper-lazy-preloader swiper-lazy-preloader-white\"><\/div>\r\n                            <\/a>\r\n                        <\/div>\r\n                                                <div class=\"swiper-slide\">\r\n                            <a href=\"https:\/\/www.mobilofficefurniture.it\/wp-content\/uploads\/2024\/01\/Dettaglio-Krin-02_i22.jpg\" data-fancybox=\"gallery_custom_gallery-block_1ff582053878080b173cae5cd77b7a18\">\r\n                                <img srcset=\"https:\/\/www.mobilofficefurniture.it\/wp-content\/uploads\/2024\/01\/Dettaglio-Krin-02_i22-800x600.jpg\" loading=\"lazy\">\r\n                                <div class=\"swiper-lazy-preloader swiper-lazy-preloader-white\"><\/div>\r\n                            <\/a>\r\n                        <\/div>\r\n                                                <div class=\"swiper-slide\">\r\n                            <a href=\"https:\/\/www.mobilofficefurniture.it\/wp-content\/uploads\/2024\/01\/Dettaglio-Krin-01_i21.jpg\" data-fancybox=\"gallery_custom_gallery-block_1ff582053878080b173cae5cd77b7a18\">\r\n                                <img srcset=\"https:\/\/www.mobilofficefurniture.it\/wp-content\/uploads\/2024\/01\/Dettaglio-Krin-01_i21-800x600.jpg\" loading=\"lazy\">\r\n                                <div class=\"swiper-lazy-preloader swiper-lazy-preloader-white\"><\/div>\r\n                            <\/a>\r\n                        <\/div>\r\n                                                <div class=\"swiper-slide\">\r\n                            <a href=\"https:\/\/www.mobilofficefurniture.it\/wp-content\/uploads\/2024\/01\/Ambiente-Spagnol-Krin-13.jpg\" data-fancybox=\"gallery_custom_gallery-block_1ff582053878080b173cae5cd77b7a18\">\r\n                                <img srcset=\"https:\/\/www.mobilofficefurniture.it\/wp-content\/uploads\/2024\/01\/Ambiente-Spagnol-Krin-13-800x600.jpg\" loading=\"lazy\">\r\n                                <div class=\"swiper-lazy-preloader swiper-lazy-preloader-white\"><\/div>\r\n                            <\/a>\r\n                        <\/div>\r\n                                                <div class=\"swiper-slide\">\r\n                            <a href=\"https:\/\/www.mobilofficefurniture.it\/wp-content\/uploads\/2024\/01\/Ambiente-Spagnol-Krin-12_i24.jpg\" data-fancybox=\"gallery_custom_gallery-block_1ff582053878080b173cae5cd77b7a18\">\r\n                                <img srcset=\"https:\/\/www.mobilofficefurniture.it\/wp-content\/uploads\/2024\/01\/Ambiente-Spagnol-Krin-12_i24-800x600.jpg\" loading=\"lazy\">\r\n                                <div class=\"swiper-lazy-preloader swiper-lazy-preloader-white\"><\/div>\r\n                            <\/a>\r\n                        <\/div>\r\n                                                <div class=\"swiper-slide\">\r\n                            <a href=\"https:\/\/www.mobilofficefurniture.it\/wp-content\/uploads\/2024\/01\/Ambiente-Spagnol-Krin-11_i23.jpg\" data-fancybox=\"gallery_custom_gallery-block_1ff582053878080b173cae5cd77b7a18\">\r\n                                <img srcset=\"https:\/\/www.mobilofficefurniture.it\/wp-content\/uploads\/2024\/01\/Ambiente-Spagnol-Krin-11_i23-800x600.jpg\" loading=\"lazy\">\r\n                                <div class=\"swiper-lazy-preloader swiper-lazy-preloader-white\"><\/div>\r\n                            <\/a>\r\n                        <\/div>\r\n                                                <div class=\"swiper-slide\">\r\n                            <a href=\"https:\/\/www.mobilofficefurniture.it\/wp-content\/uploads\/2024\/01\/Ambiente-Spagnol-Krin-09_i20_0046.jpg\" data-fancybox=\"gallery_custom_gallery-block_1ff582053878080b173cae5cd77b7a18\">\r\n                                <img srcset=\"https:\/\/www.mobilofficefurniture.it\/wp-content\/uploads\/2024\/01\/Ambiente-Spagnol-Krin-09_i20_0046-800x600.jpg\" loading=\"lazy\">\r\n                                <div class=\"swiper-lazy-preloader swiper-lazy-preloader-white\"><\/div>\r\n                            <\/a>\r\n                        <\/div>\r\n                                        <\/div>\r\n                <div class=\"previous-arrow\"><img decoding=\"async\" src=\"\/wp-content\/uploads\/2024\/01\/previous-arrow-swiper-brown.svg\"><\/div>\r\n                <div class=\"next-arrow\"><img decoding=\"async\" src=\"\/wp-content\/uploads\/2024\/01\/next-arrow-swiper-brown.svg\"><\/div>\r\n            <\/div>\r\n        <\/div>\r\n        <\/div>\n\n\n\n<div style=\"height:80px\" aria-hidden=\"true\" class=\"wp-block-spacer\"><\/div>\n\n\n\n<div class=\"wp-block-group is-style-container\">\t\t<div class=\"OtherChildrenPost\">\n\t\t\t<div class=\"OtherChildrenPost_Wrapper\">\n\t\t\t\t<div class=\"row align-items-center\">\n\t\t\t\t\t<div class=\"col-12 col-lg-auto d-none d-lg-block\">\n\t\t\t\t\t\t<img decoding=\"async\" src=\"\/wp-content\/uploads\/2024\/01\/arrow-right-black.svg\">\n\t\t\t\t\t<\/div>\n\t\t\t\t\t<div class=\"col-12 col-lg-auto d-block d-lg-none ArrowDownOnMobile\">\n\t\t\t\t\t\t<img decoding=\"async\" src=\"\/wp-content\/uploads\/2024\/01\/arrow-down-black.svg\">\n\t\t\t\t\t<\/div>\n\t\t\t\t\t<div class=\"col-12 col-lg-auto\">\n\t\t\t\t\t\t<div class=\"is-style-BigTitle\">\n\t\t\t\t\t\t\tAutres<br>produits\t\t\t\t\t\t<\/div>\n\t\t\t\t\t<\/div>\n\t\t\t\t\t<div class=\"col\">\n\t\t\t\t\t\t<div class=\"OtherChildrenPost_Content\">\n\t\t\t\t\t\t\t\t\t\t\t\t\t\t<div class=\"is_SingleChildrenPost\">\n\t\t\t\t\t\t\t\t\t<div class=\"is_SingleChildrenPost\">\n\t\t\t\t\t\t\t\t\t\t<a href=\"https:\/\/www.mobilofficefurniture.it\/fr\/bureaux-operationnels\/quadro\/\">\n\t\t\t\t\t\t\t\t\t\t\t<div class=\"childrenpost-detail-wrapper\">\n\t\t\t\t\t\t\t\t\t\t\t\t<div class=\"childrenpost-header\"><h3>quadro<\/h3><\/div>\n\t\t\t\t\t\t\t\t\t\t\t<\/div>\n\t\t\t\t\t\t\t\t\t\t<\/a>\n\t\t\t\t\t\t\t\t\t<\/div>\n\t\t\t\t\t\t\t\t<\/div>\n\t\t\t\t\t\t\t\t\t\t\t\t\t\t\t\t<div class=\"is_SingleChildrenPost\">\n\t\t\t\t\t\t\t\t\t<div class=\"is_SingleChildrenPost\">\n\t\t\t\t\t\t\t\t\t\t<a href=\"https:\/\/www.mobilofficefurniture.it\/fr\/bureaux-operationnels\/line\/\">\n\t\t\t\t\t\t\t\t\t\t\t<div class=\"childrenpost-detail-wrapper\">\n\t\t\t\t\t\t\t\t\t\t\t\t<div class=\"childrenpost-header\"><h3>line<\/h3><\/div>\n\t\t\t\t\t\t\t\t\t\t\t<\/div>\n\t\t\t\t\t\t\t\t\t\t<\/a>\n\t\t\t\t\t\t\t\t\t<\/div>\n\t\t\t\t\t\t\t\t<\/div>\n\t\t\t\t\t\t\t\t\t\t\t\t\t\t\t\t<div class=\"is_SingleChildrenPost\">\n\t\t\t\t\t\t\t\t\t<div class=\"is_SingleChildrenPost\">\n\t\t\t\t\t\t\t\t\t\t<a href=\"https:\/\/www.mobilofficefurniture.it\/fr\/bureaux-operationnels\/point2\/\">\n\t\t\t\t\t\t\t\t\t\t\t<div class=\"childrenpost-detail-wrapper\">\n\t\t\t\t\t\t\t\t\t\t\t\t<div class=\"childrenpost-header\"><h3>point2<\/h3><\/div>\n\t\t\t\t\t\t\t\t\t\t\t<\/div>\n\t\t\t\t\t\t\t\t\t\t<\/a>\n\t\t\t\t\t\t\t\t\t<\/div>\n\t\t\t\t\t\t\t\t<\/div>\n\t\t\t\t\t\t\t\t\t\t\t\t\t\t\t\t<div class=\"is_SingleChildrenPost\">\n\t\t\t\t\t\t\t\t\t<div class=\"is_SingleChildrenPost\">\n\t\t\t\t\t\t\t\t\t\t<a href=\"https:\/\/www.mobilofficefurniture.it\/fr\/bureaux-operationnels\/t_cube\/\">\n\t\t\t\t\t\t\t\t\t\t\t<div class=\"childrenpost-detail-wrapper\">\n\t\t\t\t\t\t\t\t\t\t\t\t<div class=\"childrenpost-header\"><h3>t_cube<\/h3><\/div>\n\t\t\t\t\t\t\t\t\t\t\t<\/div>\n\t\t\t\t\t\t\t\t\t\t<\/a>\n\t\t\t\t\t\t\t\t\t<\/div>\n\t\t\t\t\t\t\t\t<\/div>\n\t\t\t\t\t\t\t\t\t\t\t\t\t\t\t\t<div class=\"is_SingleChildrenPost\">\n\t\t\t\t\t\t\t\t\t<div class=\"is_SingleChildrenPost\">\n\t\t\t\t\t\t\t\t\t\t<a href=\"https:\/\/www.mobilofficefurniture.it\/fr\/bureaux-operationnels\/sketch2\/\">\n\t\t\t\t\t\t\t\t\t\t\t<div class=\"childrenpost-detail-wrapper\">\n\t\t\t\t\t\t\t\t\t\t\t\t<div class=\"childrenpost-header\"><h3>sketch2<\/h3><\/div>\n\t\t\t\t\t\t\t\t\t\t\t<\/div>\n\t\t\t\t\t\t\t\t\t\t<\/a>\n\t\t\t\t\t\t\t\t\t<\/div>\n\t\t\t\t\t\t\t\t<\/div>\n\t\t\t\t\t\t\t\t\t\t\t\t\t\t\t\t<div class=\"is_SingleChildrenPost\">\n\t\t\t\t\t\t\t\t\t<div class=\"is_SingleChildrenPost\">\n\t\t\t\t\t\t\t\t\t\t<a href=\"https:\/\/www.mobilofficefurniture.it\/fr\/bureaux-operationnels\/krin\/\">\n\t\t\t\t\t\t\t\t\t\t\t<div class=\"childrenpost-detail-wrapper\">\n\t\t\t\t\t\t\t\t\t\t\t\t<div class=\"childrenpost-header\"><h3>krin<\/h3><\/div>\n\t\t\t\t\t\t\t\t\t\t\t<\/div>\n\t\t\t\t\t\t\t\t\t\t<\/a>\n\t\t\t\t\t\t\t\t\t<\/div>\n\t\t\t\t\t\t\t\t<\/div>\n\t\t\t\t\t\t\t\t\t\t\t\t\t\t<\/div>\n\t\t\t\t\t<\/div>\n\t\t\t\t<\/div>\n\t\t\t<\/div>\n\t\t<\/div>\n\t\t\n<\/div>\n\n\n\n<div style=\"height:80px\" aria-hidden=\"true\" class=\"wp-block-spacer\"><\/div>\n\n\n\n<div class=\"wp-block-cover alignfull\"><span aria-hidden=\"true\" class=\"wp-block-cover__background has-background-dim-80 has-background-dim\"><\/span><img loading=\"lazy\" decoding=\"async\" width=\"1920\" height=\"900\" class=\"wp-block-cover__image-background wp-image-103\" alt=\"\" src=\"https:\/\/www.mobilofficefurniture.it\/wp-content\/uploads\/2024\/01\/Scrivanie-operative-header.jpg\" data-object-fit=\"cover\" srcset=\"https:\/\/www.mobilofficefurniture.it\/wp-content\/uploads\/2024\/01\/Scrivanie-operative-header.jpg 1920w, https:\/\/www.mobilofficefurniture.it\/wp-content\/uploads\/2024\/01\/Scrivanie-operative-header-1600x750.jpg 1600w, https:\/\/www.mobilofficefurniture.it\/wp-content\/uploads\/2024\/01\/Scrivanie-operative-header-768x360.jpg 768w, https:\/\/www.mobilofficefurniture.it\/wp-content\/uploads\/2024\/01\/Scrivanie-operative-header-1536x720.jpg 1536w, https:\/\/www.mobilofficefurniture.it\/wp-content\/uploads\/2024\/01\/Scrivanie-operative-header-600x281.jpg 600w\" sizes=\"auto, (max-width: 1920px) 100vw, 1920px\" \/><div class=\"wp-block-cover__inner-container\">\n<div class=\"wp-block-group is-style-container\">\n<div style=\"height:40px\" aria-hidden=\"true\" class=\"wp-block-spacer\"><\/div>\n\n\n\n<p class=\"is-style-BigTitle\">Ces produits vous int\u00e9ressent ?<\/p>\n\n\n\n<div style=\"height:5px\" aria-hidden=\"true\" class=\"wp-block-spacer\"><\/div>\n\n\n\n<p>\u00c9crivez-nous ici et nous vous donnerons toutes les informations que vous recherchez<\/p>\n\n\n\n<div class=\"wp-block-group max-width-70\">\n<div class=\"wp-block-contact-form-7-contact-form-selector\">\n<div class=\"wpcf7 no-js\" id=\"wpcf7-f990-o1\" lang=\"fr-FR\" dir=\"ltr\" data-wpcf7-id=\"990\">\n<div class=\"screen-reader-response\"><p role=\"status\" aria-live=\"polite\" aria-atomic=\"true\"><\/p> <ul><\/ul><\/div>\n<form action=\"\/fr\/wp-json\/wp\/v2\/pages\/1014#wpcf7-f990-o1\" method=\"post\" class=\"wpcf7-form init\" aria-label=\"Formulaire de contact\" novalidate=\"novalidate\" data-status=\"init\">\n<fieldset class=\"hidden-fields-container\"><input type=\"hidden\" name=\"_wpcf7\" value=\"990\" \/><input type=\"hidden\" name=\"_wpcf7_version\" value=\"6.1.5\" \/><input type=\"hidden\" name=\"_wpcf7_locale\" value=\"fr_FR\" \/><input type=\"hidden\" name=\"_wpcf7_unit_tag\" value=\"wpcf7-f990-o1\" \/><input type=\"hidden\" name=\"_wpcf7_container_post\" value=\"0\" \/><input type=\"hidden\" name=\"_wpcf7_posted_data_hash\" value=\"\" \/>\n<\/fieldset>\n<p><a href=\"mailto:info@mobilofficefurniture.it\" style=\"color:#FFF;\">info@mobilofficefurniture.it<\/a>\n<\/p><div class=\"wpcf7-response-output\" aria-hidden=\"true\"><\/div>\n<\/form>\n<\/div>\n<\/div>\n<\/div>\n\n\n\n<div style=\"height:40px\" aria-hidden=\"true\" class=\"wp-block-spacer\"><\/div>\n<\/div>\n<\/div><\/div>\n","protected":false},"excerpt":{"rendered":"<p>Classique et contemporain.<\/p>\n","protected":false},"author":1,"featured_media":807,"parent":1002,"menu_order":7,"comment_status":"closed","ping_status":"closed","template":"","meta":{"_acf_changed":false,"inline_featured_image":false,"footnotes":""},"class_list":["post-1014","page","type-page","status-publish","has-post-thumbnail","hentry"],"acf":[],"yoast_head":"<title>Mobil Office Furniture - krin<\/title>\n<meta name=\"description\" content=\"Krin cr\u00e9e des postes de travail adapt\u00e9s aux besoins de ceux qui travaillent, en d\u00e9finissant un espace de travail personnel et en valorisant son utilisation m\u00eame dans des espaces r\u00e9duits. Krin, con\u00e7u pour cr\u00e9er des environnements o\u00f9 le style et le professionnalisme sont en harmonie avec l\u2019image et les performances.\" \/>\n<meta name=\"robots\" content=\"index, follow, max-snippet:-1, max-image-preview:large, max-video-preview:-1\" \/>\n<link rel=\"canonical\" href=\"https:\/\/www.mobilofficefurniture.it\/fr\/bureaux-operationnels\/krin\/\" \/>\n<meta property=\"og:locale\" content=\"fr_FR\" \/>\n<meta property=\"og:type\" content=\"article\" \/>\n<meta property=\"og:title\" content=\"Mobil Office Furniture - krin\" \/>\n<meta property=\"og:description\" content=\"Krin cr\u00e9e des postes de travail adapt\u00e9s aux besoins de ceux qui travaillent, en d\u00e9finissant un espace de travail personnel et en valorisant son utilisation m\u00eame dans des espaces r\u00e9duits. Krin, con\u00e7u pour cr\u00e9er des environnements o\u00f9 le style et le professionnalisme sont en harmonie avec l\u2019image et les performances.\" \/>\n<meta property=\"og:url\" content=\"https:\/\/www.mobilofficefurniture.it\/fr\/bureaux-operationnels\/krin\/\" \/>\n<meta property=\"og:site_name\" content=\"Mobil Office Furniture\" \/>\n<meta property=\"article:modified_time\" content=\"2024-01-16T09:32:48+00:00\" \/>\n<meta property=\"og:image\" content=\"https:\/\/www.mobilofficefurniture.it\/wp-content\/uploads\/2024\/01\/Ambiente-Spagnol-Krin-01_i14.jpg\" \/>\n\t<meta property=\"og:image:width\" content=\"1344\" \/>\n\t<meta property=\"og:image:height\" content=\"1920\" \/>\n\t<meta property=\"og:image:type\" content=\"image\/jpeg\" \/>\n<meta name=\"twitter:card\" content=\"summary_large_image\" \/>\n<meta name=\"twitter:label1\" content=\"Dur\u00e9e de lecture estim\u00e9e\" \/>\n\t<meta name=\"twitter:data1\" content=\"4 minutes\" \/>\n<script type=\"application\/ld+json\" class=\"yoast-schema-graph\">{\"@context\":\"https:\/\/schema.org\",\"@graph\":[{\"@type\":\"WebPage\",\"@id\":\"https:\/\/www.mobilofficefurniture.it\/fr\/bureaux-operationnels\/krin\/\",\"url\":\"https:\/\/www.mobilofficefurniture.it\/fr\/bureaux-operationnels\/krin\/\",\"name\":\"Mobil Office Furniture - krin\",\"isPartOf\":{\"@id\":\"https:\/\/www.mobilofficefurniture.it\/fr\/#website\"},\"primaryImageOfPage\":{\"@id\":\"https:\/\/www.mobilofficefurniture.it\/fr\/bureaux-operationnels\/krin\/#primaryimage\"},\"image\":{\"@id\":\"https:\/\/www.mobilofficefurniture.it\/fr\/bureaux-operationnels\/krin\/#primaryimage\"},\"thumbnailUrl\":\"https:\/\/www.mobilofficefurniture.it\/wp-content\/uploads\/2024\/01\/Ambiente-Spagnol-Krin-01_i14.jpg\",\"datePublished\":\"2024-01-09T13:44:18+00:00\",\"dateModified\":\"2024-01-16T09:32:48+00:00\",\"description\":\"Krin cr\u00e9e des postes de travail adapt\u00e9s aux besoins de ceux qui travaillent, en d\u00e9finissant un espace de travail personnel et en valorisant son utilisation m\u00eame dans des espaces r\u00e9duits. Krin, con\u00e7u pour cr\u00e9er des environnements o\u00f9 le style et le professionnalisme sont en harmonie avec l\u2019image et les performances.\",\"breadcrumb\":{\"@id\":\"https:\/\/www.mobilofficefurniture.it\/fr\/bureaux-operationnels\/krin\/#breadcrumb\"},\"inLanguage\":\"fr-FR\",\"potentialAction\":[{\"@type\":\"ReadAction\",\"target\":[\"https:\/\/www.mobilofficefurniture.it\/fr\/bureaux-operationnels\/krin\/\"]}]},{\"@type\":\"ImageObject\",\"inLanguage\":\"fr-FR\",\"@id\":\"https:\/\/www.mobilofficefurniture.it\/fr\/bureaux-operationnels\/krin\/#primaryimage\",\"url\":\"https:\/\/www.mobilofficefurniture.it\/wp-content\/uploads\/2024\/01\/Ambiente-Spagnol-Krin-01_i14.jpg\",\"contentUrl\":\"https:\/\/www.mobilofficefurniture.it\/wp-content\/uploads\/2024\/01\/Ambiente-Spagnol-Krin-01_i14.jpg\",\"width\":1344,\"height\":1920},{\"@type\":\"BreadcrumbList\",\"@id\":\"https:\/\/www.mobilofficefurniture.it\/fr\/bureaux-operationnels\/krin\/#breadcrumb\",\"itemListElement\":[{\"@type\":\"ListItem\",\"position\":1,\"name\":\"Home\",\"item\":\"https:\/\/www.mobilofficefurniture.it\/fr\/\"},{\"@type\":\"ListItem\",\"position\":2,\"name\":\"Bureaux op\u00e9rationnels\",\"item\":\"https:\/\/www.mobilofficefurniture.it\/fr\/bureaux-operationnels\/\"},{\"@type\":\"ListItem\",\"position\":3,\"name\":\"krin\"}]},{\"@type\":\"WebSite\",\"@id\":\"https:\/\/www.mobilofficefurniture.it\/fr\/#website\",\"url\":\"https:\/\/www.mobilofficefurniture.it\/fr\/\",\"name\":\"Mobile Office Furniture\",\"description\":\"Sistemi d\u2019arredo per uffici direzionali e operativi\",\"publisher\":{\"@id\":\"https:\/\/www.mobilofficefurniture.it\/fr\/#organization\"},\"alternateName\":\"Mobile Office Furniture - Sistemi d\u2019arredo per uffici direzionali e operativi\",\"potentialAction\":[{\"@type\":\"SearchAction\",\"target\":{\"@type\":\"EntryPoint\",\"urlTemplate\":\"https:\/\/www.mobilofficefurniture.it\/fr\/?s={search_term_string}\"},\"query-input\":{\"@type\":\"PropertyValueSpecification\",\"valueRequired\":true,\"valueName\":\"search_term_string\"}}],\"inLanguage\":\"fr-FR\"},{\"@type\":\"Organization\",\"@id\":\"https:\/\/www.mobilofficefurniture.it\/fr\/#organization\",\"name\":\"Mobile Office Furniture\",\"url\":\"https:\/\/www.mobilofficefurniture.it\/fr\/\",\"logo\":{\"@type\":\"ImageObject\",\"inLanguage\":\"fr-FR\",\"@id\":\"https:\/\/www.mobilofficefurniture.it\/fr\/#\/schema\/logo\/image\/\",\"url\":\"https:\/\/www.mobilofficefurniture.it\/wp-content\/uploads\/2024\/01\/mobilofficefurniture-logo.svg\",\"contentUrl\":\"https:\/\/www.mobilofficefurniture.it\/wp-content\/uploads\/2024\/01\/mobilofficefurniture-logo.svg\",\"width\":300,\"height\":32,\"caption\":\"Mobile Office Furniture\"},\"image\":{\"@id\":\"https:\/\/www.mobilofficefurniture.it\/fr\/#\/schema\/logo\/image\/\"}}]}<\/script>","yoast_head_json":{"title":"Mobil Office Furniture - krin","description":"Krin cr\u00e9e des postes de travail adapt\u00e9s aux besoins de ceux qui travaillent, en d\u00e9finissant un espace de travail personnel et en valorisant son utilisation m\u00eame dans des espaces r\u00e9duits. Krin, con\u00e7u pour cr\u00e9er des environnements o\u00f9 le style et le professionnalisme sont en harmonie avec l\u2019image et les performances.","robots":{"index":"index","follow":"follow","max-snippet":"max-snippet:-1","max-image-preview":"max-image-preview:large","max-video-preview":"max-video-preview:-1"},"canonical":"https:\/\/www.mobilofficefurniture.it\/fr\/bureaux-operationnels\/krin\/","og_locale":"fr_FR","og_type":"article","og_title":"Mobil Office Furniture - krin","og_description":"Krin cr\u00e9e des postes de travail adapt\u00e9s aux besoins de ceux qui travaillent, en d\u00e9finissant un espace de travail personnel et en valorisant son utilisation m\u00eame dans des espaces r\u00e9duits. Krin, con\u00e7u pour cr\u00e9er des environnements o\u00f9 le style et le professionnalisme sont en harmonie avec l\u2019image et les performances.","og_url":"https:\/\/www.mobilofficefurniture.it\/fr\/bureaux-operationnels\/krin\/","og_site_name":"Mobil Office Furniture","article_modified_time":"2024-01-16T09:32:48+00:00","og_image":[{"width":1344,"height":1920,"url":"https:\/\/www.mobilofficefurniture.it\/wp-content\/uploads\/2024\/01\/Ambiente-Spagnol-Krin-01_i14.jpg","type":"image\/jpeg"}],"twitter_card":"summary_large_image","twitter_misc":{"Dur\u00e9e de lecture estim\u00e9e":"4 minutes"},"schema":{"@context":"https:\/\/schema.org","@graph":[{"@type":"WebPage","@id":"https:\/\/www.mobilofficefurniture.it\/fr\/bureaux-operationnels\/krin\/","url":"https:\/\/www.mobilofficefurniture.it\/fr\/bureaux-operationnels\/krin\/","name":"Mobil Office Furniture - krin","isPartOf":{"@id":"https:\/\/www.mobilofficefurniture.it\/fr\/#website"},"primaryImageOfPage":{"@id":"https:\/\/www.mobilofficefurniture.it\/fr\/bureaux-operationnels\/krin\/#primaryimage"},"image":{"@id":"https:\/\/www.mobilofficefurniture.it\/fr\/bureaux-operationnels\/krin\/#primaryimage"},"thumbnailUrl":"https:\/\/www.mobilofficefurniture.it\/wp-content\/uploads\/2024\/01\/Ambiente-Spagnol-Krin-01_i14.jpg","datePublished":"2024-01-09T13:44:18+00:00","dateModified":"2024-01-16T09:32:48+00:00","description":"Krin cr\u00e9e des postes de travail adapt\u00e9s aux besoins de ceux qui travaillent, en d\u00e9finissant un espace de travail personnel et en valorisant son utilisation m\u00eame dans des espaces r\u00e9duits. Krin, con\u00e7u pour cr\u00e9er des environnements o\u00f9 le style et le professionnalisme sont en harmonie avec l\u2019image et les performances.","breadcrumb":{"@id":"https:\/\/www.mobilofficefurniture.it\/fr\/bureaux-operationnels\/krin\/#breadcrumb"},"inLanguage":"fr-FR","potentialAction":[{"@type":"ReadAction","target":["https:\/\/www.mobilofficefurniture.it\/fr\/bureaux-operationnels\/krin\/"]}]},{"@type":"ImageObject","inLanguage":"fr-FR","@id":"https:\/\/www.mobilofficefurniture.it\/fr\/bureaux-operationnels\/krin\/#primaryimage","url":"https:\/\/www.mobilofficefurniture.it\/wp-content\/uploads\/2024\/01\/Ambiente-Spagnol-Krin-01_i14.jpg","contentUrl":"https:\/\/www.mobilofficefurniture.it\/wp-content\/uploads\/2024\/01\/Ambiente-Spagnol-Krin-01_i14.jpg","width":1344,"height":1920},{"@type":"BreadcrumbList","@id":"https:\/\/www.mobilofficefurniture.it\/fr\/bureaux-operationnels\/krin\/#breadcrumb","itemListElement":[{"@type":"ListItem","position":1,"name":"Home","item":"https:\/\/www.mobilofficefurniture.it\/fr\/"},{"@type":"ListItem","position":2,"name":"Bureaux op\u00e9rationnels","item":"https:\/\/www.mobilofficefurniture.it\/fr\/bureaux-operationnels\/"},{"@type":"ListItem","position":3,"name":"krin"}]},{"@type":"WebSite","@id":"https:\/\/www.mobilofficefurniture.it\/fr\/#website","url":"https:\/\/www.mobilofficefurniture.it\/fr\/","name":"Mobile Office Furniture","description":"Sistemi d\u2019arredo per uffici direzionali e operativi","publisher":{"@id":"https:\/\/www.mobilofficefurniture.it\/fr\/#organization"},"alternateName":"Mobile Office Furniture - Sistemi d\u2019arredo per uffici direzionali e operativi","potentialAction":[{"@type":"SearchAction","target":{"@type":"EntryPoint","urlTemplate":"https:\/\/www.mobilofficefurniture.it\/fr\/?s={search_term_string}"},"query-input":{"@type":"PropertyValueSpecification","valueRequired":true,"valueName":"search_term_string"}}],"inLanguage":"fr-FR"},{"@type":"Organization","@id":"https:\/\/www.mobilofficefurniture.it\/fr\/#organization","name":"Mobile Office Furniture","url":"https:\/\/www.mobilofficefurniture.it\/fr\/","logo":{"@type":"ImageObject","inLanguage":"fr-FR","@id":"https:\/\/www.mobilofficefurniture.it\/fr\/#\/schema\/logo\/image\/","url":"https:\/\/www.mobilofficefurniture.it\/wp-content\/uploads\/2024\/01\/mobilofficefurniture-logo.svg","contentUrl":"https:\/\/www.mobilofficefurniture.it\/wp-content\/uploads\/2024\/01\/mobilofficefurniture-logo.svg","width":300,"height":32,"caption":"Mobile Office Furniture"},"image":{"@id":"https:\/\/www.mobilofficefurniture.it\/fr\/#\/schema\/logo\/image\/"}}]}},"_links":{"self":[{"href":"https:\/\/www.mobilofficefurniture.it\/fr\/wp-json\/wp\/v2\/pages\/1014","targetHints":{"allow":["GET"]}}],"collection":[{"href":"https:\/\/www.mobilofficefurniture.it\/fr\/wp-json\/wp\/v2\/pages"}],"about":[{"href":"https:\/\/www.mobilofficefurniture.it\/fr\/wp-json\/wp\/v2\/types\/page"}],"author":[{"embeddable":true,"href":"https:\/\/www.mobilofficefurniture.it\/fr\/wp-json\/wp\/v2\/users\/1"}],"replies":[{"embeddable":true,"href":"https:\/\/www.mobilofficefurniture.it\/fr\/wp-json\/wp\/v2\/comments?post=1014"}],"version-history":[{"count":2,"href":"https:\/\/www.mobilofficefurniture.it\/fr\/wp-json\/wp\/v2\/pages\/1014\/revisions"}],"predecessor-version":[{"id":1165,"href":"https:\/\/www.mobilofficefurniture.it\/fr\/wp-json\/wp\/v2\/pages\/1014\/revisions\/1165"}],"up":[{"embeddable":true,"href":"https:\/\/www.mobilofficefurniture.it\/fr\/wp-json\/wp\/v2\/pages\/1002"}],"wp:featuredmedia":[{"embeddable":true,"href":"https:\/\/www.mobilofficefurniture.it\/fr\/wp-json\/wp\/v2\/media\/807"}],"wp:attachment":[{"href":"https:\/\/www.mobilofficefurniture.it\/fr\/wp-json\/wp\/v2\/media?parent=1014"}],"curies":[{"name":"wp","href":"https:\/\/api.w.org\/{rel}","templated":true}]}}