{"id":1325,"date":"2024-01-08T15:17:56","date_gmt":"2024-01-08T14:17:56","guid":{"rendered":"https:\/\/www.mobilofficefurniture.it\/?page_id=1325"},"modified":"2024-09-13T16:01:20","modified_gmt":"2024-09-13T14:01:20","slug":"privacy-policy","status":"publish","type":"page","link":"https:\/\/www.mobilofficefurniture.it\/fr\/privacy-policy\/","title":{"rendered":"Privacy Policy"},"content":{"rendered":"\n<div class=\"wp-block-group is-style-container\">\n<div style=\"height:100px\" aria-hidden=\"true\" class=\"wp-block-spacer\"><\/div>\n\n\n\n<h1 class=\"wp-block-heading\">Privacy Policy<\/h1>\n\n\n\n<p><strong>Informations dans le cadre de l\u2019article 13 GDPR (R\u00e8glement g\u00e9n\u00e9ral<\/strong> <strong>sur la protection des donn\u00e9es)<\/strong><\/p>\n\n\n\n<p>Spagnol Cucine, Living&amp;Bathrooms S.r.l. (\u201cSpagnol Cucine srl\u201d ou \u201cSCL&amp;B S.r.l.\u201d), ayant son si\u00e8ge \u00e0 Via Paludotti, 2 \u2013 31020 VIDOR (TV), est le Responsable du traitement des donn\u00e9es personnelles communiqu\u00e9es lors de la navigation sur le site <a href=\"http:\/\/www.spagnolcucine.it\/\">www.spagnolcucine.it<\/a> <br>et sur le site <a href=\"http:\/\/www.mobilofficefurniture.it\/\">www.mobilofficefurniture.it<\/a> (le \u201cSito\u201d). Dans le pr\u00e9sent avis, nous vous d\u00e9signerons \u00e9galement comme la \u00abpersonne concern\u00e9e\u00bb, c&rsquo;est-\u00e0-dire la personne \u00e0 laquelle se r\u00e9f\u00e8rent les donn\u00e9es personnelles collect\u00e9es.<\/p>\n\n\n\n<p>Si vous avez des doutes sur l&rsquo;utilisation de vos donn\u00e9es ou si vous souhaitez exercer vos droits reconnus par la loi, vous pouvez \u00e9crire \u00e0: <a href=\"mailto:privacy@spagnolcucine.it\">privacy@spagnolcucine.it<\/a>, <br>ou \u00e0: <a href=\"mailto:spagnolcucine@legalmail.it\">spagnolcucine@legalmail.it<\/a><\/p>\n\n\n\n<figure class=\"wp-block-table\"><table class=\"has-fixed-layout\"><tbody><tr><td>Quelles donn\u00e9es traitons-nous ?<br><\/td><td class=\"has-text-align-right\" data-align=\"right\">1<\/td><\/tr><tr><td>Comment vos donn\u00e9es sont-elles utilis\u00e9es ?<\/td><td class=\"has-text-align-right\" data-align=\"right\">1<\/td><\/tr><tr><td>Les donn\u00e9es sont-elles partag\u00e9es avec d&rsquo;autres sujets ?<\/td><td class=\"has-text-align-right\" data-align=\"right\">2<\/td><\/tr><tr><td>Quels sont mes droits en tant que personne concern\u00e9e?<\/td><td class=\"has-text-align-right\" data-align=\"right\">3<\/td><\/tr><tr><td>O\u00f9 mes donn\u00e9es sont-elles enregistr\u00e9es?<\/td><td class=\"has-text-align-right\" data-align=\"right\">3<\/td><\/tr><tr><td>Comment serai-je inform\u00e9 de toute modification de ces Informations?<\/td><td class=\"has-text-align-right\" data-align=\"right\">3<\/td><\/tr><\/tbody><\/table><\/figure>\n\n\n\n<h4 class=\"wp-block-heading\">Quelles donn\u00e9es traitons-nous ?<\/h4>\n\n\n\n<p>Les donn\u00e9es personnelles suivantes sont collect\u00e9es via le Site:<\/p>\n\n\n\n<p>&#8211; Donn\u00e9es de navigation:<\/p>\n\n\n\n<p><br>Les syst\u00e8mes informatiques du Site collectent certaines donn\u00e9es personnelles dont la transmission est implicite dans l&rsquo;utilisation des protocoles de communication Internet. Il s&rsquo;agit d&rsquo;informations qui ne sont pas collect\u00e9es pour vous \u00eatre associ\u00e9es, mais qui de par leur nature m\u00eame pourraient, par \u00e9laboration et association avec des donn\u00e9es d\u00e9tenues par des tiers, permettre de vous identifier.<\/p>\n\n\n\n<p>Parmi ceux-ci figurent:<\/p>\n\n\n\n<ul class=\"wp-block-list\">\n<li>Adresse IP;<\/li>\n\n\n\n<li>URI (Uniform Resource Identifier) \u200b\u200b\u200b\u200bdes ressources demand\u00e9es;<\/li>\n\n\n\n<li>l&rsquo;heure et la date d&rsquo;interaction avec le Site;<\/li>\n\n\n\n<li>le type de syst\u00e8me d&rsquo;exploitation, le navigateur utilis\u00e9, la r\u00e9solution de l&rsquo;\u00e9cran et d&rsquo;autres informations techniques sur l&rsquo;appareil utilis\u00e9.<\/li>\n<\/ul>\n\n\n\n<h4 class=\"wp-block-heading\">Comment vos donn\u00e9es sont-elles utilis\u00e9es ?<\/h4>\n\n\n\n<p>Les donn\u00e9es personnelles sont trait\u00e9es \u00e0 l&rsquo;aide d&rsquo;outils informatiques et\/ou t\u00e9l\u00e9matiques, avec des m\u00e9thodes d&rsquo;organisation et une logique strictement li\u00e9es aux finalit\u00e9s \u00e9num\u00e9r\u00e9es ci-dessous.<\/p>\n\n\n\n<p>Des mesures de s\u00e9curit\u00e9 sp\u00e9cifiques sont observ\u00e9es pour pr\u00e9venir la perte de donn\u00e9es, l&rsquo;utilisation illicite ou incorrecte et l&rsquo;acc\u00e8s non autoris\u00e9.<\/p>\n\n\n\n<p>Pour toutes les occasions o\u00f9 le Responsable du traitement traite vos donn\u00e9es, il existe une base juridique qui l\u00e9gitime le traitement.<\/p>\n\n\n\n<p>Parfois, votre consentement est n\u00e9cessaire pour traiter des donn\u00e9es personnelles. D&rsquo;autres fois, lorsque la loi le permet et sans pr\u00e9judice du respect de vos droits fondamentaux, le Responsable du traitement n&rsquo;est pas tenu de demander votre consentement au traitement des donn\u00e9es. Cela se produit lorsque les donn\u00e9es sont trait\u00e9es pour une obligation l\u00e9gale ou suite \u00e0 votre demande, que vous avez transmise en contactant le Responsable du traitement et\/ou en sollicitant certains services.<\/p>\n\n\n\n<p>La fourniture de donn\u00e9es dont la base juridique est le consentement est toujours facultative, tandis que dans d&rsquo;autres cas, le d\u00e9faut de fournir des donn\u00e9es pourrait rendre impossible de r\u00e9pondre \u00e0 votre demande ou de remplir une obligation l\u00e9gale \u00e0 laquelle le Responsable du traitement est tenu.<\/p>\n\n\n\n<p>A l&rsquo;issue de la dur\u00e9e de conservation, les donn\u00e9es personnelles collect\u00e9es seront irr\u00e9versiblement supprim\u00e9es ou anonymis\u00e9es.<\/p>\n\n\n\n<figure class=\"wp-block-table\"><table class=\"has-fixed-layout\"><tbody><tr><td rowspan=\"2\"><strong>DONNEES TRAITEES<\/strong><br><\/td><td rowspan=\"2\"><strong>FINALITES<\/strong><\/td><td><strong>BASE JURIDIQUE<\/strong><br><\/td><\/tr><tr><td><strong>DUREE<br>DE CONSERVATION<\/strong><\/td><\/tr><tr><td><br>Donn\u00e9es contenues dans les communications par e-mail envoy\u00e9es aux adresses indiqu\u00e9es sur le Site:<\/td><td><br>1) pour r\u00e9pondre \u00e0 vos demandes.<br><\/td><td><br>6.1.b GDPR \u2013 Ex\u00e9cution d&rsquo;un contrat ou ex\u00e9cution de mesures pr\u00e9contractuelles<br>6.1.c GDPR \u2013 Respect d&rsquo;une obligation l\u00e9gale<br><br><strong>Dur\u00e9e de conservation<\/strong><br><br><br>Pour le temps n\u00e9cessaire pour r\u00e9pondre \u00e0 vos demandes. Le cas \u00e9ch\u00e9ant, pour le temps n\u00e9cessaire \u00e0 l&rsquo;accomplissement des obligations l\u00e9gales ou \u00e0 l&rsquo;appr\u00e9ciation, l&rsquo;exercice ou la d\u00e9fense de son droit en justice.<\/td><\/tr><tr><td rowspan=\"2\"><br>Donn\u00e9es de navigation:<\/td><td rowspan=\"2\">1) g\u00e9rer le Site et sa navigation par l&rsquo;utilisateur;<br>2) \u00e9valuer l&rsquo;utilisation par l&rsquo;utilisateur;<br>3) maintenir correctement le Site conform\u00e9ment aux obligations l\u00e9gales applicables;<br>4) constater et poursuivre les infractions commises au pr\u00e9judice du Responsable du traitement ou des usagers.<\/td><td><br><br>6.1.b GDPR \u2013 Ex\u00e9cution d&rsquo;un contrat ou ex\u00e9cution de mesures pr\u00e9contractuelles<br><br><\/td><\/tr><tr><td><strong>Dur\u00e9e de conservation<\/strong><br><br>Les donn\u00e9es personnelles sont conserv\u00e9es pendant une dur\u00e9e de six mois. Le Responsable du traitement peut \u00eatre oblig\u00e9 de conserver les donn\u00e9es personnelles pendant une p\u00e9riode plus longue conform\u00e9ment \u00e0 une obligation l\u00e9gale ou sur ordre d&rsquo;une autorit\u00e9.<\/td><\/tr><tr><td><br>Donn\u00e9es collect\u00e9es via les cookies&nbsp;:<br><\/td><td><br>1) en ce qui concerne les cookies techniques, pour permettre le bon fonctionnement de certaines rubriques du Site.<br><br><br><\/td><td><br>6.1.b GDPR \u2013 Ex\u00e9cution d&rsquo;un contrat ou ex\u00e9cution de mesures pr\u00e9contractuelles<br><br><strong>Dur\u00e9e de conservation<\/strong><br><br><br>Jusqu&rsquo;\u00e0 la fin de chaque session ou jusqu&rsquo;\u00e0 la fin de la dur\u00e9e de conservation pr\u00e9vue pour chaque type de cookie, comme pr\u00e9cis\u00e9 dans la Cookie Policy du site <a href=\"https:\/\/www.spagnolcucine.it\/cookie-policy\/\">www.spagnolcucine.it<\/a> <br>et du site <a href=\"https:\/\/www.mobilofficefurniture.it\/cookie-policy\/\">www.mobilofficefurniture.it<\/a><\/td><\/tr><\/tbody><\/table><\/figure>\n\n\n\n<h4 class=\"wp-block-heading\">Les donn\u00e9es sont-elles partag\u00e9es avec d&rsquo;autres sujets ?<\/h4>\n\n\n\n<p>Les donn\u00e9es personnelles fournies ne seront pas divulgu\u00e9es, c&rsquo;est-\u00e0-dire qu&rsquo;elles ne seront pas divulgu\u00e9es \u00e0 des sujets ind\u00e9termin\u00e9s.<\/p>\n\n\n\n<p>Toutefois, les donn\u00e9es peuvent \u00eatre communiqu\u00e9es \u00e0 des sujets d\u00e9finis par le Responsable du traitement aux fins indiqu\u00e9es, nomm\u00e9s, le cas \u00e9ch\u00e9ant, en tant que sous-traitants par le Responsable du traitement.<\/p>\n\n\n\n<p>A titre d&rsquo;exemple et non limitatif, peuvent avoir acc\u00e8s aux donn\u00e9es :<\/p>\n\n\n\n<ul class=\"wp-block-list\">\n<li>les sujets que nous avons autoris\u00e9s \u00e0 traiter, qui se sont engag\u00e9s \u00e0 la confidentialit\u00e9 ou qui ont une obligation l\u00e9gale de confidentialit\u00e9 ad\u00e9quate;<\/li>\n\n\n\n<li>ceux qui s&rsquo;occupent de la maintenance du Site, nos sous-traitants et conseils en mati\u00e8re juridique ou fiscale, en tant que Sous-traitants ou Responsables de traitement ind\u00e9pendants;<\/li>\n\n\n\n<li>les pouvoirs publics, lorsque cela est requis par la loi ou \u00e0 leur demande.<\/li>\n<\/ul>\n\n\n\n<p>La liste mise \u00e0 jour des Sous-traitants peut toujours \u00eatre demand\u00e9e au Responsable du traitement.<\/p>\n\n\n\n<p>Le Site int\u00e8gre des liens vers des sites tiers et vers ses propres comptes de r\u00e9seaux sociaux, afin de permettre un acc\u00e8s facile aux contenus diffus\u00e9s par leur interm\u00e9diaire. Il s&rsquo;agit de simples liens vers ces sites et aucune donn\u00e9e n&rsquo;est communiqu\u00e9e \u00e0 ces plateformes par l&rsquo;interm\u00e9diaire du Site. Les cookies peuvent \u00eatre activ\u00e9s, s&rsquo;ils sont fournis par le site externe, uniquement lorsque vous cliquez sur les ic\u00f4nes correspondantes. Gardez \u00e0 l&rsquo;esprit que, si vous naviguez en \u00e9tant connect\u00e9 au r\u00e9seau social ou aux sites d&rsquo;autres fournisseurs, vous avez d\u00e9j\u00e0 consenti \u00e0 l&rsquo;utilisation de cookies transmis via ce Site. La collecte et l&rsquo;utilisation des informations obtenues \u00e0 partir de sites tiers et de r\u00e9seaux sociaux sont r\u00e9glement\u00e9es \u00e0 partir des informations de confidentialit\u00e9 connexes, auxquelles nous vous demandons de vous r\u00e9f\u00e9rer.<\/p>\n\n\n\n<h4 class=\"wp-block-heading\">Quels sont mes droits en tant que personne concern\u00e9e?<\/h4>\n\n\n\n<p>Nous vous donnerons toujours le contr\u00f4le sur vos donn\u00e9es personnelles.<\/p>\n\n\n\n<p>Vous avez notamment le droit de:<\/p>\n\n\n\n<ul class=\"wp-block-list\">\n<li>demander des informations sur vos donn\u00e9es personnelles trait\u00e9es par le Responsable du traitement et demander une copie dans un format structur\u00e9 et lisible;<\/li>\n\n\n\n<li>ne pas faire l&rsquo;objet de d\u00e9cisions automatis\u00e9es, si vous n&rsquo;y consentez pas;<\/li>\n\n\n\n<li>demander au Responsable du traitement de corriger les donn\u00e9es vous concernant qui sont incorrectes, de les annuler ou de ne les utiliser qu&rsquo;\u00e0 certaines fins;<\/li>\n\n\n\n<li>r\u00e9voquer tout consentement donn\u00e9.<\/li>\n<\/ul>\n\n\n\n<p>Cependant, gardez \u00e0 l&rsquo;esprit que dans certains cas limit\u00e9s, nous ne serons pas en mesure de r\u00e9pondre \u00e0 vos demandes, comme dans le cas o\u00f9 nous sommes interdits par la loi ou sur ordre d&rsquo;une autorit\u00e9.<\/p>\n\n\n\n<p>Les droits susmentionn\u00e9s peuvent \u00eatre exerc\u00e9s par une communication \u00e9crite \u00e0 envoyer par e-mail \u00e0 l&rsquo;adresse du Responsable du traitement.<\/p>\n\n\n\n<p>Si vous avez donn\u00e9 votre consentement pour certains traitements, vous pouvez le r\u00e9voquer \u00e0 tout moment, sans pr\u00e9judice de la lic\u00e9it\u00e9 du traitement pour la p\u00e9riode pr\u00e9c\u00e9dant la r\u00e9vocation.<\/p>\n\n\n\n<p>Dans tous les cas, vous avez le droit de d\u00e9poser une plainte aupr\u00e8s de l&rsquo;autorit\u00e9 de contr\u00f4le comp\u00e9tente si vous estimez que le traitement de vos donn\u00e9es personnelles est contraire \u00e0 la l\u00e9gislation en vigueur.<\/p>\n\n\n\n<h4 class=\"wp-block-heading\">O\u00f9 mes donn\u00e9es sont-elles enregistr\u00e9es?<\/h4>\n\n\n\n<p><br>Vos donn\u00e9es ne seront trait\u00e9es qu&rsquo;au sein de l&rsquo;Espace \u00e9conomique europ\u00e9en. Il est possible que certains de nos fournisseurs, en tant que Sous-traitants, enregistrent les donn\u00e9es \u00e9galement dans des pays tiers, qui garantissent cependant un niveau ad\u00e9quat de protection des droits de l&rsquo;int\u00e9ress\u00e9 en vertu du respect d&rsquo;une ou plusieurs des conditions \u00e9nonc\u00e9es dans les articles 45-47 GDPR. Les donn\u00e9es collect\u00e9es par le biais de cookies tiers peuvent \u00eatre transf\u00e9r\u00e9es vers des pays tiers conform\u00e9ment \u00e0 ce qui est indiqu\u00e9 dans la Cookie Policy du site <a href=\"http:\/\/www.spagnolcucine.it\/\">www.spagnolcucine.it<\/a> <br>et du site <a href=\"http:\/\/www.mobilofficefurniture.it\/\">www.mobilofficefurniture.it<\/a> <br>et dans les informations de confidentialit\u00e9 des tiers.<\/p>\n\n\n\n<h4 class=\"wp-block-heading\"><br>Comment serai-je inform\u00e9 de toute modification de ces Informations?<\/h4>\n\n\n\n<p><br>Le Responsable du traitement mettra \u00e0 jour ces Informations lorsqu&rsquo;il le jugera n\u00e9cessaire. En cas de changements substantiels, notamment en ce qui concerne les finalit\u00e9s pour lesquelles nous utilisons vos donn\u00e9es personnelles, nous vous en informerons par e-mail, \u00e0 l&rsquo;adresse \u00e9ventuellement communiqu\u00e9e, ou au moyen d&rsquo;une mention sur le Site.<\/p>\n\n\n\n<div style=\"height:100px\" aria-hidden=\"true\" class=\"wp-block-spacer\"><\/div>\n<\/div>\n","protected":false},"excerpt":{"rendered":"<p>Privacy Policy Informations dans le cadre de l\u2019article 13 GDPR (R\u00e8glement g\u00e9n\u00e9ral sur la protection des donn\u00e9es) Spagnol Cucine, Living&amp;Bathrooms S.r.l. (\u201cSpagnol Cucine srl\u201d ou \u201cSCL&amp;B S.r.l.\u201d), ayant son si\u00e8ge \u00e0 Via Paludotti, 2 \u2013 31020 VIDOR (TV), est le Responsable du traitement des donn\u00e9es personnelles communiqu\u00e9es lors de la navigation sur le site www.spagnolcucine.it [&hellip;]<\/p>\n","protected":false},"author":2,"featured_media":0,"parent":0,"menu_order":9,"comment_status":"closed","ping_status":"open","template":"","meta":{"_acf_changed":false,"inline_featured_image":false,"footnotes":""},"class_list":["post-1325","page","type-page","status-publish","hentry"],"acf":[],"yoast_head":"<title>Mobil Office Furniture - Privacy Policy<\/title>\n<meta name=\"description\" content=\"Cette politique de confidentialit\u00e9 d\u00e9finit les modalit\u00e9s de traitement des donn\u00e9es personnelles et de navigation sur le site Mobil Office Furniture.\" \/>\n<meta name=\"robots\" content=\"index, follow, max-snippet:-1, max-image-preview:large, max-video-preview:-1\" \/>\n<link rel=\"canonical\" href=\"https:\/\/www.mobilofficefurniture.it\/fr\/privacy-policy\/\" \/>\n<meta property=\"og:locale\" content=\"fr_FR\" \/>\n<meta property=\"og:type\" content=\"article\" \/>\n<meta property=\"og:title\" content=\"Mobil Office Furniture - Privacy Policy\" \/>\n<meta property=\"og:description\" content=\"Cette politique de confidentialit\u00e9 d\u00e9finit les modalit\u00e9s de traitement des donn\u00e9es personnelles et de navigation sur le site Mobil Office Furniture.\" \/>\n<meta property=\"og:url\" content=\"https:\/\/www.mobilofficefurniture.it\/fr\/privacy-policy\/\" \/>\n<meta property=\"og:site_name\" content=\"Mobil Office Furniture\" \/>\n<meta property=\"article:modified_time\" content=\"2024-09-13T14:01:20+00:00\" \/>\n<meta property=\"og:image\" content=\"https:\/\/www.mobilofficefurniture.it\/wp-content\/uploads\/2024\/01\/Sistemi-arredo-per-uffici-direzionali-e-operativi-default.jpg\" \/>\n\t<meta property=\"og:image:width\" content=\"1200\" \/>\n\t<meta property=\"og:image:height\" content=\"675\" \/>\n\t<meta property=\"og:image:type\" content=\"image\/jpeg\" \/>\n<meta name=\"twitter:card\" content=\"summary_large_image\" \/>\n<meta name=\"twitter:label1\" content=\"Dur\u00e9e de lecture estim\u00e9e\" \/>\n\t<meta name=\"twitter:data1\" content=\"8 minutes\" \/>\n<script type=\"application\/ld+json\" class=\"yoast-schema-graph\">{\"@context\":\"https:\/\/schema.org\",\"@graph\":[{\"@type\":\"WebPage\",\"@id\":\"https:\/\/www.mobilofficefurniture.it\/fr\/privacy-policy\/\",\"url\":\"https:\/\/www.mobilofficefurniture.it\/fr\/privacy-policy\/\",\"name\":\"Mobil Office Furniture - Privacy Policy\",\"isPartOf\":{\"@id\":\"https:\/\/www.mobilofficefurniture.it\/fr\/#website\"},\"datePublished\":\"2024-01-08T14:17:56+00:00\",\"dateModified\":\"2024-09-13T14:01:20+00:00\",\"description\":\"Cette politique de confidentialit\u00e9 d\u00e9finit les modalit\u00e9s de traitement des donn\u00e9es personnelles et de navigation sur le site Mobil Office Furniture.\",\"breadcrumb\":{\"@id\":\"https:\/\/www.mobilofficefurniture.it\/fr\/privacy-policy\/#breadcrumb\"},\"inLanguage\":\"fr-FR\",\"potentialAction\":[{\"@type\":\"ReadAction\",\"target\":[\"https:\/\/www.mobilofficefurniture.it\/fr\/privacy-policy\/\"]}]},{\"@type\":\"BreadcrumbList\",\"@id\":\"https:\/\/www.mobilofficefurniture.it\/fr\/privacy-policy\/#breadcrumb\",\"itemListElement\":[{\"@type\":\"ListItem\",\"position\":1,\"name\":\"Home\",\"item\":\"https:\/\/www.mobilofficefurniture.it\/fr\/\"},{\"@type\":\"ListItem\",\"position\":2,\"name\":\"Privacy Policy\"}]},{\"@type\":\"WebSite\",\"@id\":\"https:\/\/www.mobilofficefurniture.it\/fr\/#website\",\"url\":\"https:\/\/www.mobilofficefurniture.it\/fr\/\",\"name\":\"Mobile Office Furniture\",\"description\":\"Sistemi d\u2019arredo per uffici direzionali e operativi\",\"publisher\":{\"@id\":\"https:\/\/www.mobilofficefurniture.it\/fr\/#organization\"},\"alternateName\":\"Mobile Office Furniture - Sistemi d\u2019arredo per uffici direzionali e operativi\",\"potentialAction\":[{\"@type\":\"SearchAction\",\"target\":{\"@type\":\"EntryPoint\",\"urlTemplate\":\"https:\/\/www.mobilofficefurniture.it\/fr\/?s={search_term_string}\"},\"query-input\":{\"@type\":\"PropertyValueSpecification\",\"valueRequired\":true,\"valueName\":\"search_term_string\"}}],\"inLanguage\":\"fr-FR\"},{\"@type\":\"Organization\",\"@id\":\"https:\/\/www.mobilofficefurniture.it\/fr\/#organization\",\"name\":\"Mobile Office Furniture\",\"url\":\"https:\/\/www.mobilofficefurniture.it\/fr\/\",\"logo\":{\"@type\":\"ImageObject\",\"inLanguage\":\"fr-FR\",\"@id\":\"https:\/\/www.mobilofficefurniture.it\/fr\/#\/schema\/logo\/image\/\",\"url\":\"https:\/\/www.mobilofficefurniture.it\/wp-content\/uploads\/2024\/01\/mobilofficefurniture-logo.svg\",\"contentUrl\":\"https:\/\/www.mobilofficefurniture.it\/wp-content\/uploads\/2024\/01\/mobilofficefurniture-logo.svg\",\"width\":300,\"height\":32,\"caption\":\"Mobile Office Furniture\"},\"image\":{\"@id\":\"https:\/\/www.mobilofficefurniture.it\/fr\/#\/schema\/logo\/image\/\"}}]}<\/script>","yoast_head_json":{"title":"Mobil Office Furniture - Privacy Policy","description":"Cette politique de confidentialit\u00e9 d\u00e9finit les modalit\u00e9s de traitement des donn\u00e9es personnelles et de navigation sur le site Mobil Office Furniture.","robots":{"index":"index","follow":"follow","max-snippet":"max-snippet:-1","max-image-preview":"max-image-preview:large","max-video-preview":"max-video-preview:-1"},"canonical":"https:\/\/www.mobilofficefurniture.it\/fr\/privacy-policy\/","og_locale":"fr_FR","og_type":"article","og_title":"Mobil Office Furniture - Privacy Policy","og_description":"Cette politique de confidentialit\u00e9 d\u00e9finit les modalit\u00e9s de traitement des donn\u00e9es personnelles et de navigation sur le site Mobil Office Furniture.","og_url":"https:\/\/www.mobilofficefurniture.it\/fr\/privacy-policy\/","og_site_name":"Mobil Office Furniture","article_modified_time":"2024-09-13T14:01:20+00:00","og_image":[{"width":1200,"height":675,"url":"https:\/\/www.mobilofficefurniture.it\/wp-content\/uploads\/2024\/01\/Sistemi-arredo-per-uffici-direzionali-e-operativi-default.jpg","type":"image\/jpeg"}],"twitter_card":"summary_large_image","twitter_misc":{"Dur\u00e9e de lecture estim\u00e9e":"8 minutes"},"schema":{"@context":"https:\/\/schema.org","@graph":[{"@type":"WebPage","@id":"https:\/\/www.mobilofficefurniture.it\/fr\/privacy-policy\/","url":"https:\/\/www.mobilofficefurniture.it\/fr\/privacy-policy\/","name":"Mobil Office Furniture - Privacy Policy","isPartOf":{"@id":"https:\/\/www.mobilofficefurniture.it\/fr\/#website"},"datePublished":"2024-01-08T14:17:56+00:00","dateModified":"2024-09-13T14:01:20+00:00","description":"Cette politique de confidentialit\u00e9 d\u00e9finit les modalit\u00e9s de traitement des donn\u00e9es personnelles et de navigation sur le site Mobil Office Furniture.","breadcrumb":{"@id":"https:\/\/www.mobilofficefurniture.it\/fr\/privacy-policy\/#breadcrumb"},"inLanguage":"fr-FR","potentialAction":[{"@type":"ReadAction","target":["https:\/\/www.mobilofficefurniture.it\/fr\/privacy-policy\/"]}]},{"@type":"BreadcrumbList","@id":"https:\/\/www.mobilofficefurniture.it\/fr\/privacy-policy\/#breadcrumb","itemListElement":[{"@type":"ListItem","position":1,"name":"Home","item":"https:\/\/www.mobilofficefurniture.it\/fr\/"},{"@type":"ListItem","position":2,"name":"Privacy Policy"}]},{"@type":"WebSite","@id":"https:\/\/www.mobilofficefurniture.it\/fr\/#website","url":"https:\/\/www.mobilofficefurniture.it\/fr\/","name":"Mobile Office Furniture","description":"Sistemi d\u2019arredo per uffici direzionali e operativi","publisher":{"@id":"https:\/\/www.mobilofficefurniture.it\/fr\/#organization"},"alternateName":"Mobile Office Furniture - Sistemi d\u2019arredo per uffici direzionali e operativi","potentialAction":[{"@type":"SearchAction","target":{"@type":"EntryPoint","urlTemplate":"https:\/\/www.mobilofficefurniture.it\/fr\/?s={search_term_string}"},"query-input":{"@type":"PropertyValueSpecification","valueRequired":true,"valueName":"search_term_string"}}],"inLanguage":"fr-FR"},{"@type":"Organization","@id":"https:\/\/www.mobilofficefurniture.it\/fr\/#organization","name":"Mobile Office Furniture","url":"https:\/\/www.mobilofficefurniture.it\/fr\/","logo":{"@type":"ImageObject","inLanguage":"fr-FR","@id":"https:\/\/www.mobilofficefurniture.it\/fr\/#\/schema\/logo\/image\/","url":"https:\/\/www.mobilofficefurniture.it\/wp-content\/uploads\/2024\/01\/mobilofficefurniture-logo.svg","contentUrl":"https:\/\/www.mobilofficefurniture.it\/wp-content\/uploads\/2024\/01\/mobilofficefurniture-logo.svg","width":300,"height":32,"caption":"Mobile Office Furniture"},"image":{"@id":"https:\/\/www.mobilofficefurniture.it\/fr\/#\/schema\/logo\/image\/"}}]}},"_links":{"self":[{"href":"https:\/\/www.mobilofficefurniture.it\/fr\/wp-json\/wp\/v2\/pages\/1325","targetHints":{"allow":["GET"]}}],"collection":[{"href":"https:\/\/www.mobilofficefurniture.it\/fr\/wp-json\/wp\/v2\/pages"}],"about":[{"href":"https:\/\/www.mobilofficefurniture.it\/fr\/wp-json\/wp\/v2\/types\/page"}],"author":[{"embeddable":true,"href":"https:\/\/www.mobilofficefurniture.it\/fr\/wp-json\/wp\/v2\/users\/2"}],"replies":[{"embeddable":true,"href":"https:\/\/www.mobilofficefurniture.it\/fr\/wp-json\/wp\/v2\/comments?post=1325"}],"version-history":[{"count":4,"href":"https:\/\/www.mobilofficefurniture.it\/fr\/wp-json\/wp\/v2\/pages\/1325\/revisions"}],"predecessor-version":[{"id":1338,"href":"https:\/\/www.mobilofficefurniture.it\/fr\/wp-json\/wp\/v2\/pages\/1325\/revisions\/1338"}],"wp:attachment":[{"href":"https:\/\/www.mobilofficefurniture.it\/fr\/wp-json\/wp\/v2\/media?parent=1325"}],"curies":[{"name":"wp","href":"https:\/\/api.w.org\/{rel}","templated":true}]}}